{"id":1056,"date":"2024-09-19T19:23:45","date_gmt":"2024-09-19T18:23:45","guid":{"rendered":"http:\/\/sud.svmep.ch\/?page_id=1056"},"modified":"2025-05-15T19:07:07","modified_gmt":"2025-05-15T18:07:07","slug":"vos-droits","status":"publish","type":"page","link":"https:\/\/sud.svmep.ch\/svmep\/vos-droits\/","title":{"rendered":"Vos droits"},"content":{"rendered":"\n<div class=\"wp-block-media-text has-media-on-the-right is-stacked-on-mobile has-medium-font-size\" style=\"font-style:normal;font-weight:700;grid-template-columns:auto 15%\"><div class=\"wp-block-media-text__content\">\n<p style=\"font-style:normal;font-weight:400\">Vous trouverez ici une s\u00e9lection de directives produites par l&#8217;employeur public pour l&rsquo;application des dispositions l\u00e9gales et r\u00e9glementaires qui concernent le <a href=\"https:\/\/www.vd.ch\/etat-droit-finances\/etat-employeur\/new-espace-du-personnel\" target=\"_blank\" rel=\"noreferrer noopener\">personnel de l&rsquo;\u00c9tat de Vaud<\/a> et, en particulier, le corps enseignant des \u00e9coles professionnelles.<\/p>\n<\/div><figure  class=\"wp-block-media-text__media\"><img loading=\"lazy\" decoding=\"async\" width=\"600\" height=\"600\" alt=\"\" src=\"https:\/\/sud.svmep.ch\/svmep\/wp-content\/uploads\/2024\/10\/droit.webp\" class=\"wp-image-1337 size-full\" srcset=\"https:\/\/sud.svmep.ch\/svmep\/wp-content\/uploads\/2024\/10\/droit.webp 600w, https:\/\/sud.svmep.ch\/svmep\/wp-content\/uploads\/2024\/10\/droit-300x300.webp 300w, https:\/\/sud.svmep.ch\/svmep\/wp-content\/uploads\/2024\/10\/droit-150x150.webp 150w\" sizes=\"auto, (max-width: 600px) 100vw, 600px\" \/><\/figure><\/div>\n\n\n\n<h4>Directives d\u2019application de la Loi sur le personnel de l\u2019\u00c9tat de Vaud (LPers)<\/h4>\n<p><a href=\"https:\/\/sud.svmep.ch\/svmep\/wp-content\/uploads\/19_CDD.pdf\" target=\"_blank\" rel=\"noopener\">19 Engagement de collaborateurs sous contrat de dure\u0301e de\u0301termine\u0301e (CDD)<\/a><br \/><a href=\"http:\/\/sud.svmep.ch\/svmep\/wp-content\/uploads\/2024\/09\/28.1_indemnites_depenses_service.pdf\" target=\"_blank\" rel=\"noopener\">28.1 Indemnite\u0301s pour de\u0301penses de service<\/a><br \/><a href=\"http:\/\/sud.svmep.ch\/svmep\/wp-content\/uploads\/2024\/09\/28.7_Utilisation_vehicules_a_moteur_prives.pdf\" target=\"_blank\" rel=\"noopener\">28.7 Utilisation d\u2019un ve\u0301hicule a\u0300 moteur prive\u0301 pour les de\u0301placements de service<\/a><br \/><a href=\"http:\/\/sud.svmep.ch\/svmep\/wp-content\/uploads\/2024\/09\/28.10_gratifications.pdf\" target=\"_blank\" rel=\"noopener\">28.10 Gratification d\u2019anciennete\u0301 de service<\/a><br \/><a href=\"http:\/\/sud.svmep.ch\/svmep\/wp-content\/uploads\/2024\/09\/28.15_Remboursement_depenses_service.pdf\" target=\"_blank\" rel=\"noopener\">28.15 Remboursement des d\u00e9penses de service<\/a><br \/><a href=\"https:\/\/sud.svmep.ch\/svmep\/wp-content\/uploads\/35.09_Conge_pour_proche_aidant.pdf\" target=\"_blank\" rel=\"noopener\">35.09 Cong\u00e9 pour proche aidant<\/a><br \/><a href=\"http:\/\/sud.svmep.ch\/svmep\/wp-content\/uploads\/2024\/09\/48.1_comptablisation_des_absences.pdf\" target=\"_blank\" rel=\"noopener\">48.1 Comptabilisation des absences<\/a><br \/><a href=\"http:\/\/sud.svmep.ch\/svmep\/wp-content\/uploads\/2024\/09\/48.7_visites_medicales.pdf\" target=\"_blank\" rel=\"noopener\">48.7 Visites m\u00e9dicales<\/a><br \/><a href=\"http:\/\/sud.svmep.ch\/svmep\/wp-content\/uploads\/2024\/09\/51.1_activites_accessoires.pdf\" target=\"_blank\" rel=\"noopener\">51.1 Activit\u00e9s accessoires<\/a><\/p>\n<h4>Directives du D\u00e9partement de l\u2019enseignement et de la formation professionnelle (DEF)<\/h4>\n<p><a href=\"http:\/\/sud.svmep.ch\/svmep\/wp-content\/uploads\/2024\/09\/116_cliquet.pdf\" target=\"_blank\" rel=\"noopener\">116 \u201cCliquet\u201d<\/a><br \/><a href=\"https:\/\/sud.svmep.ch\/svmep\/wp-content\/uploads\/120_contrats_maitres_auxiliaires.pdf\" target=\"_blank\" rel=\"noopener\">120 Ma\u00eetres non-porteurs des titres d&rsquo;enseignement requis<\/a><br \/><a href=\"http:\/\/sud.svmep.ch\/svmep\/wp-content\/uploads\/2024\/09\/191_entree_profession.pdf\" target=\"_blank\" rel=\"noopener\">191 Entr\u00e9e dans la profession<\/a><\/p>\n<h4>Dispositions d\u2019application de la Direction g\u00e9n\u00e9rale de l&rsquo;enseignement postobligatoire (DGEP)<\/h4>\n<p><a href=\"https:\/\/sud.svmep.ch\/svmep\/wp-content\/uploads\/DA_157.1_Formation_pedagogique.pdf\" target=\"_blank\" rel=\"noopener\">157.1 Formation p\u00e9dagogique de base<\/a><br \/><a href=\"https:\/\/sud.svmep.ch\/svmep\/wp-content\/uploads\/DA_157.2_Decharge_formation_pedagogique.pdf\" target=\"_blank\" rel=\"noopener\">157.2 D\u00e9charge pour formation p\u00e9dagogique<\/a><br \/><a href=\"http:\/\/sud.svmep.ch\/svmep\/wp-content\/uploads\/2024\/09\/DA_167.1_fiches_repartition.pdf\" target=\"_blank\" rel=\"noopener\">167.1 Fiches de r\u00e9partition<\/a><br \/><a href=\"http:\/\/sud.svmep.ch\/svmep\/wp-content\/uploads\/2024\/09\/DA_167.2_gel-degel.pdf\" target=\"_blank\" rel=\"noopener\">167.2 Principe de gel et d\u00e9gel<\/a><br \/><a href=\"http:\/\/sud.svmep.ch\/svmep\/wp-content\/uploads\/2024\/09\/DA_172.1_PSO.pdf\" target=\"_blank\" rel=\"noopener\">172.1 P\u00e9riodes suppl\u00e9mentaires occasionnelles (PSO)<\/a><br \/><a href=\"http:\/\/sud.svmep.ch\/svmep\/wp-content\/uploads\/2024\/09\/DA_175.1_manuels.pdf\" target=\"_blank\" rel=\"noopener\">175.1 \u00c9laboration de manuels d\u2019enseignement<\/a><\/p>\n<p><a href=\"https:\/\/sud.svmep.ch\/svmep\/wp-content\/uploads\/2024\/10\/2014-08-21_abrogation_Decape_DGEP.pdf\" target=\"_blank\" rel=\"noopener\">URH-DGEP Gestion du temps de travail des ma\u00eetres.ses de l&rsquo;enseignement professionnel (abrogation du DECAPE)<\/a><br \/><a href=\"https:\/\/sud.svmep.ch\/svmep\/wp-content\/uploads\/2024\/10\/2018-05-04_Apres-Decape_DGEP.pdf\" target=\"_blank\" rel=\"noopener\">URH-DGEP Rappel des principes d&rsquo;apr\u00e8s-DECAPE<\/a> (lire \u00e9galement <a href=\"https:\/\/sud.svmep.ch\/svmep\/chere-direction-decompte-nest\/\">nos explications d\u00e9taill\u00e9es<\/a>)<br \/><a href=\"http:\/\/sud.svmep.ch\/svmep\/wp-content\/uploads\/2024\/09\/conge_enfant_malade.pdf\" target=\"_blank\" rel=\"noopener\">URH-DGEP Cong\u00e9 pour enfant malade<\/a><\/p>\n","protected":false},"excerpt":{"rendered":"<p>Vous trouverez ici une s\u00e9lection de directives produites par l&#8217;employeur public pour l&rsquo;application des dispositions l\u00e9gales et r\u00e9glementaires qui concernent le personnel de l&rsquo;\u00c9tat de Vaud et, en particulier, le [&hellip;]<\/p>\n","protected":false},"author":4,"featured_media":1337,"parent":0,"menu_order":0,"comment_status":"closed","ping_status":"closed","template":"","meta":{"footnotes":""},"class_list":["post-1056","page","type-page","status-publish","has-post-thumbnail","hentry"],"yoast_head":"<!-- This site is optimized with the Yoast SEO plugin v27.4 - https:\/\/yoast.com\/product\/yoast-seo-wordpress\/ -->\n<title>Vos droits - svmep.ch<\/title>\n<meta name=\"description\" content=\"S\u00e9lection de directives LPers, DEF et DGEP utiles aux enseignant.e.s des \u00e9coles professionnelles vaudoises.\" \/>\n<meta name=\"robots\" content=\"index, follow, max-snippet:-1, max-image-preview:large, max-video-preview:-1\" \/>\n<link rel=\"canonical\" href=\"https:\/\/sud.svmep.ch\/svmep\/vos-droits\/\" \/>\n<meta property=\"og:locale\" content=\"fr_FR\" \/>\n<meta property=\"og:type\" content=\"article\" \/>\n<meta property=\"og:title\" content=\"Vos droits - svmep.ch\" \/>\n<meta property=\"og:description\" content=\"S\u00e9lection de directives LPers, DEF et DGEP utiles aux enseignant.e.s des \u00e9coles professionnelles vaudoises.\" \/>\n<meta property=\"og:url\" content=\"https:\/\/sud.svmep.ch\/svmep\/vos-droits\/\" \/>\n<meta property=\"og:site_name\" content=\"svmep.ch\" \/>\n<meta property=\"article:modified_time\" content=\"2025-05-15T18:07:07+00:00\" \/>\n<meta property=\"og:image\" content=\"https:\/\/sud.svmep.ch\/svmep\/wp-content\/uploads\/2024\/10\/droit.webp\" \/>\n\t<meta property=\"og:image:width\" content=\"600\" \/>\n\t<meta property=\"og:image:height\" content=\"600\" \/>\n\t<meta property=\"og:image:type\" content=\"image\/webp\" \/>\n<meta name=\"twitter:card\" content=\"summary_large_image\" \/>\n<script type=\"application\/ld+json\" class=\"yoast-schema-graph\">{\"@context\":\"https:\\\/\\\/schema.org\",\"@graph\":[{\"@type\":\"WebPage\",\"@id\":\"https:\\\/\\\/sud.svmep.ch\\\/svmep\\\/vos-droits\\\/\",\"url\":\"https:\\\/\\\/sud.svmep.ch\\\/svmep\\\/vos-droits\\\/\",\"name\":\"Vos droits - svmep.ch\",\"isPartOf\":{\"@id\":\"https:\\\/\\\/sud.svmep.ch\\\/svmep\\\/#website\"},\"primaryImageOfPage\":{\"@id\":\"https:\\\/\\\/sud.svmep.ch\\\/svmep\\\/vos-droits\\\/#primaryimage\"},\"image\":{\"@id\":\"https:\\\/\\\/sud.svmep.ch\\\/svmep\\\/vos-droits\\\/#primaryimage\"},\"thumbnailUrl\":\"https:\\\/\\\/sud.svmep.ch\\\/svmep\\\/wp-content\\\/uploads\\\/2024\\\/10\\\/droit.webp\",\"datePublished\":\"2024-09-19T18:23:45+00:00\",\"dateModified\":\"2025-05-15T18:07:07+00:00\",\"description\":\"S\u00e9lection de directives LPers, DEF et DGEP utiles aux enseignant.e.s des \u00e9coles professionnelles vaudoises.\",\"breadcrumb\":{\"@id\":\"https:\\\/\\\/sud.svmep.ch\\\/svmep\\\/vos-droits\\\/#breadcrumb\"},\"inLanguage\":\"fr-FR\",\"potentialAction\":[{\"@type\":\"ReadAction\",\"target\":[\"https:\\\/\\\/sud.svmep.ch\\\/svmep\\\/vos-droits\\\/\"]}]},{\"@type\":\"ImageObject\",\"inLanguage\":\"fr-FR\",\"@id\":\"https:\\\/\\\/sud.svmep.ch\\\/svmep\\\/vos-droits\\\/#primaryimage\",\"url\":\"https:\\\/\\\/sud.svmep.ch\\\/svmep\\\/wp-content\\\/uploads\\\/2024\\\/10\\\/droit.webp\",\"contentUrl\":\"https:\\\/\\\/sud.svmep.ch\\\/svmep\\\/wp-content\\\/uploads\\\/2024\\\/10\\\/droit.webp\",\"width\":600,\"height\":600},{\"@type\":\"BreadcrumbList\",\"@id\":\"https:\\\/\\\/sud.svmep.ch\\\/svmep\\\/vos-droits\\\/#breadcrumb\",\"itemListElement\":[{\"@type\":\"ListItem\",\"position\":1,\"name\":\"Accueil\",\"item\":\"https:\\\/\\\/sud.svmep.ch\\\/svmep\\\/\"},{\"@type\":\"ListItem\",\"position\":2,\"name\":\"Vos droits\"}]},{\"@type\":\"WebSite\",\"@id\":\"https:\\\/\\\/sud.svmep.ch\\\/svmep\\\/#website\",\"url\":\"https:\\\/\\\/sud.svmep.ch\\\/svmep\\\/\",\"name\":\"Syndicat vaudois des ma\u00eetres.ses de l'enseignement professionnel\",\"description\":\"\",\"publisher\":{\"@id\":\"https:\\\/\\\/sud.svmep.ch\\\/svmep\\\/#organization\"},\"alternateName\":\"SVMEP\",\"potentialAction\":[{\"@type\":\"SearchAction\",\"target\":{\"@type\":\"EntryPoint\",\"urlTemplate\":\"https:\\\/\\\/sud.svmep.ch\\\/svmep\\\/?s={search_term_string}\"},\"query-input\":{\"@type\":\"PropertyValueSpecification\",\"valueRequired\":true,\"valueName\":\"search_term_string\"}}],\"inLanguage\":\"fr-FR\"},{\"@type\":\"Organization\",\"@id\":\"https:\\\/\\\/sud.svmep.ch\\\/svmep\\\/#organization\",\"name\":\"Syndicat vaudois des ma\u00eetres.ses de l'enseignement professionnel SVMEP\",\"alternateName\":\"SVMEP\",\"url\":\"https:\\\/\\\/sud.svmep.ch\\\/svmep\\\/\",\"logo\":{\"@type\":\"ImageObject\",\"inLanguage\":\"fr-FR\",\"@id\":\"https:\\\/\\\/sud.svmep.ch\\\/svmep\\\/#\\\/schema\\\/logo\\\/image\\\/\",\"url\":\"https:\\\/\\\/sud.svmep.ch\\\/svmep\\\/wp-content\\\/uploads\\\/2024\\\/09\\\/svmep150x260.jpg\",\"contentUrl\":\"https:\\\/\\\/sud.svmep.ch\\\/svmep\\\/wp-content\\\/uploads\\\/2024\\\/09\\\/svmep150x260.jpg\",\"width\":226,\"height\":127,\"caption\":\"Syndicat vaudois des ma\u00eetres.ses de l'enseignement professionnel SVMEP\"},\"image\":{\"@id\":\"https:\\\/\\\/sud.svmep.ch\\\/svmep\\\/#\\\/schema\\\/logo\\\/image\\\/\"}}]}<\/script>\n<!-- \/ Yoast SEO plugin. -->","yoast_head_json":{"title":"Vos droits - svmep.ch","description":"S\u00e9lection de directives LPers, DEF et DGEP utiles aux enseignant.e.s des \u00e9coles professionnelles vaudoises.","robots":{"index":"index","follow":"follow","max-snippet":"max-snippet:-1","max-image-preview":"max-image-preview:large","max-video-preview":"max-video-preview:-1"},"canonical":"https:\/\/sud.svmep.ch\/svmep\/vos-droits\/","og_locale":"fr_FR","og_type":"article","og_title":"Vos droits - svmep.ch","og_description":"S\u00e9lection de directives LPers, DEF et DGEP utiles aux enseignant.e.s des \u00e9coles professionnelles vaudoises.","og_url":"https:\/\/sud.svmep.ch\/svmep\/vos-droits\/","og_site_name":"svmep.ch","article_modified_time":"2025-05-15T18:07:07+00:00","og_image":[{"width":600,"height":600,"url":"https:\/\/sud.svmep.ch\/svmep\/wp-content\/uploads\/2024\/10\/droit.webp","type":"image\/webp"}],"twitter_card":"summary_large_image","schema":{"@context":"https:\/\/schema.org","@graph":[{"@type":"WebPage","@id":"https:\/\/sud.svmep.ch\/svmep\/vos-droits\/","url":"https:\/\/sud.svmep.ch\/svmep\/vos-droits\/","name":"Vos droits - svmep.ch","isPartOf":{"@id":"https:\/\/sud.svmep.ch\/svmep\/#website"},"primaryImageOfPage":{"@id":"https:\/\/sud.svmep.ch\/svmep\/vos-droits\/#primaryimage"},"image":{"@id":"https:\/\/sud.svmep.ch\/svmep\/vos-droits\/#primaryimage"},"thumbnailUrl":"https:\/\/sud.svmep.ch\/svmep\/wp-content\/uploads\/2024\/10\/droit.webp","datePublished":"2024-09-19T18:23:45+00:00","dateModified":"2025-05-15T18:07:07+00:00","description":"S\u00e9lection de directives LPers, DEF et DGEP utiles aux enseignant.e.s des \u00e9coles professionnelles vaudoises.","breadcrumb":{"@id":"https:\/\/sud.svmep.ch\/svmep\/vos-droits\/#breadcrumb"},"inLanguage":"fr-FR","potentialAction":[{"@type":"ReadAction","target":["https:\/\/sud.svmep.ch\/svmep\/vos-droits\/"]}]},{"@type":"ImageObject","inLanguage":"fr-FR","@id":"https:\/\/sud.svmep.ch\/svmep\/vos-droits\/#primaryimage","url":"https:\/\/sud.svmep.ch\/svmep\/wp-content\/uploads\/2024\/10\/droit.webp","contentUrl":"https:\/\/sud.svmep.ch\/svmep\/wp-content\/uploads\/2024\/10\/droit.webp","width":600,"height":600},{"@type":"BreadcrumbList","@id":"https:\/\/sud.svmep.ch\/svmep\/vos-droits\/#breadcrumb","itemListElement":[{"@type":"ListItem","position":1,"name":"Accueil","item":"https:\/\/sud.svmep.ch\/svmep\/"},{"@type":"ListItem","position":2,"name":"Vos droits"}]},{"@type":"WebSite","@id":"https:\/\/sud.svmep.ch\/svmep\/#website","url":"https:\/\/sud.svmep.ch\/svmep\/","name":"Syndicat vaudois des ma\u00eetres.ses de l'enseignement professionnel","description":"","publisher":{"@id":"https:\/\/sud.svmep.ch\/svmep\/#organization"},"alternateName":"SVMEP","potentialAction":[{"@type":"SearchAction","target":{"@type":"EntryPoint","urlTemplate":"https:\/\/sud.svmep.ch\/svmep\/?s={search_term_string}"},"query-input":{"@type":"PropertyValueSpecification","valueRequired":true,"valueName":"search_term_string"}}],"inLanguage":"fr-FR"},{"@type":"Organization","@id":"https:\/\/sud.svmep.ch\/svmep\/#organization","name":"Syndicat vaudois des ma\u00eetres.ses de l'enseignement professionnel SVMEP","alternateName":"SVMEP","url":"https:\/\/sud.svmep.ch\/svmep\/","logo":{"@type":"ImageObject","inLanguage":"fr-FR","@id":"https:\/\/sud.svmep.ch\/svmep\/#\/schema\/logo\/image\/","url":"https:\/\/sud.svmep.ch\/svmep\/wp-content\/uploads\/2024\/09\/svmep150x260.jpg","contentUrl":"https:\/\/sud.svmep.ch\/svmep\/wp-content\/uploads\/2024\/09\/svmep150x260.jpg","width":226,"height":127,"caption":"Syndicat vaudois des ma\u00eetres.ses de l'enseignement professionnel SVMEP"},"image":{"@id":"https:\/\/sud.svmep.ch\/svmep\/#\/schema\/logo\/image\/"}}]}},"_links":{"self":[{"href":"https:\/\/sud.svmep.ch\/svmep\/wp-json\/wp\/v2\/pages\/1056","targetHints":{"allow":["GET"]}}],"collection":[{"href":"https:\/\/sud.svmep.ch\/svmep\/wp-json\/wp\/v2\/pages"}],"about":[{"href":"https:\/\/sud.svmep.ch\/svmep\/wp-json\/wp\/v2\/types\/page"}],"author":[{"embeddable":true,"href":"https:\/\/sud.svmep.ch\/svmep\/wp-json\/wp\/v2\/users\/4"}],"replies":[{"embeddable":true,"href":"https:\/\/sud.svmep.ch\/svmep\/wp-json\/wp\/v2\/comments?post=1056"}],"version-history":[{"count":1,"href":"https:\/\/sud.svmep.ch\/svmep\/wp-json\/wp\/v2\/pages\/1056\/revisions"}],"predecessor-version":[{"id":2535,"href":"https:\/\/sud.svmep.ch\/svmep\/wp-json\/wp\/v2\/pages\/1056\/revisions\/2535"}],"wp:featuredmedia":[{"embeddable":true,"href":"https:\/\/sud.svmep.ch\/svmep\/wp-json\/wp\/v2\/media\/1337"}],"wp:attachment":[{"href":"https:\/\/sud.svmep.ch\/svmep\/wp-json\/wp\/v2\/media?parent=1056"}],"curies":[{"name":"wp","href":"https:\/\/api.w.org\/{rel}","templated":true}]}}