{"id":1345,"date":"2024-10-14T13:15:14","date_gmt":"2024-10-14T12:15:14","guid":{"rendered":"https:\/\/sud.svmep.ch\/svmep\/?page_id=1345"},"modified":"2025-04-26T11:55:43","modified_gmt":"2025-04-26T10:55:43","slug":"bienvenue-le-site-web-du-svmep-sud","status":"publish","type":"page","link":"https:\/\/sud.svmep.ch\/svmep\/","title":{"rendered":"Bienvenue sur le site web du SVMEP"},"content":{"rendered":"\n<div class=\"wp-block-cover is-light\" style=\"min-height:460px;aspect-ratio:unset;\"><span aria-hidden=\"true\" class=\"wp-block-cover__background has-background-dim-60 has-background-dim\" style=\"background-color:#8d8d8d\"><\/span><img loading=\"lazy\" decoding=\"async\" width=\"1200\" height=\"800\" class=\"wp-block-cover__image-background wp-image-1335\" alt=\"\" src=\"https:\/\/sud.svmep.ch\/svmep\/wp-content\/uploads\/2024\/10\/barre-copie.jpg\" style=\"object-position:50% 18%\" data-object-fit=\"cover\" data-object-position=\"50% 18%\" srcset=\"https:\/\/sud.svmep.ch\/svmep\/wp-content\/uploads\/2024\/10\/barre-copie.jpg 1200w, https:\/\/sud.svmep.ch\/svmep\/wp-content\/uploads\/2024\/10\/barre-copie-300x200.jpg 300w, https:\/\/sud.svmep.ch\/svmep\/wp-content\/uploads\/2024\/10\/barre-copie-1024x683.jpg 1024w, https:\/\/sud.svmep.ch\/svmep\/wp-content\/uploads\/2024\/10\/barre-copie-768x512.jpg 768w\" sizes=\"auto, (max-width: 1200px) 100vw, 1200px\" \/><div class=\"wp-block-cover__inner-container is-layout-constrained wp-block-cover-is-layout-constrained\">\n<p class=\"has-text-align-center has-white-color has-text-color has-link-color has-x-large-font-size wp-elements-ea66e218cc84b67ca475ef65030b736d\">Syndicat vaudois des ma\u00eetres.ses de l&rsquo;enseignement professionnel<\/p>\n<\/div><\/div>\n\n\n\n<div style=\"height:22px\" aria-hidden=\"true\" class=\"wp-block-spacer\"><\/div>\n\n\n\n<h3 class=\"wp-block-heading\">Nos derni\u00e8res publications<\/h3>\n\n\n<ul style=\"font-size:16px;font-style:normal;font-weight:300;\" class=\"wp-block-latest-posts__list is-grid columns-4 has-dates wp-block-latest-posts\"><li><a class=\"wp-block-latest-posts__post-title\" href=\"https:\/\/sud.svmep.ch\/svmep\/nouvelle-presidence-au-svmep\/\">Nouvelle pr\u00e9sidence au SVMEP<\/a><time datetime=\"2026-04-02T16:28:18+02:00\" class=\"wp-block-latest-posts__post-date\">2 avril 2026<\/time><\/li>\n<li><a class=\"wp-block-latest-posts__post-title\" href=\"https:\/\/sud.svmep.ch\/svmep\/classification-salariale-des-metiers-de-lenseignement-vaudois\/\">Classification salariale des m\u00e9tiers de l\u2019enseignement vaudois<\/a><time datetime=\"2026-02-05T14:12:39+01:00\" class=\"wp-block-latest-posts__post-date\">5 f\u00e9vrier 2026<\/time><\/li>\n<li><a class=\"wp-block-latest-posts__post-title\" href=\"https:\/\/sud.svmep.ch\/svmep\/petition-des-enseignant-e-s-de-culture-generale-cfc\/\">P\u00e9tition des enseignant.e.s de culture g\u00e9n\u00e9rale vaudois.es<\/a><time datetime=\"2025-12-09T17:29:00+01:00\" class=\"wp-block-latest-posts__post-date\">9 d\u00e9cembre 2025<\/time><\/li>\n<li><a class=\"wp-block-latest-posts__post-title\" href=\"https:\/\/sud.svmep.ch\/svmep\/suppression-des-decharges-de-fin-de-carriere-un-tour-de-passe-passe-qui-ne-berne-personne\/\">Suppression des d\u00e9charges de fin de carri\u00e8re : un tour de passe-passe qui ne berne personne<\/a><time datetime=\"2025-09-30T15:19:23+02:00\" class=\"wp-block-latest-posts__post-date\">30 septembre 2025<\/time><\/li>\n<li><a class=\"wp-block-latest-posts__post-title\" href=\"https:\/\/sud.svmep.ch\/svmep\/sortie-de-lecole-de-commerce-des-gymnases-vaudois\/\">Sortie de l\u2019\u00c9cole de commerce des gymnases vaudois<\/a><time datetime=\"2025-06-16T19:52:36+02:00\" class=\"wp-block-latest-posts__post-date\">16 juin 2025<\/time><\/li>\n<li><a class=\"wp-block-latest-posts__post-title\" href=\"https:\/\/sud.svmep.ch\/svmep\/authentification-forte-microsoft\/\">Authentification forte Microsoft<\/a><time datetime=\"2025-04-14T07:38:55+02:00\" class=\"wp-block-latest-posts__post-date\">14 avril 2025<\/time><\/li>\n<li><a class=\"wp-block-latest-posts__post-title\" href=\"https:\/\/sud.svmep.ch\/svmep\/situation-a-lepsic-et-faux-fuyants-de-la-dgep\/\">Situation \u00e0 l&rsquo;Epsic et faux-fuyants de la DGEP<\/a><time datetime=\"2025-04-03T11:05:58+02:00\" class=\"wp-block-latest-posts__post-date\">3 avril 2025<\/time><\/li>\n<li><a class=\"wp-block-latest-posts__post-title\" href=\"https:\/\/sud.svmep.ch\/svmep\/pression-illegale-sur-les-enseignant-e-s-en-incapacite-de-travail\/\">Pression ill\u00e9gale sur les enseignant.e.s en incapacit\u00e9 de travail<\/a><time datetime=\"2025-03-20T21:30:00+01:00\" class=\"wp-block-latest-posts__post-date\">20 mars 2025<\/time><\/li>\n<\/ul>\n\n\n<div class=\"wp-block-group is-content-justification-left is-nowrap is-layout-flex wp-container-core-group-is-layout-f56a869c wp-block-group-is-layout-flex\">\n<div class=\"wp-block-cover is-light has-medium-font-size wp-container-content-84caec02\" style=\"min-height:250px;aspect-ratio:unset;\"><span aria-hidden=\"true\" class=\"wp-block-cover__background has-background-dim\" style=\"background-color:#e8e8e8\"><\/span><img loading=\"lazy\" decoding=\"async\" width=\"566\" height=\"566\" class=\"wp-block-cover__image-background wp-image-1353\" alt=\"\" src=\"https:\/\/sud.svmep.ch\/svmep\/wp-content\/uploads\/2024\/10\/news5.png\" data-object-fit=\"cover\" srcset=\"https:\/\/sud.svmep.ch\/svmep\/wp-content\/uploads\/2024\/10\/news5.png 566w, https:\/\/sud.svmep.ch\/svmep\/wp-content\/uploads\/2024\/10\/news5-300x300.png 300w, https:\/\/sud.svmep.ch\/svmep\/wp-content\/uploads\/2024\/10\/news5-150x150.png 150w\" sizes=\"auto, (max-width: 566px) 100vw, 566px\" \/><div class=\"wp-block-cover__inner-container is-layout-constrained wp-block-cover-is-layout-constrained\">\n<p class=\"has-text-align-center\" style=\"font-size:26px\"><a href=\"https:\/\/sud.svmep.ch\/svmep\/accueil\/\">Toutes nos publications<\/a><\/p>\n<\/div><\/div>\n\n\n\n<div class=\"wp-block-cover is-light wp-container-content-84caec02\" style=\"min-height:250px;aspect-ratio:unset;\"><span aria-hidden=\"true\" class=\"wp-block-cover__background has-background-dim-80 has-background-dim\" style=\"background-color:#e2e2e2\"><\/span><img loading=\"lazy\" decoding=\"async\" width=\"600\" height=\"600\" class=\"wp-block-cover__image-background wp-image-1337\" alt=\"\" src=\"https:\/\/sud.svmep.ch\/svmep\/wp-content\/uploads\/2024\/10\/droit.webp\" data-object-fit=\"cover\" srcset=\"https:\/\/sud.svmep.ch\/svmep\/wp-content\/uploads\/2024\/10\/droit.webp 600w, https:\/\/sud.svmep.ch\/svmep\/wp-content\/uploads\/2024\/10\/droit-300x300.webp 300w, https:\/\/sud.svmep.ch\/svmep\/wp-content\/uploads\/2024\/10\/droit-150x150.webp 150w\" sizes=\"auto, (max-width: 600px) 100vw, 600px\" \/><div class=\"wp-block-cover__inner-container is-layout-constrained wp-block-cover-is-layout-constrained\">\n<p class=\"has-text-align-center\" style=\"font-size:26px\"><a href=\"https:\/\/sud.svmep.ch\/svmep\/vos-droits\/\">Vos droits<\/a><\/p>\n<\/div><\/div>\n\n\n\n<div class=\"wp-block-cover is-light wp-container-content-84caec02\" style=\"min-height:250px;aspect-ratio:unset;\"><span aria-hidden=\"true\" class=\"wp-block-cover__background has-background-dim-10 has-background-dim\"><\/span><img loading=\"lazy\" decoding=\"async\" width=\"400\" height=\"398\" class=\"wp-block-cover__image-background wp-image-1359\" alt=\"\" src=\"https:\/\/sud.svmep.ch\/svmep\/wp-content\/uploads\/2024\/10\/Sud-logo-copie.png\" data-object-fit=\"cover\" srcset=\"https:\/\/sud.svmep.ch\/svmep\/wp-content\/uploads\/2024\/10\/Sud-logo-copie.png 400w, https:\/\/sud.svmep.ch\/svmep\/wp-content\/uploads\/2024\/10\/Sud-logo-copie-300x300.png 300w, https:\/\/sud.svmep.ch\/svmep\/wp-content\/uploads\/2024\/10\/Sud-logo-copie-150x150.png 150w\" sizes=\"auto, (max-width: 400px) 100vw, 400px\" \/><div class=\"wp-block-cover__inner-container is-layout-constrained wp-block-cover-is-layout-constrained\">\n<p class=\"has-text-align-center\" style=\"font-size:26px\"><a href=\"https:\/\/sud-vd.ch\/\">F\u00e9d\u00e9ration syndicale SUD<\/a><\/p>\n\n\n\n<ul class=\"wp-block-social-links aligncenter has-normal-icon-size has-icon-background-color is-content-justification-center is-nowrap is-layout-flex wp-container-core-social-links-is-layout-1fb9aab6 wp-block-social-links-is-layout-flex\"><li style=\"background-color: #cf2e2e; \" class=\"wp-social-link wp-social-link-facebook has-vivid-red-background-color wp-block-social-link\"><a rel=\"noopener nofollow\" target=\"_blank\" href=\"https:\/\/www.facebook.com\/sudresiste\/\" class=\"wp-block-social-link-anchor\"><svg width=\"24\" height=\"24\" viewBox=\"0 0 24 24\" version=\"1.1\" xmlns=\"http:\/\/www.w3.org\/2000\/svg\" aria-hidden=\"true\" focusable=\"false\"><path d=\"M12 2C6.5 2 2 6.5 2 12c0 5 3.7 9.1 8.4 9.9v-7H7.9V12h2.5V9.8c0-2.5 1.5-3.9 3.8-3.9 1.1 0 2.2.2 2.2.2v2.5h-1.3c-1.2 0-1.6.8-1.6 1.6V12h2.8l-.4 2.9h-2.3v7C18.3 21.1 22 17 22 12c0-5.5-4.5-10-10-10z\"><\/path><\/svg><span class=\"wp-block-social-link-label screen-reader-text\">Facebook<\/span><\/a><\/li>\n\n<li style=\"background-color: #cf2e2e; \" class=\"wp-social-link wp-social-link-instagram has-vivid-red-background-color wp-block-social-link\"><a rel=\"noopener nofollow\" target=\"_blank\" href=\"https:\/\/www.instagram.com\/sud_federation_syndicale\/\" class=\"wp-block-social-link-anchor\"><svg width=\"24\" height=\"24\" viewBox=\"0 0 24 24\" version=\"1.1\" xmlns=\"http:\/\/www.w3.org\/2000\/svg\" aria-hidden=\"true\" focusable=\"false\"><path d=\"M12,4.622c2.403,0,2.688,0.009,3.637,0.052c0.877,0.04,1.354,0.187,1.671,0.31c0.42,0.163,0.72,0.358,1.035,0.673 c0.315,0.315,0.51,0.615,0.673,1.035c0.123,0.317,0.27,0.794,0.31,1.671c0.043,0.949,0.052,1.234,0.052,3.637 s-0.009,2.688-0.052,3.637c-0.04,0.877-0.187,1.354-0.31,1.671c-0.163,0.42-0.358,0.72-0.673,1.035 c-0.315,0.315-0.615,0.51-1.035,0.673c-0.317,0.123-0.794,0.27-1.671,0.31c-0.949,0.043-1.233,0.052-3.637,0.052 s-2.688-0.009-3.637-0.052c-0.877-0.04-1.354-0.187-1.671-0.31c-0.42-0.163-0.72-0.358-1.035-0.673 c-0.315-0.315-0.51-0.615-0.673-1.035c-0.123-0.317-0.27-0.794-0.31-1.671C4.631,14.688,4.622,14.403,4.622,12 s0.009-2.688,0.052-3.637c0.04-0.877,0.187-1.354,0.31-1.671c0.163-0.42,0.358-0.72,0.673-1.035 c0.315-0.315,0.615-0.51,1.035-0.673c0.317-0.123,0.794-0.27,1.671-0.31C9.312,4.631,9.597,4.622,12,4.622 M12,3 C9.556,3,9.249,3.01,8.289,3.054C7.331,3.098,6.677,3.25,6.105,3.472C5.513,3.702,5.011,4.01,4.511,4.511 c-0.5,0.5-0.808,1.002-1.038,1.594C3.25,6.677,3.098,7.331,3.054,8.289C3.01,9.249,3,9.556,3,12c0,2.444,0.01,2.751,0.054,3.711 c0.044,0.958,0.196,1.612,0.418,2.185c0.23,0.592,0.538,1.094,1.038,1.594c0.5,0.5,1.002,0.808,1.594,1.038 c0.572,0.222,1.227,0.375,2.185,0.418C9.249,20.99,9.556,21,12,21s2.751-0.01,3.711-0.054c0.958-0.044,1.612-0.196,2.185-0.418 c0.592-0.23,1.094-0.538,1.594-1.038c0.5-0.5,0.808-1.002,1.038-1.594c0.222-0.572,0.375-1.227,0.418-2.185 C20.99,14.751,21,14.444,21,12s-0.01-2.751-0.054-3.711c-0.044-0.958-0.196-1.612-0.418-2.185c-0.23-0.592-0.538-1.094-1.038-1.594 c-0.5-0.5-1.002-0.808-1.594-1.038c-0.572-0.222-1.227-0.375-2.185-0.418C14.751,3.01,14.444,3,12,3L12,3z M12,7.378 c-2.552,0-4.622,2.069-4.622,4.622S9.448,16.622,12,16.622s4.622-2.069,4.622-4.622S14.552,7.378,12,7.378z M12,15 c-1.657,0-3-1.343-3-3s1.343-3,3-3s3,1.343,3,3S13.657,15,12,15z M16.804,6.116c-0.596,0-1.08,0.484-1.08,1.08 s0.484,1.08,1.08,1.08c0.596,0,1.08-0.484,1.08-1.08S17.401,6.116,16.804,6.116z\"><\/path><\/svg><span class=\"wp-block-social-link-label screen-reader-text\">Instagram<\/span><\/a><\/li>\n\n<li style=\"background-color: #cf2e2e; \" class=\"wp-social-link wp-social-link-telegram has-vivid-red-background-color wp-block-social-link\"><a rel=\"noopener nofollow\" target=\"_blank\" href=\"https:\/\/t.me\/sud_vd\" class=\"wp-block-social-link-anchor\"><svg width=\"24\" height=\"24\" viewBox=\"0 0 128 128\" version=\"1.1\" xmlns=\"http:\/\/www.w3.org\/2000\/svg\" aria-hidden=\"true\" focusable=\"false\"><path d=\"M28.9700376,63.3244248 C47.6273373,55.1957357 60.0684594,49.8368063 66.2934036,47.2476366 C84.0668845,39.855031 87.7600616,38.5708563 90.1672227,38.528 C90.6966555,38.5191258 91.8804274,38.6503351 92.6472251,39.2725385 C93.294694,39.7979149 93.4728387,40.5076237 93.5580865,41.0057381 C93.6433345,41.5038525 93.7494885,42.63857 93.6651041,43.5252052 C92.7019529,53.6451182 88.5344133,78.2034783 86.4142057,89.5379542 C85.5170662,94.3339958 83.750571,95.9420841 82.0403991,96.0994568 C78.3237996,96.4414641 75.5015827,93.6432685 71.9018743,91.2836143 C66.2690414,87.5912212 63.0868492,85.2926952 57.6192095,81.6896017 C51.3004058,77.5256038 55.3966232,75.2369981 58.9976911,71.4967761 C59.9401076,70.5179421 76.3155302,55.6232293 76.6324771,54.2720454 C76.6721165,54.1030573 76.7089039,53.4731496 76.3346867,53.1405352 C75.9604695,52.8079208 75.4081573,52.921662 75.0095933,53.0121213 C74.444641,53.1403447 65.4461175,59.0880351 48.0140228,70.8551922 C45.4598218,72.6091037 43.1463059,73.4636682 41.0734751,73.4188859 C38.7883453,73.3695169 34.3926725,72.1268388 31.1249416,71.0646282 C27.1169366,69.7617838 23.931454,69.0729605 24.208838,66.8603276 C24.3533167,65.7078514 25.9403832,64.5292172 28.9700376,63.3244248 Z\" \/><\/svg><span class=\"wp-block-social-link-label screen-reader-text\">Telegram<\/span><\/a><\/li><\/ul>\n<\/div><\/div>\n<\/div>\n","protected":false},"excerpt":{"rendered":"<p>Syndicat vaudois des ma\u00eetres.ses de l&rsquo;enseignement professionnel Nos derni\u00e8res publications Nouvelle pr\u00e9sidence au SVMEP2 avril 2026 Classification salariale des m\u00e9tiers de l\u2019enseignement vaudois5 f\u00e9vrier 2026 P\u00e9tition des enseignant.e.s de culture [&hellip;]<\/p>\n","protected":false},"author":4,"featured_media":0,"parent":0,"menu_order":0,"comment_status":"closed","ping_status":"closed","template":"","meta":{"footnotes":""},"class_list":["post-1345","page","type-page","status-publish","hentry"],"yoast_head":"<!-- This site is optimized with the Yoast SEO plugin v27.4 - https:\/\/yoast.com\/product\/yoast-seo-wordpress\/ -->\n<title>Bienvenue sur le site web du SVMEP - svmep.ch<\/title>\n<meta name=\"description\" content=\"Le SVMEP est le syndicat vaudois des ma\u00eetres.ses de l&#039;enseignement professionnel. Il est membre de la F\u00e9d\u00e9ration syndicale SUD.\" \/>\n<meta name=\"robots\" content=\"index, follow, max-snippet:-1, max-image-preview:large, max-video-preview:-1\" \/>\n<link rel=\"canonical\" href=\"https:\/\/sud.svmep.ch\/svmep\/\" \/>\n<meta property=\"og:locale\" content=\"fr_FR\" \/>\n<meta property=\"og:type\" content=\"article\" \/>\n<meta property=\"og:title\" content=\"Bienvenue sur le site web du SVMEP - svmep.ch\" \/>\n<meta property=\"og:description\" content=\"Le SVMEP est le syndicat vaudois des ma\u00eetres.ses de l&#039;enseignement professionnel. Il est membre de la F\u00e9d\u00e9ration syndicale SUD.\" \/>\n<meta property=\"og:url\" content=\"https:\/\/sud.svmep.ch\/svmep\/\" \/>\n<meta property=\"og:site_name\" content=\"svmep.ch\" \/>\n<meta property=\"article:modified_time\" content=\"2025-04-26T10:55:43+00:00\" \/>\n<meta property=\"og:image\" content=\"https:\/\/sud.svmep.ch\/svmep\/wp-content\/uploads\/2024\/10\/barre-copie.jpg\" \/>\n\t<meta property=\"og:image:width\" content=\"1200\" \/>\n\t<meta property=\"og:image:height\" content=\"800\" \/>\n\t<meta property=\"og:image:type\" content=\"image\/jpeg\" \/>\n<meta name=\"twitter:card\" content=\"summary_large_image\" \/>\n<script type=\"application\/ld+json\" class=\"yoast-schema-graph\">{\"@context\":\"https:\\\/\\\/schema.org\",\"@graph\":[{\"@type\":\"WebPage\",\"@id\":\"https:\\\/\\\/sud.svmep.ch\\\/svmep\\\/\",\"url\":\"https:\\\/\\\/sud.svmep.ch\\\/svmep\\\/\",\"name\":\"Bienvenue sur le site web du SVMEP - svmep.ch\",\"isPartOf\":{\"@id\":\"https:\\\/\\\/sud.svmep.ch\\\/svmep\\\/#website\"},\"primaryImageOfPage\":{\"@id\":\"https:\\\/\\\/sud.svmep.ch\\\/svmep\\\/#primaryimage\"},\"image\":{\"@id\":\"https:\\\/\\\/sud.svmep.ch\\\/svmep\\\/#primaryimage\"},\"thumbnailUrl\":\"https:\\\/\\\/sud.svmep.ch\\\/svmep\\\/wp-content\\\/uploads\\\/2024\\\/10\\\/barre-copie.jpg\",\"datePublished\":\"2024-10-14T12:15:14+00:00\",\"dateModified\":\"2025-04-26T10:55:43+00:00\",\"description\":\"Le SVMEP est le syndicat vaudois des ma\u00eetres.ses de l'enseignement professionnel. Il est membre de la F\u00e9d\u00e9ration syndicale SUD.\",\"breadcrumb\":{\"@id\":\"https:\\\/\\\/sud.svmep.ch\\\/svmep\\\/#breadcrumb\"},\"inLanguage\":\"fr-FR\",\"potentialAction\":[{\"@type\":\"ReadAction\",\"target\":[\"https:\\\/\\\/sud.svmep.ch\\\/svmep\\\/\"]}]},{\"@type\":\"ImageObject\",\"inLanguage\":\"fr-FR\",\"@id\":\"https:\\\/\\\/sud.svmep.ch\\\/svmep\\\/#primaryimage\",\"url\":\"https:\\\/\\\/sud.svmep.ch\\\/svmep\\\/wp-content\\\/uploads\\\/2024\\\/10\\\/barre-copie.jpg\",\"contentUrl\":\"https:\\\/\\\/sud.svmep.ch\\\/svmep\\\/wp-content\\\/uploads\\\/2024\\\/10\\\/barre-copie.jpg\",\"width\":1200,\"height\":800,\"caption\":\"Manifestation du 11 mars 2020 devant le DFJC, organis\u00e9e par le SVMEP\"},{\"@type\":\"BreadcrumbList\",\"@id\":\"https:\\\/\\\/sud.svmep.ch\\\/svmep\\\/#breadcrumb\",\"itemListElement\":[{\"@type\":\"ListItem\",\"position\":1,\"name\":\"Accueil\",\"item\":\"https:\\\/\\\/sud.svmep.ch\\\/svmep\\\/\"},{\"@type\":\"ListItem\",\"position\":2,\"name\":\"Bienvenue sur le site web du SVMEP\"}]},{\"@type\":\"WebSite\",\"@id\":\"https:\\\/\\\/sud.svmep.ch\\\/svmep\\\/#website\",\"url\":\"https:\\\/\\\/sud.svmep.ch\\\/svmep\\\/\",\"name\":\"Syndicat vaudois des ma\u00eetres.ses de l'enseignement professionnel\",\"description\":\"\",\"publisher\":{\"@id\":\"https:\\\/\\\/sud.svmep.ch\\\/svmep\\\/#organization\"},\"alternateName\":\"SVMEP\",\"potentialAction\":[{\"@type\":\"SearchAction\",\"target\":{\"@type\":\"EntryPoint\",\"urlTemplate\":\"https:\\\/\\\/sud.svmep.ch\\\/svmep\\\/?s={search_term_string}\"},\"query-input\":{\"@type\":\"PropertyValueSpecification\",\"valueRequired\":true,\"valueName\":\"search_term_string\"}}],\"inLanguage\":\"fr-FR\"},{\"@type\":\"Organization\",\"@id\":\"https:\\\/\\\/sud.svmep.ch\\\/svmep\\\/#organization\",\"name\":\"Syndicat vaudois des ma\u00eetres.ses de l'enseignement professionnel SVMEP\",\"alternateName\":\"SVMEP\",\"url\":\"https:\\\/\\\/sud.svmep.ch\\\/svmep\\\/\",\"logo\":{\"@type\":\"ImageObject\",\"inLanguage\":\"fr-FR\",\"@id\":\"https:\\\/\\\/sud.svmep.ch\\\/svmep\\\/#\\\/schema\\\/logo\\\/image\\\/\",\"url\":\"https:\\\/\\\/sud.svmep.ch\\\/svmep\\\/wp-content\\\/uploads\\\/2024\\\/09\\\/svmep150x260.jpg\",\"contentUrl\":\"https:\\\/\\\/sud.svmep.ch\\\/svmep\\\/wp-content\\\/uploads\\\/2024\\\/09\\\/svmep150x260.jpg\",\"width\":226,\"height\":127,\"caption\":\"Syndicat vaudois des ma\u00eetres.ses de l'enseignement professionnel SVMEP\"},\"image\":{\"@id\":\"https:\\\/\\\/sud.svmep.ch\\\/svmep\\\/#\\\/schema\\\/logo\\\/image\\\/\"}}]}<\/script>\n<!-- \/ Yoast SEO plugin. -->","yoast_head_json":{"title":"Bienvenue sur le site web du SVMEP - svmep.ch","description":"Le SVMEP est le syndicat vaudois des ma\u00eetres.ses de l'enseignement professionnel. Il est membre de la F\u00e9d\u00e9ration syndicale SUD.","robots":{"index":"index","follow":"follow","max-snippet":"max-snippet:-1","max-image-preview":"max-image-preview:large","max-video-preview":"max-video-preview:-1"},"canonical":"https:\/\/sud.svmep.ch\/svmep\/","og_locale":"fr_FR","og_type":"article","og_title":"Bienvenue sur le site web du SVMEP - svmep.ch","og_description":"Le SVMEP est le syndicat vaudois des ma\u00eetres.ses de l'enseignement professionnel. Il est membre de la F\u00e9d\u00e9ration syndicale SUD.","og_url":"https:\/\/sud.svmep.ch\/svmep\/","og_site_name":"svmep.ch","article_modified_time":"2025-04-26T10:55:43+00:00","og_image":[{"width":1200,"height":800,"url":"https:\/\/sud.svmep.ch\/svmep\/wp-content\/uploads\/2024\/10\/barre-copie.jpg","type":"image\/jpeg"}],"twitter_card":"summary_large_image","schema":{"@context":"https:\/\/schema.org","@graph":[{"@type":"WebPage","@id":"https:\/\/sud.svmep.ch\/svmep\/","url":"https:\/\/sud.svmep.ch\/svmep\/","name":"Bienvenue sur le site web du SVMEP - svmep.ch","isPartOf":{"@id":"https:\/\/sud.svmep.ch\/svmep\/#website"},"primaryImageOfPage":{"@id":"https:\/\/sud.svmep.ch\/svmep\/#primaryimage"},"image":{"@id":"https:\/\/sud.svmep.ch\/svmep\/#primaryimage"},"thumbnailUrl":"https:\/\/sud.svmep.ch\/svmep\/wp-content\/uploads\/2024\/10\/barre-copie.jpg","datePublished":"2024-10-14T12:15:14+00:00","dateModified":"2025-04-26T10:55:43+00:00","description":"Le SVMEP est le syndicat vaudois des ma\u00eetres.ses de l'enseignement professionnel. Il est membre de la F\u00e9d\u00e9ration syndicale SUD.","breadcrumb":{"@id":"https:\/\/sud.svmep.ch\/svmep\/#breadcrumb"},"inLanguage":"fr-FR","potentialAction":[{"@type":"ReadAction","target":["https:\/\/sud.svmep.ch\/svmep\/"]}]},{"@type":"ImageObject","inLanguage":"fr-FR","@id":"https:\/\/sud.svmep.ch\/svmep\/#primaryimage","url":"https:\/\/sud.svmep.ch\/svmep\/wp-content\/uploads\/2024\/10\/barre-copie.jpg","contentUrl":"https:\/\/sud.svmep.ch\/svmep\/wp-content\/uploads\/2024\/10\/barre-copie.jpg","width":1200,"height":800,"caption":"Manifestation du 11 mars 2020 devant le DFJC, organis\u00e9e par le SVMEP"},{"@type":"BreadcrumbList","@id":"https:\/\/sud.svmep.ch\/svmep\/#breadcrumb","itemListElement":[{"@type":"ListItem","position":1,"name":"Accueil","item":"https:\/\/sud.svmep.ch\/svmep\/"},{"@type":"ListItem","position":2,"name":"Bienvenue sur le site web du SVMEP"}]},{"@type":"WebSite","@id":"https:\/\/sud.svmep.ch\/svmep\/#website","url":"https:\/\/sud.svmep.ch\/svmep\/","name":"Syndicat vaudois des ma\u00eetres.ses de l'enseignement professionnel","description":"","publisher":{"@id":"https:\/\/sud.svmep.ch\/svmep\/#organization"},"alternateName":"SVMEP","potentialAction":[{"@type":"SearchAction","target":{"@type":"EntryPoint","urlTemplate":"https:\/\/sud.svmep.ch\/svmep\/?s={search_term_string}"},"query-input":{"@type":"PropertyValueSpecification","valueRequired":true,"valueName":"search_term_string"}}],"inLanguage":"fr-FR"},{"@type":"Organization","@id":"https:\/\/sud.svmep.ch\/svmep\/#organization","name":"Syndicat vaudois des ma\u00eetres.ses de l'enseignement professionnel SVMEP","alternateName":"SVMEP","url":"https:\/\/sud.svmep.ch\/svmep\/","logo":{"@type":"ImageObject","inLanguage":"fr-FR","@id":"https:\/\/sud.svmep.ch\/svmep\/#\/schema\/logo\/image\/","url":"https:\/\/sud.svmep.ch\/svmep\/wp-content\/uploads\/2024\/09\/svmep150x260.jpg","contentUrl":"https:\/\/sud.svmep.ch\/svmep\/wp-content\/uploads\/2024\/09\/svmep150x260.jpg","width":226,"height":127,"caption":"Syndicat vaudois des ma\u00eetres.ses de l'enseignement professionnel SVMEP"},"image":{"@id":"https:\/\/sud.svmep.ch\/svmep\/#\/schema\/logo\/image\/"}}]}},"_links":{"self":[{"href":"https:\/\/sud.svmep.ch\/svmep\/wp-json\/wp\/v2\/pages\/1345","targetHints":{"allow":["GET"]}}],"collection":[{"href":"https:\/\/sud.svmep.ch\/svmep\/wp-json\/wp\/v2\/pages"}],"about":[{"href":"https:\/\/sud.svmep.ch\/svmep\/wp-json\/wp\/v2\/types\/page"}],"author":[{"embeddable":true,"href":"https:\/\/sud.svmep.ch\/svmep\/wp-json\/wp\/v2\/users\/4"}],"replies":[{"embeddable":true,"href":"https:\/\/sud.svmep.ch\/svmep\/wp-json\/wp\/v2\/comments?post=1345"}],"version-history":[{"count":0,"href":"https:\/\/sud.svmep.ch\/svmep\/wp-json\/wp\/v2\/pages\/1345\/revisions"}],"wp:attachment":[{"href":"https:\/\/sud.svmep.ch\/svmep\/wp-json\/wp\/v2\/media?parent=1345"}],"curies":[{"name":"wp","href":"https:\/\/api.w.org\/{rel}","templated":true}]}}