{"id":2201,"date":"2025-08-16T16:41:03","date_gmt":"2025-08-16T15:41:03","guid":{"rendered":"https:\/\/sud.svmep.ch\/svmep\/?post_type=tribe_events&#038;p=2201"},"modified":"2025-10-31T21:10:47","modified_gmt":"2025-10-31T20:10:47","slug":"manifestation-unitaire-contre-les-coupes-budgetaires","status":"publish","type":"tribe_events","link":"https:\/\/sud.svmep.ch\/svmep\/event\/manifestation-unitaire-contre-les-coupes-budgetaires\/","title":{"rendered":"Manifestation unitaire contre les coupes budg\u00e9taires"},"content":{"rendered":"<h2><span style=\"font-family: arial, helvetica, sans-serif; color: #000000;\">Sauvons nos services publics et parapublics, mobilisons-nous !<\/span><\/h2>\n<p><span style=\"font-family: arial, helvetica, sans-serif; color: #000000;\"><img loading=\"lazy\" decoding=\"async\" class=\"size-medium wp-image-1562 alignright\" src=\"https:\/\/sud.svmep.ch\/svmep\/wp-content\/uploads\/2024\/11\/sud_ballons-300x200.jpg\" alt=\"\" width=\"300\" height=\"200\" srcset=\"https:\/\/sud.svmep.ch\/svmep\/wp-content\/uploads\/2024\/11\/sud_ballons-300x200.jpg 300w, https:\/\/sud.svmep.ch\/svmep\/wp-content\/uploads\/2024\/11\/sud_ballons-1024x683.jpg 1024w, https:\/\/sud.svmep.ch\/svmep\/wp-content\/uploads\/2024\/11\/sud_ballons-768x512.jpg 768w, https:\/\/sud.svmep.ch\/svmep\/wp-content\/uploads\/2024\/11\/sud_ballons.jpg 1476w\" sizes=\"auto, (max-width: 300px) 100vw, 300px\" \/><\/span><\/p>\n<h3><span style=\"font-family: arial, helvetica, sans-serif; color: #000000;\">Nous faisons face a\u0300 une politique d\u2019auste\u0301rite\u0301 qui nous renvoie a\u0300 plus de 20 ans en arrie\u0300re :<\/span><\/h3>\n<ul>\n<li><span style=\"font-family: arial, helvetica, sans-serif; color: #000000;\">\u00ab Mesures d\u2019assainissement \u00bb (coupes dans les services publics et parapublics) annonce\u0301es par le Conseil d\u2019E\u0301tat d\u2019un montant de 94 millions pour cette anne\u0301e, et de 300 a\u0300 400 millions au budget 2026, soit pre\u0300s d\u2019un demi-milliard;<\/span><\/li>\n<li><span style=\"font-family: arial, helvetica, sans-serif; color: #000000;\">Baisses fiscales de 7% de\u0301ja\u0300 de\u0301cide\u0301es par le Conseil d\u2019E\u0301tat et initiative du centre patronal pour un abaissement de 12% des impo\u0302ts sur les personnes physiques qui vont impliquer des baisses de recettes supe\u0301rieures a\u0300 500 millions par an.<\/span><\/li>\n<\/ul>\n<p><span style=\"font-family: arial, helvetica, sans-serif; color: #000000;\"><strong>Si nous ne faisons rien, la facture d\u2019un milliard sera paye\u0301e par les usage\u0300res\u00b7ers et par les employe\u0301\u00b7e\u00b7s des services publics et parapublics.<\/strong> Cela a d\u2019ailleurs de\u0301ja\u0300 commence\u0301 avec les programmes d\u2019e\u0301conomie dans tous les de\u0301partements de l\u2019E\u0301tat et la remise en question des engagements dans le parapublic (comme, par exemple, suppression des revalorisations salariales dans la sante\u0301).<\/span><\/p>\n<p><span style=\"font-family: arial, helvetica, sans-serif; color: #000000;\">Deux mesures budg\u00e9taires ge\u0301ne\u0301rales ont d\u00e9j\u00e0 \u00e9t\u00e9 avanc\u00e9es par le Conseil d&rsquo;\u00c9tat :<\/span><\/p>\n<ol>\n<li><span style=\"font-family: arial, helvetica, sans-serif; color: #000000;\">une contribution \u00ab de crise \u00bb e\u0301quivalant a\u0300 une <strong>re\u0301duction de 0,8% du salaire brut<\/strong> de tou.te.s les employe\u0301.e.s pour, selon le Conseil d\u2019E\u0301tat, 28,6 millions d\u2019e\u0301conomie;<\/span><\/li>\n<li><span style=\"font-family: arial, helvetica, sans-serif; color: #000000;\">la <strong>non-indexation des salaires pour 2025 et 2026<\/strong>, alors que les prix explosent, assurances et loyers en te\u0302te.<\/span><\/li>\n<\/ol>\n<p><span style=\"font-family: arial, helvetica, sans-serif; color: #000000;\">A\u0300 cela s\u2019ajoutent des attaques spe\u0301cifiques pour le secteur de l\u2019enseignement:<\/span><\/p>\n<ul>\n<li><span style=\"font-family: arial, helvetica, sans-serif; color: #000000;\"><a href=\"https:\/\/sud.svmep.ch\/svmep\/suppression-des-decharges-de-fin-de-carriere-un-tour-de-passe-passe-qui-ne-berne-personne\/\" target=\"_blank\" rel=\"noopener\"><strong>suppression des pe\u0301riodes de de\u0301charge en fin de carrie\u0300re<\/strong><\/a> (1 million d\u2019e\u0301conomie);<\/span><\/li>\n<li><span style=\"font-family: arial, helvetica, sans-serif; color: #000000;\"><strong>diminution des salaires<\/strong> des enseignant.e.s sans titre pe\u0301dagogique (1,7 million d\u2019e\u0301conomie).<\/span><\/li>\n<\/ul>\n<p><span style=\"font-family: arial, helvetica, sans-serif; color: #000000;\">Une prochaine se\u0301ance de \u00ab ne\u0301gociations \u00bb avec les syndicats est agende\u0301e au mardi 23 septembre. Le Conseil d\u2019E\u0301tat a la claire volonte\u0301 d\u2019imposer ces coupes en appelant les syndicats a\u0300 proposer des mesures alternatives sans toucher au montant vise\u0301 ; pour nous, ce sera NON.<\/span><\/p>\n<div class=\"page\" title=\"Page 1\">\n<div class=\"section\">\n<div class=\"layoutArea\">\n<div class=\"column\">\n<h3 style=\"text-align: center;\"><span style=\"font-family: arial, helvetica, sans-serif; color: #d91e0e;\">Jeudi 2 octobre 2025<\/span><br \/>\n<span style=\"font-family: arial, helvetica, sans-serif; color: #d91e0e;\">Toutes et tous a\u0300 la manifestation unitaire FSF-SSP-SUD<\/span><br \/>\n<span style=\"font-family: arial, helvetica, sans-serif; color: #000000;\">18h00 : rassemblement sur l&rsquo;Esplanade de Montbenon, Lausanne<\/span><br \/>\n<span style=\"font-family: arial, helvetica, sans-serif; color: #000000;\">18h30 : de\u0301part de la manifestation en direction du Cha\u0302teau<\/span><\/h3>\n<\/div>\n<\/div>\n<\/div>\n<div class=\"layoutArea\">\n<div class=\"column\">\n<p><span style=\"font-family: arial, helvetica, sans-serif; color: #000000;\">Nous manifesterons :<\/span><\/p>\n<\/div>\n<\/div>\n<div class=\"layoutArea\">\n<div class=\"column\">\n<ul>\n<li><span style=\"font-family: arial, helvetica, sans-serif; color: #000000;\">contre les coupes et le de\u0301mante\u0300lement du service public, contre une politique fiscale irresponsable et contre les baisses d\u2019impo\u0302ts en cours et a\u0300 venir;<\/span><\/li>\n<li><span style=\"font-family: arial, helvetica, sans-serif; color: #000000;\">pour exiger le maintien des engagements pris par le Conseil d\u2019E\u0301tat aupre\u0300s de ses employe\u0301\u00b7es et des usage\u0300res\u00b7ers tant dans les services publics que dans les secteurs parapublics;<\/span><\/li>\n<li><span style=\"font-family: arial, helvetica, sans-serif; color: #000000;\">pour de\u0301fendre nos salaires (revalorisations, droit a\u0300 l\u2019indexation et aux annuite\u0301s, rattrapages) et nos retraites.<\/span><\/li>\n<\/ul>\n<div class=\"page\" title=\"Page 1\">\n<div class=\"layoutArea\"><\/div>\n<\/div>\n<p><strong><span style=\"font-family: arial, helvetica, sans-serif; color: #000000;\">Lire le SUD-Info sp\u00e9cial <a style=\"color: #000000;\" href=\"https:\/\/www.sud-vd.ch\/sud\/wp-content\/uploads\/2025-07-08-sud-info-austerite.pdf\" target=\"_blank\" rel=\"noopener\"><em>\u00ab\u00a0Le service public et parapublic, c\u2019est un droit, pas un privile\u0300ge\u00a0\u00bb<\/em><\/a>.<\/span><\/strong><\/p>\n<p><span style=\"font-family: arial, helvetica, sans-serif; color: #000000;\"><strong>Lire le SUD-Info sp\u00e9cial <\/strong><a style=\"color: #000000;\" href=\"https:\/\/www.sud-vd.ch\/sud\/wp-content\/uploads\/2025-09-11-sud-info-austerite.pdf\" target=\"_blank\" rel=\"noopener\"><em><strong>\u00ab\u00a0Contre les coupes, luttons !\u00a0\u00bb<\/strong><\/em><\/a><\/span><\/p>\n<p style=\"text-align: center;\"><span style=\"color: #d91e0e;\"><strong><span style=\"font-family: arial, helvetica, sans-serif; font-size: 14pt;\">Plus d&rsquo;informations sur la <a style=\"color: #d91e0e;\" href=\"https:\/\/sud-vd.ch\/manifestation-contre-les-coupes-dans-nos-services-publics-et-parapublics\/\" target=\"_blank\" rel=\"noopener\">page sp\u00e9ciale<\/a> du site de la F\u00e9d\u00e9ration syndicale SUD<\/span><\/strong><\/span><\/p>\n<p style=\"text-align: right;\"><span style=\"font-family: arial, helvetica, sans-serif; font-size: 12pt; color: #000000;\"><strong>Revue de presse :<\/strong><\/span><\/p>\n<p style=\"text-align: right;\"><span style=\"font-family: arial, helvetica, sans-serif; font-size: 12pt; color: #000000;\"><a style=\"color: #000000;\" href=\"https:\/\/www.24heures.ch\/vaud-le-conseil-detat-sattaque-aux-salaires-publics-615113031408\" target=\"_blank\" rel=\"noopener\"><em>Le Conseil d\u2019\u00c9tat s\u2019appr\u00eate \u00e0 tailler dans tous les salaires de la fonction publique<\/em><\/a><em>,<\/em> 24heures.ch, 19 septembre 2025<\/span><\/p>\n<p style=\"text-align: right;\"><span style=\"font-family: arial, helvetica, sans-serif; font-size: 12pt; color: #000000;\"><a style=\"color: #000000;\" href=\"https:\/\/www.lematin.ch\/story\/vaud-le-conseil-d-etat-voudrait-sabrer-dans-tous-les-salaires-103418241\" target=\"_blank\" rel=\"noopener\"><em>L\u2019\u00c9tat voudrait sabrer tous les salaires des fonctionnaires<\/em><\/a>, lematin.ch, 19 septembre 2025<\/span><\/p>\n<\/div>\n<\/div>\n<\/div>\n","protected":false},"excerpt":{"rendered":"<p>Sauvons nos services publics et parapublics, mobilisons-nous ! Nous faisons face a\u0300 une politique d\u2019auste\u0301rite\u0301 qui nous renvoie a\u0300 plus de 20 ans en arrie\u0300re : \u00ab Mesures d\u2019assainissement \u00bb [&hellip;]<\/p>\n","protected":false},"author":4,"featured_media":0,"template":"","meta":{"_tribe_events_status":"","_tribe_events_status_reason":"","footnotes":""},"tags":[],"tribe_events_cat":[53],"class_list":["post-2201","tribe_events","type-tribe_events","status-publish","hentry","tribe_events_cat-coupes-budgetaires","cat_coupes-budgetaires"],"yoast_head":"<!-- This site is optimized with the Yoast SEO plugin v27.4 - https:\/\/yoast.com\/product\/yoast-seo-wordpress\/ -->\n<title>Manifestation unitaire contre les coupes budg\u00e9taires - svmep.ch<\/title>\n<meta name=\"description\" content=\"Mobilisation contre les politiques d\u2019aust\u00e9rit\u00e9 de l&#039;\u00c9tat de Vaud et manifestation unitaire FSF-SSP-SUD du 2 octobre 2025.\" \/>\n<meta name=\"robots\" content=\"index, follow, max-snippet:-1, max-image-preview:large, max-video-preview:-1\" \/>\n<link rel=\"canonical\" href=\"https:\/\/sud.svmep.ch\/svmep\/event\/manifestation-unitaire-contre-les-coupes-budgetaires\/\" \/>\n<meta property=\"og:locale\" content=\"fr_FR\" \/>\n<meta property=\"og:type\" content=\"article\" \/>\n<meta property=\"og:title\" content=\"Manifestation unitaire contre les coupes budg\u00e9taires - svmep.ch\" \/>\n<meta property=\"og:description\" content=\"Mobilisation contre les politiques d\u2019aust\u00e9rit\u00e9 de l&#039;\u00c9tat de Vaud et manifestation unitaire FSF-SSP-SUD du 2 octobre 2025.\" \/>\n<meta property=\"og:url\" content=\"https:\/\/sud.svmep.ch\/svmep\/event\/manifestation-unitaire-contre-les-coupes-budgetaires\/\" \/>\n<meta property=\"og:site_name\" content=\"svmep.ch\" \/>\n<meta property=\"article:modified_time\" content=\"2025-10-31T20:10:47+00:00\" \/>\n<meta property=\"og:image\" content=\"https:\/\/sud.svmep.ch\/svmep\/wp-content\/uploads\/2024\/11\/sud_ballons.jpg\" \/>\n\t<meta property=\"og:image:width\" content=\"1476\" \/>\n\t<meta property=\"og:image:height\" content=\"984\" \/>\n\t<meta property=\"og:image:type\" content=\"image\/jpeg\" \/>\n<meta name=\"twitter:card\" content=\"summary_large_image\" \/>\n<script type=\"application\/ld+json\" class=\"yoast-schema-graph\">{\"@context\":\"https:\\\/\\\/schema.org\",\"@graph\":[{\"@type\":\"WebPage\",\"@id\":\"https:\\\/\\\/sud.svmep.ch\\\/svmep\\\/event\\\/manifestation-unitaire-contre-les-coupes-budgetaires\\\/\",\"url\":\"https:\\\/\\\/sud.svmep.ch\\\/svmep\\\/event\\\/manifestation-unitaire-contre-les-coupes-budgetaires\\\/\",\"name\":\"Manifestation unitaire contre les coupes budg\u00e9taires - svmep.ch\",\"isPartOf\":{\"@id\":\"https:\\\/\\\/sud.svmep.ch\\\/svmep\\\/#website\"},\"primaryImageOfPage\":{\"@id\":\"https:\\\/\\\/sud.svmep.ch\\\/svmep\\\/event\\\/manifestation-unitaire-contre-les-coupes-budgetaires\\\/#primaryimage\"},\"image\":{\"@id\":\"https:\\\/\\\/sud.svmep.ch\\\/svmep\\\/event\\\/manifestation-unitaire-contre-les-coupes-budgetaires\\\/#primaryimage\"},\"thumbnailUrl\":\"https:\\\/\\\/sud.svmep.ch\\\/svmep\\\/wp-content\\\/uploads\\\/2024\\\/11\\\/sud_ballons-300x200.jpg\",\"datePublished\":\"2025-08-16T15:41:03+00:00\",\"dateModified\":\"2025-10-31T20:10:47+00:00\",\"description\":\"Mobilisation contre les politiques d\u2019aust\u00e9rit\u00e9 de l'\u00c9tat de Vaud et manifestation unitaire FSF-SSP-SUD du 2 octobre 2025.\",\"breadcrumb\":{\"@id\":\"https:\\\/\\\/sud.svmep.ch\\\/svmep\\\/event\\\/manifestation-unitaire-contre-les-coupes-budgetaires\\\/#breadcrumb\"},\"inLanguage\":\"fr-FR\",\"potentialAction\":[{\"@type\":\"ReadAction\",\"target\":[\"https:\\\/\\\/sud.svmep.ch\\\/svmep\\\/event\\\/manifestation-unitaire-contre-les-coupes-budgetaires\\\/\"]}]},{\"@type\":\"ImageObject\",\"inLanguage\":\"fr-FR\",\"@id\":\"https:\\\/\\\/sud.svmep.ch\\\/svmep\\\/event\\\/manifestation-unitaire-contre-les-coupes-budgetaires\\\/#primaryimage\",\"url\":\"https:\\\/\\\/sud.svmep.ch\\\/svmep\\\/wp-content\\\/uploads\\\/2024\\\/11\\\/sud_ballons.jpg\",\"contentUrl\":\"https:\\\/\\\/sud.svmep.ch\\\/svmep\\\/wp-content\\\/uploads\\\/2024\\\/11\\\/sud_ballons.jpg\",\"width\":1476,\"height\":984},{\"@type\":\"BreadcrumbList\",\"@id\":\"https:\\\/\\\/sud.svmep.ch\\\/svmep\\\/event\\\/manifestation-unitaire-contre-les-coupes-budgetaires\\\/#breadcrumb\",\"itemListElement\":[{\"@type\":\"ListItem\",\"position\":1,\"name\":\"Accueil\",\"item\":\"https:\\\/\\\/sud.svmep.ch\\\/svmep\\\/\"},{\"@type\":\"ListItem\",\"position\":2,\"name\":\"\u00c9v\u00e8nements\",\"item\":\"https:\\\/\\\/sud.svmep.ch\\\/svmep\\\/events\\\/\"},{\"@type\":\"ListItem\",\"position\":3,\"name\":\"Manifestation unitaire contre les coupes budg\u00e9taires\"}]},{\"@type\":\"WebSite\",\"@id\":\"https:\\\/\\\/sud.svmep.ch\\\/svmep\\\/#website\",\"url\":\"https:\\\/\\\/sud.svmep.ch\\\/svmep\\\/\",\"name\":\"Syndicat vaudois des ma\u00eetres.ses de l'enseignement professionnel\",\"description\":\"\",\"publisher\":{\"@id\":\"https:\\\/\\\/sud.svmep.ch\\\/svmep\\\/#organization\"},\"alternateName\":\"SVMEP\",\"potentialAction\":[{\"@type\":\"SearchAction\",\"target\":{\"@type\":\"EntryPoint\",\"urlTemplate\":\"https:\\\/\\\/sud.svmep.ch\\\/svmep\\\/?s={search_term_string}\"},\"query-input\":{\"@type\":\"PropertyValueSpecification\",\"valueRequired\":true,\"valueName\":\"search_term_string\"}}],\"inLanguage\":\"fr-FR\"},{\"@type\":\"Organization\",\"@id\":\"https:\\\/\\\/sud.svmep.ch\\\/svmep\\\/#organization\",\"name\":\"Syndicat vaudois des ma\u00eetres.ses de l'enseignement professionnel SVMEP\",\"alternateName\":\"SVMEP\",\"url\":\"https:\\\/\\\/sud.svmep.ch\\\/svmep\\\/\",\"logo\":{\"@type\":\"ImageObject\",\"inLanguage\":\"fr-FR\",\"@id\":\"https:\\\/\\\/sud.svmep.ch\\\/svmep\\\/#\\\/schema\\\/logo\\\/image\\\/\",\"url\":\"https:\\\/\\\/sud.svmep.ch\\\/svmep\\\/wp-content\\\/uploads\\\/2024\\\/09\\\/svmep150x260.jpg\",\"contentUrl\":\"https:\\\/\\\/sud.svmep.ch\\\/svmep\\\/wp-content\\\/uploads\\\/2024\\\/09\\\/svmep150x260.jpg\",\"width\":226,\"height\":127,\"caption\":\"Syndicat vaudois des ma\u00eetres.ses de l'enseignement professionnel SVMEP\"},\"image\":{\"@id\":\"https:\\\/\\\/sud.svmep.ch\\\/svmep\\\/#\\\/schema\\\/logo\\\/image\\\/\"}}]}<\/script>\n<!-- \/ Yoast SEO plugin. -->","yoast_head_json":{"title":"Manifestation unitaire contre les coupes budg\u00e9taires - svmep.ch","description":"Mobilisation contre les politiques d\u2019aust\u00e9rit\u00e9 de l'\u00c9tat de Vaud et manifestation unitaire FSF-SSP-SUD du 2 octobre 2025.","robots":{"index":"index","follow":"follow","max-snippet":"max-snippet:-1","max-image-preview":"max-image-preview:large","max-video-preview":"max-video-preview:-1"},"canonical":"https:\/\/sud.svmep.ch\/svmep\/event\/manifestation-unitaire-contre-les-coupes-budgetaires\/","og_locale":"fr_FR","og_type":"article","og_title":"Manifestation unitaire contre les coupes budg\u00e9taires - svmep.ch","og_description":"Mobilisation contre les politiques d\u2019aust\u00e9rit\u00e9 de l'\u00c9tat de Vaud et manifestation unitaire FSF-SSP-SUD du 2 octobre 2025.","og_url":"https:\/\/sud.svmep.ch\/svmep\/event\/manifestation-unitaire-contre-les-coupes-budgetaires\/","og_site_name":"svmep.ch","article_modified_time":"2025-10-31T20:10:47+00:00","og_image":[{"width":1476,"height":984,"url":"https:\/\/sud.svmep.ch\/svmep\/wp-content\/uploads\/2024\/11\/sud_ballons.jpg","type":"image\/jpeg"}],"twitter_card":"summary_large_image","schema":{"@context":"https:\/\/schema.org","@graph":[{"@type":"WebPage","@id":"https:\/\/sud.svmep.ch\/svmep\/event\/manifestation-unitaire-contre-les-coupes-budgetaires\/","url":"https:\/\/sud.svmep.ch\/svmep\/event\/manifestation-unitaire-contre-les-coupes-budgetaires\/","name":"Manifestation unitaire contre les coupes budg\u00e9taires - svmep.ch","isPartOf":{"@id":"https:\/\/sud.svmep.ch\/svmep\/#website"},"primaryImageOfPage":{"@id":"https:\/\/sud.svmep.ch\/svmep\/event\/manifestation-unitaire-contre-les-coupes-budgetaires\/#primaryimage"},"image":{"@id":"https:\/\/sud.svmep.ch\/svmep\/event\/manifestation-unitaire-contre-les-coupes-budgetaires\/#primaryimage"},"thumbnailUrl":"https:\/\/sud.svmep.ch\/svmep\/wp-content\/uploads\/2024\/11\/sud_ballons-300x200.jpg","datePublished":"2025-08-16T15:41:03+00:00","dateModified":"2025-10-31T20:10:47+00:00","description":"Mobilisation contre les politiques d\u2019aust\u00e9rit\u00e9 de l'\u00c9tat de Vaud et manifestation unitaire FSF-SSP-SUD du 2 octobre 2025.","breadcrumb":{"@id":"https:\/\/sud.svmep.ch\/svmep\/event\/manifestation-unitaire-contre-les-coupes-budgetaires\/#breadcrumb"},"inLanguage":"fr-FR","potentialAction":[{"@type":"ReadAction","target":["https:\/\/sud.svmep.ch\/svmep\/event\/manifestation-unitaire-contre-les-coupes-budgetaires\/"]}]},{"@type":"ImageObject","inLanguage":"fr-FR","@id":"https:\/\/sud.svmep.ch\/svmep\/event\/manifestation-unitaire-contre-les-coupes-budgetaires\/#primaryimage","url":"https:\/\/sud.svmep.ch\/svmep\/wp-content\/uploads\/2024\/11\/sud_ballons.jpg","contentUrl":"https:\/\/sud.svmep.ch\/svmep\/wp-content\/uploads\/2024\/11\/sud_ballons.jpg","width":1476,"height":984},{"@type":"BreadcrumbList","@id":"https:\/\/sud.svmep.ch\/svmep\/event\/manifestation-unitaire-contre-les-coupes-budgetaires\/#breadcrumb","itemListElement":[{"@type":"ListItem","position":1,"name":"Accueil","item":"https:\/\/sud.svmep.ch\/svmep\/"},{"@type":"ListItem","position":2,"name":"\u00c9v\u00e8nements","item":"https:\/\/sud.svmep.ch\/svmep\/events\/"},{"@type":"ListItem","position":3,"name":"Manifestation unitaire contre les coupes budg\u00e9taires"}]},{"@type":"WebSite","@id":"https:\/\/sud.svmep.ch\/svmep\/#website","url":"https:\/\/sud.svmep.ch\/svmep\/","name":"Syndicat vaudois des ma\u00eetres.ses de l'enseignement professionnel","description":"","publisher":{"@id":"https:\/\/sud.svmep.ch\/svmep\/#organization"},"alternateName":"SVMEP","potentialAction":[{"@type":"SearchAction","target":{"@type":"EntryPoint","urlTemplate":"https:\/\/sud.svmep.ch\/svmep\/?s={search_term_string}"},"query-input":{"@type":"PropertyValueSpecification","valueRequired":true,"valueName":"search_term_string"}}],"inLanguage":"fr-FR"},{"@type":"Organization","@id":"https:\/\/sud.svmep.ch\/svmep\/#organization","name":"Syndicat vaudois des ma\u00eetres.ses de l'enseignement professionnel SVMEP","alternateName":"SVMEP","url":"https:\/\/sud.svmep.ch\/svmep\/","logo":{"@type":"ImageObject","inLanguage":"fr-FR","@id":"https:\/\/sud.svmep.ch\/svmep\/#\/schema\/logo\/image\/","url":"https:\/\/sud.svmep.ch\/svmep\/wp-content\/uploads\/2024\/09\/svmep150x260.jpg","contentUrl":"https:\/\/sud.svmep.ch\/svmep\/wp-content\/uploads\/2024\/09\/svmep150x260.jpg","width":226,"height":127,"caption":"Syndicat vaudois des ma\u00eetres.ses de l'enseignement professionnel SVMEP"},"image":{"@id":"https:\/\/sud.svmep.ch\/svmep\/#\/schema\/logo\/image\/"}}]}},"_links":{"self":[{"href":"https:\/\/sud.svmep.ch\/svmep\/wp-json\/wp\/v2\/tribe_events\/2201","targetHints":{"allow":["GET"]}}],"collection":[{"href":"https:\/\/sud.svmep.ch\/svmep\/wp-json\/wp\/v2\/tribe_events"}],"about":[{"href":"https:\/\/sud.svmep.ch\/svmep\/wp-json\/wp\/v2\/types\/tribe_events"}],"author":[{"embeddable":true,"href":"https:\/\/sud.svmep.ch\/svmep\/wp-json\/wp\/v2\/users\/4"}],"version-history":[{"count":0,"href":"https:\/\/sud.svmep.ch\/svmep\/wp-json\/wp\/v2\/tribe_events\/2201\/revisions"}],"wp:attachment":[{"href":"https:\/\/sud.svmep.ch\/svmep\/wp-json\/wp\/v2\/media?parent=2201"}],"wp:term":[{"taxonomy":"post_tag","embeddable":true,"href":"https:\/\/sud.svmep.ch\/svmep\/wp-json\/wp\/v2\/tags?post=2201"},{"taxonomy":"tribe_events_cat","embeddable":true,"href":"https:\/\/sud.svmep.ch\/svmep\/wp-json\/wp\/v2\/tribe_events_cat?post=2201"}],"curies":[{"name":"wp","href":"https:\/\/api.w.org\/{rel}","templated":true}]}}