{"id":2214,"date":"2025-09-08T11:18:32","date_gmt":"2025-09-08T10:18:32","guid":{"rendered":"https:\/\/sud.svmep.ch\/svmep\/?post_type=tribe_events&#038;p=2214"},"modified":"2025-09-28T09:43:19","modified_gmt":"2025-09-28T08:43:19","slug":"sortie-de-lecole-de-commerce-des-gymnases-rassemblement-et-action-devant-le-def","status":"publish","type":"tribe_events","link":"https:\/\/sud.svmep.ch\/svmep\/event\/sortie-de-lecole-de-commerce-des-gymnases-rassemblement-et-action-devant-le-def\/","title":{"rendered":"Sortie de l\u2019\u00c9cole de commerce des gymnases : rassemblement et action devant le DEF"},"content":{"rendered":"<h2><span style=\"font-family: arial, helvetica, sans-serif; color: #000000;\"> Y a-t-il quelqu\u2019un \u00e0 la Barre\u00a0?!<\/span><\/h2>\n<p><img loading=\"lazy\" decoding=\"async\" class=\"size-medium wp-image-1335 alignright\" src=\"https:\/\/sud.svmep.ch\/svmep\/wp-content\/uploads\/2024\/10\/barre-copie-300x200.jpg\" alt=\"\" width=\"300\" height=\"200\" srcset=\"https:\/\/sud.svmep.ch\/svmep\/wp-content\/uploads\/2024\/10\/barre-copie-300x200.jpg 300w, https:\/\/sud.svmep.ch\/svmep\/wp-content\/uploads\/2024\/10\/barre-copie-1024x683.jpg 1024w, https:\/\/sud.svmep.ch\/svmep\/wp-content\/uploads\/2024\/10\/barre-copie-768x512.jpg 768w, https:\/\/sud.svmep.ch\/svmep\/wp-content\/uploads\/2024\/10\/barre-copie.jpg 1200w\" sizes=\"auto, (max-width: 300px) 100vw, 300px\" \/><\/p>\n<h3 style=\"text-align: center;\"><span style=\"color: #d91e0e;\"><span style=\"font-family: arial, helvetica, sans-serif;\">Rassemblement et action devant le DEF, rue de la Barre 8 \u00e0 Lausanne<br \/>\n<\/span><span style=\"font-family: arial, helvetica, sans-serif;\">Mercredi 17 septembre 2025<br \/>\n<\/span><span style=\"font-family: arial, helvetica, sans-serif;\">\u00e0 17h00 pour le rassemblement et \u00e0 17h15 pour l\u2019action<\/span><\/span><\/h3>\n<p><span style=\"font-family: arial, helvetica, sans-serif; color: #000000;\">Depuis l\u2019annonce officielle du DEF, au mois de mai dernier, de <a href=\"https:\/\/sud.svmep.ch\/svmep\/sortie-de-lecole-de-commerce-des-gymnases-vaudois\/\" target=\"_blank\" rel=\"noopener\">sortir l\u2019\u00c9cole de commerce (EC) des gymnases vaudois<\/a> et de les int\u00e9grer dans le syst\u00e8me de l\u2019enseignement professionnel, <strong>RIEN de nouveau ne nous a \u00e9t\u00e9 transmis quant aux crit\u00e8res de la mise en place de la proc\u00e9dure<\/strong> (unilat\u00e9ralement d\u00e9termin\u00e9e par le DEF). RIEN.<\/span><\/p>\n<ul>\n<li><span style=\"font-family: arial, helvetica, sans-serif; color: #000000;\">Aux demandes formelles de n\u00e9gociation de SUD-\u00e9ducation;<\/span><\/li>\n<li><span style=\"font-family: arial, helvetica, sans-serif; color: #000000;\">Aux demandes des enseignant\u00b7es du professionnel, notamment quant aux questions des conditions de travail et au maintien de l\u2019ensemble des savoirs fondamentaux et disciplinaires dans l\u2019enseignement de l\u2019EC;<\/span><\/li>\n<li><span style=\"font-family: arial, helvetica, sans-serif; color: #000000;\">\u00c0 la r\u00e9solution envoy\u00e9e par le gymnase de Beaulieu quant \u00e0 la demande de cr\u00e9er un groupe de travail (syndicats-d\u00e9l\u00e9gation du gymnase) pour trouver une solution p\u00e9renne \u00e0 l\u2019\u00e9norme probl\u00e8me contractuel et humain qu\u2019a soulev\u00e9 la d\u00e9cision unilat\u00e9rale du DEF de sortir le b\u00e2timent de Fr\u00e9minet du gymnase de Beaulieu;<\/span><\/li>\n<\/ul>\n<p><span style=\"font-family: arial, helvetica, sans-serif; color: #000000;\"><strong>il a \u00e9t\u00e9 \u00e0 chaque fois r\u00e9pondu :<\/strong> <em>circulez, y a rien \u00e0 voir !<\/em><\/span><\/p>\n<p><span style=\"font-family: arial, helvetica, sans-serif; color: #000000;\">La transparence dans les processus de prise de d\u00e9cisions n\u2019y est pas\u00a0!<\/span><\/p>\n<p><span style=\"font-family: arial, helvetica, sans-serif; color: #000000;\">La consid\u00e9ration pour les CDD, les enseignant\u00b7es avec des avenants \u00e0 r\u00e9p\u00e9tition, les \u00e9tudiant\u00b7es et futurs coll\u00e8gues de la HEP n\u2019y est pas !<\/span><\/p>\n<p><span style=\"font-family: arial, helvetica, sans-serif; color: #000000;\">La consid\u00e9ration pour les enseignant\u00b7es du professionnel, \u00e0 qui on demande de faire le m\u00eame travail mais en 25 p\u00e9riodes, n\u2019y est pas !<\/span><\/p>\n<p><span style=\"font-family: arial, helvetica, sans-serif; color: #000000;\">Et tant d\u2019autres choses n\u2019y sont pas !<\/span><\/p>\n<p><span style=\"color: #000000;\"><strong><span style=\"font-family: arial, helvetica, sans-serif;\">Pour d\u00e9noncer l\u2019opacit\u00e9 et le d\u00e9dain du DEF, nous vous invitons \u00e0 nous rejoindre nombreuses et nombreux, devant ses bureaux.<\/span><\/strong><span style=\"font-family: arial, helvetica, sans-serif;\"> Nous aurons, \u00e0 cette occasion, la possibilit\u00e9 de remettre au Chef de D\u00e9partement toutes nos revendications sous toutes sortes de formes !<\/span><\/span><\/p>\n<p><span style=\"color: #000000;\"><strong><span style=\"font-family: arial, helvetica, sans-serif;\">Passons \u00e0 l\u2019action !\u00a0Quand le DEF touche l&rsquo;un.e d&rsquo;entre nous, il nous touche toutes et tous\u00a0!<\/span><\/strong><\/span><\/p>\n<p><span style=\"color: #000000;\">Pour SUD-\u00c9ducation,<\/span><br \/>\n<span style=\"color: #000000;\">le comit\u00e9 du SVMEP<\/span><\/p>\n","protected":false},"excerpt":{"rendered":"<p>Y a-t-il quelqu\u2019un \u00e0 la Barre\u00a0?! Rassemblement et action devant le DEF, rue de la Barre 8 \u00e0 Lausanne Mercredi 17 septembre 2025 \u00e0 17h00 pour le rassemblement et \u00e0 [&hellip;]<\/p>\n","protected":false},"author":4,"featured_media":0,"template":"","meta":{"_tribe_events_status":"","_tribe_events_status_reason":"","footnotes":""},"tags":[],"tribe_events_cat":[],"class_list":["post-2214","tribe_events","type-tribe_events","status-publish","hentry"],"yoast_head":"<!-- This site is optimized with the Yoast SEO plugin v27.4 - https:\/\/yoast.com\/product\/yoast-seo-wordpress\/ -->\n<title>Sortie de l\u2019\u00c9cole de commerce des gymnases : rassemblement et action devant le DEF - svmep.ch<\/title>\n<meta name=\"description\" content=\"Rassemblement syndical devant le DEF, organis\u00e9 par SUD-\u00c9ducation, au sujet de la sortie de l&#039;\u00c9cole de commerce des gymnases vaudois.\" \/>\n<meta name=\"robots\" content=\"index, follow, max-snippet:-1, max-image-preview:large, max-video-preview:-1\" \/>\n<link rel=\"canonical\" href=\"https:\/\/sud.svmep.ch\/svmep\/event\/sortie-de-lecole-de-commerce-des-gymnases-rassemblement-et-action-devant-le-def\/\" \/>\n<meta property=\"og:locale\" content=\"fr_FR\" \/>\n<meta property=\"og:type\" content=\"article\" \/>\n<meta property=\"og:title\" content=\"Sortie de l\u2019\u00c9cole de commerce des gymnases : rassemblement et action devant le DEF - svmep.ch\" \/>\n<meta property=\"og:description\" content=\"Rassemblement syndical devant le DEF, organis\u00e9 par SUD-\u00c9ducation, au sujet de la sortie de l&#039;\u00c9cole de commerce des gymnases vaudois.\" \/>\n<meta property=\"og:url\" content=\"https:\/\/sud.svmep.ch\/svmep\/event\/sortie-de-lecole-de-commerce-des-gymnases-rassemblement-et-action-devant-le-def\/\" \/>\n<meta property=\"og:site_name\" content=\"svmep.ch\" \/>\n<meta property=\"article:modified_time\" content=\"2025-09-28T08:43:19+00:00\" \/>\n<meta property=\"og:image\" content=\"https:\/\/sud.svmep.ch\/svmep\/wp-content\/uploads\/2024\/10\/barre-copie.jpg\" \/>\n\t<meta property=\"og:image:width\" content=\"1200\" \/>\n\t<meta property=\"og:image:height\" content=\"800\" \/>\n\t<meta property=\"og:image:type\" content=\"image\/jpeg\" \/>\n<meta name=\"twitter:card\" content=\"summary_large_image\" \/>\n<script type=\"application\/ld+json\" class=\"yoast-schema-graph\">{\"@context\":\"https:\\\/\\\/schema.org\",\"@graph\":[{\"@type\":\"WebPage\",\"@id\":\"https:\\\/\\\/sud.svmep.ch\\\/svmep\\\/event\\\/sortie-de-lecole-de-commerce-des-gymnases-rassemblement-et-action-devant-le-def\\\/\",\"url\":\"https:\\\/\\\/sud.svmep.ch\\\/svmep\\\/event\\\/sortie-de-lecole-de-commerce-des-gymnases-rassemblement-et-action-devant-le-def\\\/\",\"name\":\"Sortie de l\u2019\u00c9cole de commerce des gymnases : rassemblement et action devant le DEF - svmep.ch\",\"isPartOf\":{\"@id\":\"https:\\\/\\\/sud.svmep.ch\\\/svmep\\\/#website\"},\"primaryImageOfPage\":{\"@id\":\"https:\\\/\\\/sud.svmep.ch\\\/svmep\\\/event\\\/sortie-de-lecole-de-commerce-des-gymnases-rassemblement-et-action-devant-le-def\\\/#primaryimage\"},\"image\":{\"@id\":\"https:\\\/\\\/sud.svmep.ch\\\/svmep\\\/event\\\/sortie-de-lecole-de-commerce-des-gymnases-rassemblement-et-action-devant-le-def\\\/#primaryimage\"},\"thumbnailUrl\":\"https:\\\/\\\/sud.svmep.ch\\\/svmep\\\/wp-content\\\/uploads\\\/2024\\\/10\\\/barre-copie-300x200.jpg\",\"datePublished\":\"2025-09-08T10:18:32+00:00\",\"dateModified\":\"2025-09-28T08:43:19+00:00\",\"description\":\"Rassemblement syndical devant le DEF, organis\u00e9 par SUD-\u00c9ducation, au sujet de la sortie de l'\u00c9cole de commerce des gymnases vaudois.\",\"breadcrumb\":{\"@id\":\"https:\\\/\\\/sud.svmep.ch\\\/svmep\\\/event\\\/sortie-de-lecole-de-commerce-des-gymnases-rassemblement-et-action-devant-le-def\\\/#breadcrumb\"},\"inLanguage\":\"fr-FR\",\"potentialAction\":[{\"@type\":\"ReadAction\",\"target\":[\"https:\\\/\\\/sud.svmep.ch\\\/svmep\\\/event\\\/sortie-de-lecole-de-commerce-des-gymnases-rassemblement-et-action-devant-le-def\\\/\"]}]},{\"@type\":\"ImageObject\",\"inLanguage\":\"fr-FR\",\"@id\":\"https:\\\/\\\/sud.svmep.ch\\\/svmep\\\/event\\\/sortie-de-lecole-de-commerce-des-gymnases-rassemblement-et-action-devant-le-def\\\/#primaryimage\",\"url\":\"https:\\\/\\\/sud.svmep.ch\\\/svmep\\\/wp-content\\\/uploads\\\/2024\\\/10\\\/barre-copie.jpg\",\"contentUrl\":\"https:\\\/\\\/sud.svmep.ch\\\/svmep\\\/wp-content\\\/uploads\\\/2024\\\/10\\\/barre-copie.jpg\",\"width\":1200,\"height\":800,\"caption\":\"Manifestation du 11 mars 2020 devant le DFJC, organis\u00e9e par le SVMEP\"},{\"@type\":\"BreadcrumbList\",\"@id\":\"https:\\\/\\\/sud.svmep.ch\\\/svmep\\\/event\\\/sortie-de-lecole-de-commerce-des-gymnases-rassemblement-et-action-devant-le-def\\\/#breadcrumb\",\"itemListElement\":[{\"@type\":\"ListItem\",\"position\":1,\"name\":\"Accueil\",\"item\":\"https:\\\/\\\/sud.svmep.ch\\\/svmep\\\/\"},{\"@type\":\"ListItem\",\"position\":2,\"name\":\"\u00c9v\u00e8nements\",\"item\":\"https:\\\/\\\/sud.svmep.ch\\\/svmep\\\/events\\\/\"},{\"@type\":\"ListItem\",\"position\":3,\"name\":\"Sortie de l\u2019\u00c9cole de commerce des gymnases : rassemblement et action devant le DEF\"}]},{\"@type\":\"WebSite\",\"@id\":\"https:\\\/\\\/sud.svmep.ch\\\/svmep\\\/#website\",\"url\":\"https:\\\/\\\/sud.svmep.ch\\\/svmep\\\/\",\"name\":\"Syndicat vaudois des ma\u00eetres.ses de l'enseignement professionnel\",\"description\":\"\",\"publisher\":{\"@id\":\"https:\\\/\\\/sud.svmep.ch\\\/svmep\\\/#organization\"},\"alternateName\":\"SVMEP\",\"potentialAction\":[{\"@type\":\"SearchAction\",\"target\":{\"@type\":\"EntryPoint\",\"urlTemplate\":\"https:\\\/\\\/sud.svmep.ch\\\/svmep\\\/?s={search_term_string}\"},\"query-input\":{\"@type\":\"PropertyValueSpecification\",\"valueRequired\":true,\"valueName\":\"search_term_string\"}}],\"inLanguage\":\"fr-FR\"},{\"@type\":\"Organization\",\"@id\":\"https:\\\/\\\/sud.svmep.ch\\\/svmep\\\/#organization\",\"name\":\"Syndicat vaudois des ma\u00eetres.ses de l'enseignement professionnel SVMEP\",\"alternateName\":\"SVMEP\",\"url\":\"https:\\\/\\\/sud.svmep.ch\\\/svmep\\\/\",\"logo\":{\"@type\":\"ImageObject\",\"inLanguage\":\"fr-FR\",\"@id\":\"https:\\\/\\\/sud.svmep.ch\\\/svmep\\\/#\\\/schema\\\/logo\\\/image\\\/\",\"url\":\"https:\\\/\\\/sud.svmep.ch\\\/svmep\\\/wp-content\\\/uploads\\\/2024\\\/09\\\/svmep150x260.jpg\",\"contentUrl\":\"https:\\\/\\\/sud.svmep.ch\\\/svmep\\\/wp-content\\\/uploads\\\/2024\\\/09\\\/svmep150x260.jpg\",\"width\":226,\"height\":127,\"caption\":\"Syndicat vaudois des ma\u00eetres.ses de l'enseignement professionnel SVMEP\"},\"image\":{\"@id\":\"https:\\\/\\\/sud.svmep.ch\\\/svmep\\\/#\\\/schema\\\/logo\\\/image\\\/\"}}]}<\/script>\n<!-- \/ Yoast SEO plugin. -->","yoast_head_json":{"title":"Sortie de l\u2019\u00c9cole de commerce des gymnases : rassemblement et action devant le DEF - svmep.ch","description":"Rassemblement syndical devant le DEF, organis\u00e9 par SUD-\u00c9ducation, au sujet de la sortie de l'\u00c9cole de commerce des gymnases vaudois.","robots":{"index":"index","follow":"follow","max-snippet":"max-snippet:-1","max-image-preview":"max-image-preview:large","max-video-preview":"max-video-preview:-1"},"canonical":"https:\/\/sud.svmep.ch\/svmep\/event\/sortie-de-lecole-de-commerce-des-gymnases-rassemblement-et-action-devant-le-def\/","og_locale":"fr_FR","og_type":"article","og_title":"Sortie de l\u2019\u00c9cole de commerce des gymnases : rassemblement et action devant le DEF - svmep.ch","og_description":"Rassemblement syndical devant le DEF, organis\u00e9 par SUD-\u00c9ducation, au sujet de la sortie de l'\u00c9cole de commerce des gymnases vaudois.","og_url":"https:\/\/sud.svmep.ch\/svmep\/event\/sortie-de-lecole-de-commerce-des-gymnases-rassemblement-et-action-devant-le-def\/","og_site_name":"svmep.ch","article_modified_time":"2025-09-28T08:43:19+00:00","og_image":[{"width":1200,"height":800,"url":"https:\/\/sud.svmep.ch\/svmep\/wp-content\/uploads\/2024\/10\/barre-copie.jpg","type":"image\/jpeg"}],"twitter_card":"summary_large_image","schema":{"@context":"https:\/\/schema.org","@graph":[{"@type":"WebPage","@id":"https:\/\/sud.svmep.ch\/svmep\/event\/sortie-de-lecole-de-commerce-des-gymnases-rassemblement-et-action-devant-le-def\/","url":"https:\/\/sud.svmep.ch\/svmep\/event\/sortie-de-lecole-de-commerce-des-gymnases-rassemblement-et-action-devant-le-def\/","name":"Sortie de l\u2019\u00c9cole de commerce des gymnases : rassemblement et action devant le DEF - svmep.ch","isPartOf":{"@id":"https:\/\/sud.svmep.ch\/svmep\/#website"},"primaryImageOfPage":{"@id":"https:\/\/sud.svmep.ch\/svmep\/event\/sortie-de-lecole-de-commerce-des-gymnases-rassemblement-et-action-devant-le-def\/#primaryimage"},"image":{"@id":"https:\/\/sud.svmep.ch\/svmep\/event\/sortie-de-lecole-de-commerce-des-gymnases-rassemblement-et-action-devant-le-def\/#primaryimage"},"thumbnailUrl":"https:\/\/sud.svmep.ch\/svmep\/wp-content\/uploads\/2024\/10\/barre-copie-300x200.jpg","datePublished":"2025-09-08T10:18:32+00:00","dateModified":"2025-09-28T08:43:19+00:00","description":"Rassemblement syndical devant le DEF, organis\u00e9 par SUD-\u00c9ducation, au sujet de la sortie de l'\u00c9cole de commerce des gymnases vaudois.","breadcrumb":{"@id":"https:\/\/sud.svmep.ch\/svmep\/event\/sortie-de-lecole-de-commerce-des-gymnases-rassemblement-et-action-devant-le-def\/#breadcrumb"},"inLanguage":"fr-FR","potentialAction":[{"@type":"ReadAction","target":["https:\/\/sud.svmep.ch\/svmep\/event\/sortie-de-lecole-de-commerce-des-gymnases-rassemblement-et-action-devant-le-def\/"]}]},{"@type":"ImageObject","inLanguage":"fr-FR","@id":"https:\/\/sud.svmep.ch\/svmep\/event\/sortie-de-lecole-de-commerce-des-gymnases-rassemblement-et-action-devant-le-def\/#primaryimage","url":"https:\/\/sud.svmep.ch\/svmep\/wp-content\/uploads\/2024\/10\/barre-copie.jpg","contentUrl":"https:\/\/sud.svmep.ch\/svmep\/wp-content\/uploads\/2024\/10\/barre-copie.jpg","width":1200,"height":800,"caption":"Manifestation du 11 mars 2020 devant le DFJC, organis\u00e9e par le SVMEP"},{"@type":"BreadcrumbList","@id":"https:\/\/sud.svmep.ch\/svmep\/event\/sortie-de-lecole-de-commerce-des-gymnases-rassemblement-et-action-devant-le-def\/#breadcrumb","itemListElement":[{"@type":"ListItem","position":1,"name":"Accueil","item":"https:\/\/sud.svmep.ch\/svmep\/"},{"@type":"ListItem","position":2,"name":"\u00c9v\u00e8nements","item":"https:\/\/sud.svmep.ch\/svmep\/events\/"},{"@type":"ListItem","position":3,"name":"Sortie de l\u2019\u00c9cole de commerce des gymnases : rassemblement et action devant le DEF"}]},{"@type":"WebSite","@id":"https:\/\/sud.svmep.ch\/svmep\/#website","url":"https:\/\/sud.svmep.ch\/svmep\/","name":"Syndicat vaudois des ma\u00eetres.ses de l'enseignement professionnel","description":"","publisher":{"@id":"https:\/\/sud.svmep.ch\/svmep\/#organization"},"alternateName":"SVMEP","potentialAction":[{"@type":"SearchAction","target":{"@type":"EntryPoint","urlTemplate":"https:\/\/sud.svmep.ch\/svmep\/?s={search_term_string}"},"query-input":{"@type":"PropertyValueSpecification","valueRequired":true,"valueName":"search_term_string"}}],"inLanguage":"fr-FR"},{"@type":"Organization","@id":"https:\/\/sud.svmep.ch\/svmep\/#organization","name":"Syndicat vaudois des ma\u00eetres.ses de l'enseignement professionnel SVMEP","alternateName":"SVMEP","url":"https:\/\/sud.svmep.ch\/svmep\/","logo":{"@type":"ImageObject","inLanguage":"fr-FR","@id":"https:\/\/sud.svmep.ch\/svmep\/#\/schema\/logo\/image\/","url":"https:\/\/sud.svmep.ch\/svmep\/wp-content\/uploads\/2024\/09\/svmep150x260.jpg","contentUrl":"https:\/\/sud.svmep.ch\/svmep\/wp-content\/uploads\/2024\/09\/svmep150x260.jpg","width":226,"height":127,"caption":"Syndicat vaudois des ma\u00eetres.ses de l'enseignement professionnel SVMEP"},"image":{"@id":"https:\/\/sud.svmep.ch\/svmep\/#\/schema\/logo\/image\/"}}]}},"_links":{"self":[{"href":"https:\/\/sud.svmep.ch\/svmep\/wp-json\/wp\/v2\/tribe_events\/2214","targetHints":{"allow":["GET"]}}],"collection":[{"href":"https:\/\/sud.svmep.ch\/svmep\/wp-json\/wp\/v2\/tribe_events"}],"about":[{"href":"https:\/\/sud.svmep.ch\/svmep\/wp-json\/wp\/v2\/types\/tribe_events"}],"author":[{"embeddable":true,"href":"https:\/\/sud.svmep.ch\/svmep\/wp-json\/wp\/v2\/users\/4"}],"version-history":[{"count":0,"href":"https:\/\/sud.svmep.ch\/svmep\/wp-json\/wp\/v2\/tribe_events\/2214\/revisions"}],"wp:attachment":[{"href":"https:\/\/sud.svmep.ch\/svmep\/wp-json\/wp\/v2\/media?parent=2214"}],"wp:term":[{"taxonomy":"post_tag","embeddable":true,"href":"https:\/\/sud.svmep.ch\/svmep\/wp-json\/wp\/v2\/tags?post=2214"},{"taxonomy":"tribe_events_cat","embeddable":true,"href":"https:\/\/sud.svmep.ch\/svmep\/wp-json\/wp\/v2\/tribe_events_cat?post=2214"}],"curies":[{"name":"wp","href":"https:\/\/api.w.org\/{rel}","templated":true}]}}