{"id":2282,"date":"2025-10-28T11:18:03","date_gmt":"2025-10-28T10:18:03","guid":{"rendered":"https:\/\/sud.svmep.ch\/svmep\/?post_type=tribe_events&#038;p=2282"},"modified":"2025-10-31T21:10:35","modified_gmt":"2025-10-31T20:10:35","slug":"assemblee-unitaire-du-personnel-des-services-publics-et-parapublics-vd","status":"publish","type":"tribe_events","link":"https:\/\/sud.svmep.ch\/svmep\/event\/assemblee-unitaire-du-personnel-des-services-publics-et-parapublics-vd\/","title":{"rendered":"Assembl\u00e9e unitaire du personnel des services publics et parapublics VD"},"content":{"rendered":"<p><span style=\"font-family: arial, helvetica, sans-serif;\">Informations disponibles <a href=\"https:\/\/sud-vd.ch\/decidons-ensemble-faisons-greve-partout-ou-cest-possible\/\" target=\"_blank\" rel=\"noopener\">sur le site de la F\u00e9d\u00e9ration syndicale SUD<\/a><\/span><\/p>\n<p><img loading=\"lazy\" decoding=\"async\" class=\"size-medium wp-image-1570 alignleft\" src=\"https:\/\/sud.svmep.ch\/svmep\/wp-content\/uploads\/2024\/11\/tenir-les-coudes-copie-300x93.jpg\" alt=\"\" width=\"300\" height=\"93\" srcset=\"https:\/\/sud.svmep.ch\/svmep\/wp-content\/uploads\/2024\/11\/tenir-les-coudes-copie-300x93.jpg 300w, https:\/\/sud.svmep.ch\/svmep\/wp-content\/uploads\/2024\/11\/tenir-les-coudes-copie-768x238.jpg 768w, https:\/\/sud.svmep.ch\/svmep\/wp-content\/uploads\/2024\/11\/tenir-les-coudes-copie.jpg 847w\" sizes=\"auto, (max-width: 300px) 100vw, 300px\" \/><\/p>\n","protected":false},"excerpt":{"rendered":"<p>Informations disponibles sur le site de la F\u00e9d\u00e9ration syndicale SUD<\/p>\n","protected":false},"author":4,"featured_media":0,"template":"","meta":{"_tribe_events_status":"","_tribe_events_status_reason":"","footnotes":""},"tags":[],"tribe_events_cat":[53],"class_list":["post-2282","tribe_events","type-tribe_events","status-publish","hentry","tribe_events_cat-coupes-budgetaires","cat_coupes-budgetaires"],"yoast_head":"<!-- This site is optimized with the Yoast SEO plugin v27.4 - https:\/\/yoast.com\/product\/yoast-seo-wordpress\/ -->\n<title>Assembl\u00e9e unitaire du personnel des services publics et parapublics VD - svmep.ch<\/title>\n<meta name=\"description\" content=\"Assembl\u00e9e unitaire du personnel des services publics et parapublics contre les coupes budg\u00e9taires du Conseil d&#039;\u00c9tat vaudois.\" \/>\n<meta name=\"robots\" content=\"index, follow, max-snippet:-1, max-image-preview:large, max-video-preview:-1\" \/>\n<link rel=\"canonical\" href=\"https:\/\/sud.svmep.ch\/svmep\/event\/assemblee-unitaire-du-personnel-des-services-publics-et-parapublics-vd\/\" \/>\n<meta property=\"og:locale\" content=\"fr_FR\" \/>\n<meta property=\"og:type\" content=\"article\" \/>\n<meta property=\"og:title\" content=\"Assembl\u00e9e unitaire du personnel des services publics et parapublics VD - svmep.ch\" \/>\n<meta property=\"og:description\" content=\"Assembl\u00e9e unitaire du personnel des services publics et parapublics contre les coupes budg\u00e9taires du Conseil d&#039;\u00c9tat vaudois.\" \/>\n<meta property=\"og:url\" content=\"https:\/\/sud.svmep.ch\/svmep\/event\/assemblee-unitaire-du-personnel-des-services-publics-et-parapublics-vd\/\" \/>\n<meta property=\"og:site_name\" content=\"svmep.ch\" \/>\n<meta property=\"article:modified_time\" content=\"2025-10-31T20:10:35+00:00\" \/>\n<meta property=\"og:image\" content=\"https:\/\/sud.svmep.ch\/svmep\/wp-content\/uploads\/2024\/11\/tenir-les-coudes-copie.jpg\" \/>\n\t<meta property=\"og:image:width\" content=\"847\" \/>\n\t<meta property=\"og:image:height\" content=\"263\" \/>\n\t<meta property=\"og:image:type\" content=\"image\/jpeg\" \/>\n<meta name=\"twitter:card\" content=\"summary_large_image\" \/>\n<script type=\"application\/ld+json\" class=\"yoast-schema-graph\">{\"@context\":\"https:\\\/\\\/schema.org\",\"@graph\":[{\"@type\":\"WebPage\",\"@id\":\"https:\\\/\\\/sud.svmep.ch\\\/svmep\\\/event\\\/assemblee-unitaire-du-personnel-des-services-publics-et-parapublics-vd\\\/\",\"url\":\"https:\\\/\\\/sud.svmep.ch\\\/svmep\\\/event\\\/assemblee-unitaire-du-personnel-des-services-publics-et-parapublics-vd\\\/\",\"name\":\"Assembl\u00e9e unitaire du personnel des services publics et parapublics VD - svmep.ch\",\"isPartOf\":{\"@id\":\"https:\\\/\\\/sud.svmep.ch\\\/svmep\\\/#website\"},\"primaryImageOfPage\":{\"@id\":\"https:\\\/\\\/sud.svmep.ch\\\/svmep\\\/event\\\/assemblee-unitaire-du-personnel-des-services-publics-et-parapublics-vd\\\/#primaryimage\"},\"image\":{\"@id\":\"https:\\\/\\\/sud.svmep.ch\\\/svmep\\\/event\\\/assemblee-unitaire-du-personnel-des-services-publics-et-parapublics-vd\\\/#primaryimage\"},\"thumbnailUrl\":\"https:\\\/\\\/sud.svmep.ch\\\/svmep\\\/wp-content\\\/uploads\\\/2024\\\/11\\\/tenir-les-coudes-copie-300x93.jpg\",\"datePublished\":\"2025-10-28T10:18:03+00:00\",\"dateModified\":\"2025-10-31T20:10:35+00:00\",\"description\":\"Assembl\u00e9e unitaire du personnel des services publics et parapublics contre les coupes budg\u00e9taires du Conseil d'\u00c9tat vaudois.\",\"breadcrumb\":{\"@id\":\"https:\\\/\\\/sud.svmep.ch\\\/svmep\\\/event\\\/assemblee-unitaire-du-personnel-des-services-publics-et-parapublics-vd\\\/#breadcrumb\"},\"inLanguage\":\"fr-FR\",\"potentialAction\":[{\"@type\":\"ReadAction\",\"target\":[\"https:\\\/\\\/sud.svmep.ch\\\/svmep\\\/event\\\/assemblee-unitaire-du-personnel-des-services-publics-et-parapublics-vd\\\/\"]}]},{\"@type\":\"ImageObject\",\"inLanguage\":\"fr-FR\",\"@id\":\"https:\\\/\\\/sud.svmep.ch\\\/svmep\\\/event\\\/assemblee-unitaire-du-personnel-des-services-publics-et-parapublics-vd\\\/#primaryimage\",\"url\":\"https:\\\/\\\/sud.svmep.ch\\\/svmep\\\/wp-content\\\/uploads\\\/2024\\\/11\\\/tenir-les-coudes-copie.jpg\",\"contentUrl\":\"https:\\\/\\\/sud.svmep.ch\\\/svmep\\\/wp-content\\\/uploads\\\/2024\\\/11\\\/tenir-les-coudes-copie.jpg\",\"width\":847,\"height\":263},{\"@type\":\"BreadcrumbList\",\"@id\":\"https:\\\/\\\/sud.svmep.ch\\\/svmep\\\/event\\\/assemblee-unitaire-du-personnel-des-services-publics-et-parapublics-vd\\\/#breadcrumb\",\"itemListElement\":[{\"@type\":\"ListItem\",\"position\":1,\"name\":\"Accueil\",\"item\":\"https:\\\/\\\/sud.svmep.ch\\\/svmep\\\/\"},{\"@type\":\"ListItem\",\"position\":2,\"name\":\"\u00c9v\u00e8nements\",\"item\":\"https:\\\/\\\/sud.svmep.ch\\\/svmep\\\/events\\\/\"},{\"@type\":\"ListItem\",\"position\":3,\"name\":\"Assembl\u00e9e unitaire du personnel des services publics et parapublics VD\"}]},{\"@type\":\"WebSite\",\"@id\":\"https:\\\/\\\/sud.svmep.ch\\\/svmep\\\/#website\",\"url\":\"https:\\\/\\\/sud.svmep.ch\\\/svmep\\\/\",\"name\":\"Syndicat vaudois des ma\u00eetres.ses de l'enseignement professionnel\",\"description\":\"\",\"publisher\":{\"@id\":\"https:\\\/\\\/sud.svmep.ch\\\/svmep\\\/#organization\"},\"alternateName\":\"SVMEP\",\"potentialAction\":[{\"@type\":\"SearchAction\",\"target\":{\"@type\":\"EntryPoint\",\"urlTemplate\":\"https:\\\/\\\/sud.svmep.ch\\\/svmep\\\/?s={search_term_string}\"},\"query-input\":{\"@type\":\"PropertyValueSpecification\",\"valueRequired\":true,\"valueName\":\"search_term_string\"}}],\"inLanguage\":\"fr-FR\"},{\"@type\":\"Organization\",\"@id\":\"https:\\\/\\\/sud.svmep.ch\\\/svmep\\\/#organization\",\"name\":\"Syndicat vaudois des ma\u00eetres.ses de l'enseignement professionnel SVMEP\",\"alternateName\":\"SVMEP\",\"url\":\"https:\\\/\\\/sud.svmep.ch\\\/svmep\\\/\",\"logo\":{\"@type\":\"ImageObject\",\"inLanguage\":\"fr-FR\",\"@id\":\"https:\\\/\\\/sud.svmep.ch\\\/svmep\\\/#\\\/schema\\\/logo\\\/image\\\/\",\"url\":\"https:\\\/\\\/sud.svmep.ch\\\/svmep\\\/wp-content\\\/uploads\\\/2024\\\/09\\\/svmep150x260.jpg\",\"contentUrl\":\"https:\\\/\\\/sud.svmep.ch\\\/svmep\\\/wp-content\\\/uploads\\\/2024\\\/09\\\/svmep150x260.jpg\",\"width\":226,\"height\":127,\"caption\":\"Syndicat vaudois des ma\u00eetres.ses de l'enseignement professionnel SVMEP\"},\"image\":{\"@id\":\"https:\\\/\\\/sud.svmep.ch\\\/svmep\\\/#\\\/schema\\\/logo\\\/image\\\/\"}}]}<\/script>\n<!-- \/ Yoast SEO plugin. -->","yoast_head_json":{"title":"Assembl\u00e9e unitaire du personnel des services publics et parapublics VD - svmep.ch","description":"Assembl\u00e9e unitaire du personnel des services publics et parapublics contre les coupes budg\u00e9taires du Conseil d'\u00c9tat vaudois.","robots":{"index":"index","follow":"follow","max-snippet":"max-snippet:-1","max-image-preview":"max-image-preview:large","max-video-preview":"max-video-preview:-1"},"canonical":"https:\/\/sud.svmep.ch\/svmep\/event\/assemblee-unitaire-du-personnel-des-services-publics-et-parapublics-vd\/","og_locale":"fr_FR","og_type":"article","og_title":"Assembl\u00e9e unitaire du personnel des services publics et parapublics VD - svmep.ch","og_description":"Assembl\u00e9e unitaire du personnel des services publics et parapublics contre les coupes budg\u00e9taires du Conseil d'\u00c9tat vaudois.","og_url":"https:\/\/sud.svmep.ch\/svmep\/event\/assemblee-unitaire-du-personnel-des-services-publics-et-parapublics-vd\/","og_site_name":"svmep.ch","article_modified_time":"2025-10-31T20:10:35+00:00","og_image":[{"width":847,"height":263,"url":"https:\/\/sud.svmep.ch\/svmep\/wp-content\/uploads\/2024\/11\/tenir-les-coudes-copie.jpg","type":"image\/jpeg"}],"twitter_card":"summary_large_image","schema":{"@context":"https:\/\/schema.org","@graph":[{"@type":"WebPage","@id":"https:\/\/sud.svmep.ch\/svmep\/event\/assemblee-unitaire-du-personnel-des-services-publics-et-parapublics-vd\/","url":"https:\/\/sud.svmep.ch\/svmep\/event\/assemblee-unitaire-du-personnel-des-services-publics-et-parapublics-vd\/","name":"Assembl\u00e9e unitaire du personnel des services publics et parapublics VD - svmep.ch","isPartOf":{"@id":"https:\/\/sud.svmep.ch\/svmep\/#website"},"primaryImageOfPage":{"@id":"https:\/\/sud.svmep.ch\/svmep\/event\/assemblee-unitaire-du-personnel-des-services-publics-et-parapublics-vd\/#primaryimage"},"image":{"@id":"https:\/\/sud.svmep.ch\/svmep\/event\/assemblee-unitaire-du-personnel-des-services-publics-et-parapublics-vd\/#primaryimage"},"thumbnailUrl":"https:\/\/sud.svmep.ch\/svmep\/wp-content\/uploads\/2024\/11\/tenir-les-coudes-copie-300x93.jpg","datePublished":"2025-10-28T10:18:03+00:00","dateModified":"2025-10-31T20:10:35+00:00","description":"Assembl\u00e9e unitaire du personnel des services publics et parapublics contre les coupes budg\u00e9taires du Conseil d'\u00c9tat vaudois.","breadcrumb":{"@id":"https:\/\/sud.svmep.ch\/svmep\/event\/assemblee-unitaire-du-personnel-des-services-publics-et-parapublics-vd\/#breadcrumb"},"inLanguage":"fr-FR","potentialAction":[{"@type":"ReadAction","target":["https:\/\/sud.svmep.ch\/svmep\/event\/assemblee-unitaire-du-personnel-des-services-publics-et-parapublics-vd\/"]}]},{"@type":"ImageObject","inLanguage":"fr-FR","@id":"https:\/\/sud.svmep.ch\/svmep\/event\/assemblee-unitaire-du-personnel-des-services-publics-et-parapublics-vd\/#primaryimage","url":"https:\/\/sud.svmep.ch\/svmep\/wp-content\/uploads\/2024\/11\/tenir-les-coudes-copie.jpg","contentUrl":"https:\/\/sud.svmep.ch\/svmep\/wp-content\/uploads\/2024\/11\/tenir-les-coudes-copie.jpg","width":847,"height":263},{"@type":"BreadcrumbList","@id":"https:\/\/sud.svmep.ch\/svmep\/event\/assemblee-unitaire-du-personnel-des-services-publics-et-parapublics-vd\/#breadcrumb","itemListElement":[{"@type":"ListItem","position":1,"name":"Accueil","item":"https:\/\/sud.svmep.ch\/svmep\/"},{"@type":"ListItem","position":2,"name":"\u00c9v\u00e8nements","item":"https:\/\/sud.svmep.ch\/svmep\/events\/"},{"@type":"ListItem","position":3,"name":"Assembl\u00e9e unitaire du personnel des services publics et parapublics VD"}]},{"@type":"WebSite","@id":"https:\/\/sud.svmep.ch\/svmep\/#website","url":"https:\/\/sud.svmep.ch\/svmep\/","name":"Syndicat vaudois des ma\u00eetres.ses de l'enseignement professionnel","description":"","publisher":{"@id":"https:\/\/sud.svmep.ch\/svmep\/#organization"},"alternateName":"SVMEP","potentialAction":[{"@type":"SearchAction","target":{"@type":"EntryPoint","urlTemplate":"https:\/\/sud.svmep.ch\/svmep\/?s={search_term_string}"},"query-input":{"@type":"PropertyValueSpecification","valueRequired":true,"valueName":"search_term_string"}}],"inLanguage":"fr-FR"},{"@type":"Organization","@id":"https:\/\/sud.svmep.ch\/svmep\/#organization","name":"Syndicat vaudois des ma\u00eetres.ses de l'enseignement professionnel SVMEP","alternateName":"SVMEP","url":"https:\/\/sud.svmep.ch\/svmep\/","logo":{"@type":"ImageObject","inLanguage":"fr-FR","@id":"https:\/\/sud.svmep.ch\/svmep\/#\/schema\/logo\/image\/","url":"https:\/\/sud.svmep.ch\/svmep\/wp-content\/uploads\/2024\/09\/svmep150x260.jpg","contentUrl":"https:\/\/sud.svmep.ch\/svmep\/wp-content\/uploads\/2024\/09\/svmep150x260.jpg","width":226,"height":127,"caption":"Syndicat vaudois des ma\u00eetres.ses de l'enseignement professionnel SVMEP"},"image":{"@id":"https:\/\/sud.svmep.ch\/svmep\/#\/schema\/logo\/image\/"}}]}},"_links":{"self":[{"href":"https:\/\/sud.svmep.ch\/svmep\/wp-json\/wp\/v2\/tribe_events\/2282","targetHints":{"allow":["GET"]}}],"collection":[{"href":"https:\/\/sud.svmep.ch\/svmep\/wp-json\/wp\/v2\/tribe_events"}],"about":[{"href":"https:\/\/sud.svmep.ch\/svmep\/wp-json\/wp\/v2\/types\/tribe_events"}],"author":[{"embeddable":true,"href":"https:\/\/sud.svmep.ch\/svmep\/wp-json\/wp\/v2\/users\/4"}],"version-history":[{"count":0,"href":"https:\/\/sud.svmep.ch\/svmep\/wp-json\/wp\/v2\/tribe_events\/2282\/revisions"}],"wp:attachment":[{"href":"https:\/\/sud.svmep.ch\/svmep\/wp-json\/wp\/v2\/media?parent=2282"}],"wp:term":[{"taxonomy":"post_tag","embeddable":true,"href":"https:\/\/sud.svmep.ch\/svmep\/wp-json\/wp\/v2\/tags?post=2282"},{"taxonomy":"tribe_events_cat","embeddable":true,"href":"https:\/\/sud.svmep.ch\/svmep\/wp-json\/wp\/v2\/tribe_events_cat?post=2282"}],"curies":[{"name":"wp","href":"https:\/\/api.w.org\/{rel}","templated":true}]}}