{"id":2300,"date":"2025-10-31T21:30:50","date_gmt":"2025-10-31T20:30:50","guid":{"rendered":"https:\/\/sud.svmep.ch\/svmep\/?post_type=tribe_events&#038;p=2300"},"modified":"2025-11-04T10:51:47","modified_gmt":"2025-11-04T09:51:47","slug":"greve-de-la-fonction-publique-et-parapublique-vd","status":"publish","type":"tribe_events","link":"https:\/\/sud.svmep.ch\/svmep\/event\/greve-de-la-fonction-publique-et-parapublique-vd\/","title":{"rendered":"Gr\u00e8ve de la fonction publique et parapublique VD"},"content":{"rendered":"<div class=\"page\" title=\"Page 1\">\n<div class=\"layoutArea\">\n<div class=\"column\">\n<h2>Coupes budge\u0301taires : appel a\u0300 la poursuite de la mobilisation et a\u0300 la gre\u0300ve !<a href=\"https:\/\/sud.svmep.ch\/svmep\/wp-content\/uploads\/2025-10-17-affiche-sud-v3.png\" target=\"_blank\" rel=\"noopener\"><img loading=\"lazy\" decoding=\"async\" class=\"alignright wp-image-2307\" src=\"https:\/\/sud.svmep.ch\/svmep\/wp-content\/uploads\/2025-10-17-affiche-sud-v3-724x1024.png\" alt=\"\" width=\"551\" height=\"779\" srcset=\"https:\/\/sud.svmep.ch\/svmep\/wp-content\/uploads\/2025-10-17-affiche-sud-v3-724x1024.png 724w, https:\/\/sud.svmep.ch\/svmep\/wp-content\/uploads\/2025-10-17-affiche-sud-v3-212x300.png 212w, https:\/\/sud.svmep.ch\/svmep\/wp-content\/uploads\/2025-10-17-affiche-sud-v3-768x1086.png 768w, https:\/\/sud.svmep.ch\/svmep\/wp-content\/uploads\/2025-10-17-affiche-sud-v3-1086x1536.png 1086w, https:\/\/sud.svmep.ch\/svmep\/wp-content\/uploads\/2025-10-17-affiche-sud-v3-1448x2048.png 1448w, https:\/\/sud.svmep.ch\/svmep\/wp-content\/uploads\/2025-10-17-affiche-sud-v3.png 1653w\" sizes=\"auto, (max-width: 551px) 100vw, 551px\" \/><\/a><\/h2>\n<p>L\u2019Assemble\u0301e ge\u0301ne\u0301rale du personnel des services publics et parapublics vaudois (ci-apre\u0300s l\u2019AG) s\u2019est re\u0301unie ce jeudi 30 octobre 2025 au Cazard a\u0300 Lausanne. Elle a tire\u0301 un bilan positif de la manifestation du 2 octobre qui a e\u0301te\u0301 un immense succe\u0300s avec 15&rsquo;000 participant.es dans les rues en de\u0301fense des services publics et parapublics, des salaires et des conditions de travail ; ainsi elle s\u2019est penche\u0301e sur les suites a\u0300 donner a\u0300 la mobilisation.<\/p>\n<h5 style=\"text-align: right;\"><em><a href=\"https:\/\/youtube.com\/shorts\/-ak8FS0bqSM?si=_kDO0QlyYQwy42-f\" target=\"_blank\" rel=\"noopener\">Interview d&rsquo;Aristides Pedraza<\/a>, secr\u00e9taire f\u00e9d\u00e9ral \u00e0 SUD,<br \/>\n\u00e0 propos de la mobilisation massive du 2 octobre<\/em><\/h5>\n<p>L\u2019AG constate que les e\u0301le\u0301ments qui ont fonde\u0301 le mouvement initie\u0301 le 2 octobre sont toujours d\u2019actualite\u0301 :<\/p>\n<ul>\n<li>Le Conseil d\u2019E\u0301tat maintient les 305 millions de coupes annonce\u0301es dans le budget 2026, impactant tant les conditions de travail que la qualite\u0301 des prestations de tous les secteurs des services publics et parapublics.<\/li>\n<li>Le Conseil d\u2019E\u0301tat maintient son projet de \u00ab contribution de crise \u00bb pour le 93,5% du personnel de l\u2019E\u0301tat (0,7% du salaire brut de\u0300s le 01.01.2026) et refuse d\u2019indexer les salaires 2026 pour tout le personnel, me\u0302me au tre\u0300s injuste indice des prix a\u0300 la consommation (IPC).<\/li>\n<li>Dans le secteur parapublic, le Conseil d\u2019E\u0301tat pre\u0301voit des coupes a\u0300 hauteur de 165 millions (54% des mesures d\u2019e\u0301conomies) dont les contours restent inconnus mais dont les conse\u0301quences ne\u0301fastes sont par contre e\u0301videntes.<\/li>\n<\/ul>\n<p>L\u2019AG de\u0301nonce la politique d\u2019auste\u0301rite\u0301 de\u0301cide\u0301e par le Conseil d\u2019E\u0301tat qui est injustifie\u0301e pour les raisons suivantes :<\/p>\n<ul>\n<li>Le Conseil d\u2019E\u0301tat est toujours a\u0300 la te\u0302te d\u2019une fortune de plusieurs milliards et les 18 anne\u0301es d\u2019exce\u0301dents budge\u0301taires a\u0300 600 millions en moyenne par an constituent un matelas de plus de 11 milliards.<\/li>\n<li>Les comptes de\u0301ficitaires annonce\u0301s pour 2025 et pre\u0301vus pour 2026 et les anne\u0301es suivantes re\u0301sultent toujours d\u2019une politique fiscale de\u0301sastreuse de\u0301ja\u0300 de\u0301nonce\u0301e : baisse d\u2019impo\u0302ts pour 740 millions sur les 12 dernie\u0300res anne\u0301es, application honteuse et ille\u0301gale du bouclier fiscal au profit des plus riches pour un e\u0301quivalent entre 500 millions et un milliard de francs, des centaines de millions de rentre\u0301e fiscale en moins par le biais de nouvelles baisses d\u2019impo\u0302ts a\u0300 venir.<\/li>\n<li>Le \u00abfrein a\u0300 l\u2019endettement\u00bb, qui re\u0301pond a\u0300 une strate\u0301gie politique, continue de limiter arbitrairement les de\u0301penses publiques indispensables a\u0300 la de\u0301livrance de prestations de services publics et parapublics de qualite\u0301 a\u0300 me\u0302me de satisfaire les besoins sociaux de la population.<\/li>\n<li>Le bloc bourgeois au Parlement surenche\u0301rit sans cesse avec des mesures d\u2019auste\u0301rite\u0301 plus importantes encore et pe\u0301rennes.<\/li>\n<\/ul>\n<p>De plus, il est chaque jour plus e\u0301vident que le Conseil d\u2019E\u0301tat tente une man\u0153uvre de contournement des droits du personnel :<\/p>\n<ul>\n<li>Le Conseil d\u2019E\u0301tat accentue son attaque avec l\u2019arme du de\u0301cret. Il a annonce\u0301 que la baisse des salaires et l\u2019ensemble des mesures d\u2019e\u0301conomie seraient l\u2019objet d\u2019une se\u0301rie de de\u0301crets vote\u0301s par le Grand Conseil. Il tente ainsi de remettre entre les mains de sa majorite\u0301 parlementaire une responsabilite\u0301 qui est la sienne de par la Loi sur le personnel (LPers-VD). C\u2019est une man\u0153uvre scandaleuse pour ne pas ne\u0301gocier la politique salariale avec les syndicats et sans doute aussi tenter de modifier la LPers a\u0300 plus long terme.<\/li>\n<li>L\u2019Organe de conciliation et d\u2019arbitrage unitairement saisi par la FSF, le SSP et SUD n\u2019a pu que constater l\u2019absence de ne\u0301gociation et de\u0301livrer un acte de non-conciliation le 14 octobre 2025, ce qui ouvre la porte a\u0300 une gre\u0300ve licite.<\/li>\n<\/ul>\n<\/div>\n<\/div>\n<\/div>\n<div class=\"page\" title=\"Page 2\">\n<div class=\"layoutArea\">\n<div class=\"column\">\n<p>Forte de ces constats, l\u2019AG exige :<\/p>\n<ul>\n<li>L\u2019annulation de toutes les mesures d\u2019e\u0301conomies de\u0301ja\u0300 prises et des mesures pre\u0301vues dans le budget 2026 et l\u2019e\u0301tablissement d\u2019un budget indexe\u0301 aux ve\u0301ritables besoins des services publics et parapublics.<\/li>\n<li>La tenue des engagements pris envers les salarie\u0301\u00b7es et, en particulier, le maintien du financement des mesures de\u0301ja\u0300 de\u0301cide\u0301es mais brutalement remises en cause par l\u2019entre\u0301e en vigueur du \u00ab plan d\u2019assainissement \u00bb.<\/li>\n<li>L\u2019ouverture de ne\u0301gociations en vue d\u2019allouer les moyens ne\u0301cessaires et d\u2019e\u0301laborer des mesures permettant de garantir un service public de qualite\u0301 a\u0300 la population et donc d\u2019assurer des conditions de travail, de salaire et de statut du personnel a\u0300 la hauteur de sa mission.<\/li>\n<li>L\u2019ouverture de ne\u0301gociations sur les revendications concernant l\u2019e\u0301galite\u0301 femmes \u2013 hommes dans les services publics et parapublics (demande\u0301es depuis 2019).<\/li>\n<\/ul>\n<p>Par ailleurs, elle exige aussi l\u2019arre\u0302t imme\u0301diat des baisses d\u2019impo\u0302ts au profit des contribuables les plus riches et la suppression du frein a\u0300 l\u2019endettement. Elle demande l\u2019abandon de la politique des caisses vides et des coupes.<\/p>\n<p><strong>L\u2019AG est de\u0301termine\u0301e a\u0300 poursuivre et intensifier la mobilisation pour l\u2019ouverture de ne\u0301gociations avec le Conseil d\u2019E\u0301tat en vue de faire aboutir ses revendications. Elle appelle donc toutes les personnes salarie\u0301es des services publics et parapublics \u00e0 :<\/strong><\/p>\n<ul>\n<li><strong>s\u2019organiser sur les lieux de travail ;<\/strong><\/li>\n<li><strong>se re\u0301unir en Assemble\u0301e ge\u0301ne\u0301rale partout ou\u0300 c\u2019est possible pour voter la gre\u0300ve ;<\/strong><\/li>\n<li><strong>faire gre\u0300ve partout ou\u0300 c\u2019est possible et a\u0300 participer aux journe\u0301es de gre\u0300ve et d\u2019actions des 18 novembre, 25 et 26 novembre 2025, et au-dela\u0300, jusqu&rsquo;a\u0300 ce que le Conseil d\u2019E\u0301tat recule.<\/strong><\/li>\n<li><strong>Elle appelle e\u0301galement a\u0300 deux grandes manifestations unitaires les mardi 18 novembre et mercredi 26 novembre.<\/strong><\/li>\n<\/ul>\n<p><strong>L\u2019AG donne mandat aux syndicats et organisations du personnel FSF, SUD et SSP :<\/strong><\/p>\n<ul>\n<li><strong>D\u2019organiser, coordonner et soutenir la poursuite de la lutte.<\/strong><\/li>\n<li><strong>De n\u2019entrer en ne\u0301gociation avec le Conseil d\u2019E\u0301tat que si ce dernier fixe une rencontre avec un engagement et des garanties quant au retrait de ses mesures d\u2019e\u0301conomie.<\/strong><\/li>\n<\/ul>\n<p><strong>Faute de cela, et a\u0300 partir du 25 novembre, la gre\u0300ve sera reconduite en s\u2019appuyant sur le pre\u0301avis des organisations syndicales et les de\u0301cisions des lieux de travail en gre\u0300ve.<\/strong><\/p>\n<p>Lausanne, le 30 octobre 2025<\/p>\n<p>Re\u0301solution vote\u0301e a\u0300 l\u2019unanimite\u0301 par acclamation<\/p>\n<\/div>\n<\/div>\n<\/div>\n","protected":false},"excerpt":{"rendered":"<p>Coupes budge\u0301taires : appel a\u0300 la poursuite de la mobilisation et a\u0300 la gre\u0300ve ! L\u2019Assemble\u0301e ge\u0301ne\u0301rale du personnel des services publics et parapublics vaudois (ci-apre\u0300s l\u2019AG) s\u2019est re\u0301unie ce [&hellip;]<\/p>\n","protected":false},"author":4,"featured_media":0,"template":"","meta":{"_tribe_events_status":"","_tribe_events_status_reason":"","footnotes":""},"tags":[],"tribe_events_cat":[53],"class_list":["post-2300","tribe_events","type-tribe_events","status-publish","hentry","tribe_events_cat-coupes-budgetaires","cat_coupes-budgetaires"],"yoast_head":"<!-- This site is optimized with the Yoast SEO plugin v27.4 - https:\/\/yoast.com\/product\/yoast-seo-wordpress\/ -->\n<title>Gr\u00e8ve de la fonction publique et parapublique VD - svmep.ch<\/title>\n<meta name=\"robots\" content=\"index, follow, max-snippet:-1, max-image-preview:large, max-video-preview:-1\" \/>\n<link rel=\"canonical\" href=\"https:\/\/sud.svmep.ch\/svmep\/event\/greve-de-la-fonction-publique-et-parapublique-vd\/\" \/>\n<meta property=\"og:locale\" content=\"fr_FR\" \/>\n<meta property=\"og:type\" content=\"article\" \/>\n<meta property=\"og:title\" content=\"Gr\u00e8ve de la fonction publique et parapublique VD - svmep.ch\" \/>\n<meta property=\"og:description\" content=\"Coupes budge\u0301taires : appel a\u0300 la poursuite de la mobilisation et a\u0300 la gre\u0300ve ! L\u2019Assemble\u0301e ge\u0301ne\u0301rale du personnel des services publics et parapublics vaudois (ci-apre\u0300s l\u2019AG) s\u2019est re\u0301unie ce [&hellip;]\" \/>\n<meta property=\"og:url\" content=\"https:\/\/sud.svmep.ch\/svmep\/event\/greve-de-la-fonction-publique-et-parapublique-vd\/\" \/>\n<meta property=\"og:site_name\" content=\"svmep.ch\" \/>\n<meta property=\"article:modified_time\" content=\"2025-11-04T09:51:47+00:00\" \/>\n<meta property=\"og:image\" content=\"https:\/\/sud.svmep.ch\/svmep\/wp-content\/uploads\/2025-10-17-affiche-sud-v3.png\" \/>\n\t<meta property=\"og:image:width\" content=\"1653\" \/>\n\t<meta property=\"og:image:height\" content=\"2338\" \/>\n\t<meta property=\"og:image:type\" content=\"image\/png\" \/>\n<meta name=\"twitter:card\" content=\"summary_large_image\" \/>\n<script type=\"application\/ld+json\" class=\"yoast-schema-graph\">{\"@context\":\"https:\\\/\\\/schema.org\",\"@graph\":[{\"@type\":\"WebPage\",\"@id\":\"https:\\\/\\\/sud.svmep.ch\\\/svmep\\\/event\\\/greve-de-la-fonction-publique-et-parapublique-vd\\\/\",\"url\":\"https:\\\/\\\/sud.svmep.ch\\\/svmep\\\/event\\\/greve-de-la-fonction-publique-et-parapublique-vd\\\/\",\"name\":\"Gr\u00e8ve de la fonction publique et parapublique VD - svmep.ch\",\"isPartOf\":{\"@id\":\"https:\\\/\\\/sud.svmep.ch\\\/svmep\\\/#website\"},\"primaryImageOfPage\":{\"@id\":\"https:\\\/\\\/sud.svmep.ch\\\/svmep\\\/event\\\/greve-de-la-fonction-publique-et-parapublique-vd\\\/#primaryimage\"},\"image\":{\"@id\":\"https:\\\/\\\/sud.svmep.ch\\\/svmep\\\/event\\\/greve-de-la-fonction-publique-et-parapublique-vd\\\/#primaryimage\"},\"thumbnailUrl\":\"https:\\\/\\\/sud.svmep.ch\\\/svmep\\\/wp-content\\\/uploads\\\/2025-10-17-affiche-sud-v3-724x1024.png\",\"datePublished\":\"2025-10-31T20:30:50+00:00\",\"dateModified\":\"2025-11-04T09:51:47+00:00\",\"breadcrumb\":{\"@id\":\"https:\\\/\\\/sud.svmep.ch\\\/svmep\\\/event\\\/greve-de-la-fonction-publique-et-parapublique-vd\\\/#breadcrumb\"},\"inLanguage\":\"fr-FR\",\"potentialAction\":[{\"@type\":\"ReadAction\",\"target\":[\"https:\\\/\\\/sud.svmep.ch\\\/svmep\\\/event\\\/greve-de-la-fonction-publique-et-parapublique-vd\\\/\"]}]},{\"@type\":\"ImageObject\",\"inLanguage\":\"fr-FR\",\"@id\":\"https:\\\/\\\/sud.svmep.ch\\\/svmep\\\/event\\\/greve-de-la-fonction-publique-et-parapublique-vd\\\/#primaryimage\",\"url\":\"https:\\\/\\\/sud.svmep.ch\\\/svmep\\\/wp-content\\\/uploads\\\/2025-10-17-affiche-sud-v3.png\",\"contentUrl\":\"https:\\\/\\\/sud.svmep.ch\\\/svmep\\\/wp-content\\\/uploads\\\/2025-10-17-affiche-sud-v3.png\",\"width\":1653,\"height\":2338},{\"@type\":\"BreadcrumbList\",\"@id\":\"https:\\\/\\\/sud.svmep.ch\\\/svmep\\\/event\\\/greve-de-la-fonction-publique-et-parapublique-vd\\\/#breadcrumb\",\"itemListElement\":[{\"@type\":\"ListItem\",\"position\":1,\"name\":\"Accueil\",\"item\":\"https:\\\/\\\/sud.svmep.ch\\\/svmep\\\/\"},{\"@type\":\"ListItem\",\"position\":2,\"name\":\"\u00c9v\u00e8nements\",\"item\":\"https:\\\/\\\/sud.svmep.ch\\\/svmep\\\/events\\\/\"},{\"@type\":\"ListItem\",\"position\":3,\"name\":\"Gr\u00e8ve de la fonction publique et parapublique VD\"}]},{\"@type\":\"WebSite\",\"@id\":\"https:\\\/\\\/sud.svmep.ch\\\/svmep\\\/#website\",\"url\":\"https:\\\/\\\/sud.svmep.ch\\\/svmep\\\/\",\"name\":\"Syndicat vaudois des ma\u00eetres.ses de l'enseignement professionnel\",\"description\":\"\",\"publisher\":{\"@id\":\"https:\\\/\\\/sud.svmep.ch\\\/svmep\\\/#organization\"},\"alternateName\":\"SVMEP\",\"potentialAction\":[{\"@type\":\"SearchAction\",\"target\":{\"@type\":\"EntryPoint\",\"urlTemplate\":\"https:\\\/\\\/sud.svmep.ch\\\/svmep\\\/?s={search_term_string}\"},\"query-input\":{\"@type\":\"PropertyValueSpecification\",\"valueRequired\":true,\"valueName\":\"search_term_string\"}}],\"inLanguage\":\"fr-FR\"},{\"@type\":\"Organization\",\"@id\":\"https:\\\/\\\/sud.svmep.ch\\\/svmep\\\/#organization\",\"name\":\"Syndicat vaudois des ma\u00eetres.ses de l'enseignement professionnel SVMEP\",\"alternateName\":\"SVMEP\",\"url\":\"https:\\\/\\\/sud.svmep.ch\\\/svmep\\\/\",\"logo\":{\"@type\":\"ImageObject\",\"inLanguage\":\"fr-FR\",\"@id\":\"https:\\\/\\\/sud.svmep.ch\\\/svmep\\\/#\\\/schema\\\/logo\\\/image\\\/\",\"url\":\"https:\\\/\\\/sud.svmep.ch\\\/svmep\\\/wp-content\\\/uploads\\\/2024\\\/09\\\/svmep150x260.jpg\",\"contentUrl\":\"https:\\\/\\\/sud.svmep.ch\\\/svmep\\\/wp-content\\\/uploads\\\/2024\\\/09\\\/svmep150x260.jpg\",\"width\":226,\"height\":127,\"caption\":\"Syndicat vaudois des ma\u00eetres.ses de l'enseignement professionnel SVMEP\"},\"image\":{\"@id\":\"https:\\\/\\\/sud.svmep.ch\\\/svmep\\\/#\\\/schema\\\/logo\\\/image\\\/\"}}]}<\/script>\n<!-- \/ Yoast SEO plugin. -->","yoast_head_json":{"title":"Gr\u00e8ve de la fonction publique et parapublique VD - svmep.ch","robots":{"index":"index","follow":"follow","max-snippet":"max-snippet:-1","max-image-preview":"max-image-preview:large","max-video-preview":"max-video-preview:-1"},"canonical":"https:\/\/sud.svmep.ch\/svmep\/event\/greve-de-la-fonction-publique-et-parapublique-vd\/","og_locale":"fr_FR","og_type":"article","og_title":"Gr\u00e8ve de la fonction publique et parapublique VD - svmep.ch","og_description":"Coupes budge\u0301taires : appel a\u0300 la poursuite de la mobilisation et a\u0300 la gre\u0300ve ! L\u2019Assemble\u0301e ge\u0301ne\u0301rale du personnel des services publics et parapublics vaudois (ci-apre\u0300s l\u2019AG) s\u2019est re\u0301unie ce [&hellip;]","og_url":"https:\/\/sud.svmep.ch\/svmep\/event\/greve-de-la-fonction-publique-et-parapublique-vd\/","og_site_name":"svmep.ch","article_modified_time":"2025-11-04T09:51:47+00:00","og_image":[{"width":1653,"height":2338,"url":"https:\/\/sud.svmep.ch\/svmep\/wp-content\/uploads\/2025-10-17-affiche-sud-v3.png","type":"image\/png"}],"twitter_card":"summary_large_image","schema":{"@context":"https:\/\/schema.org","@graph":[{"@type":"WebPage","@id":"https:\/\/sud.svmep.ch\/svmep\/event\/greve-de-la-fonction-publique-et-parapublique-vd\/","url":"https:\/\/sud.svmep.ch\/svmep\/event\/greve-de-la-fonction-publique-et-parapublique-vd\/","name":"Gr\u00e8ve de la fonction publique et parapublique VD - svmep.ch","isPartOf":{"@id":"https:\/\/sud.svmep.ch\/svmep\/#website"},"primaryImageOfPage":{"@id":"https:\/\/sud.svmep.ch\/svmep\/event\/greve-de-la-fonction-publique-et-parapublique-vd\/#primaryimage"},"image":{"@id":"https:\/\/sud.svmep.ch\/svmep\/event\/greve-de-la-fonction-publique-et-parapublique-vd\/#primaryimage"},"thumbnailUrl":"https:\/\/sud.svmep.ch\/svmep\/wp-content\/uploads\/2025-10-17-affiche-sud-v3-724x1024.png","datePublished":"2025-10-31T20:30:50+00:00","dateModified":"2025-11-04T09:51:47+00:00","breadcrumb":{"@id":"https:\/\/sud.svmep.ch\/svmep\/event\/greve-de-la-fonction-publique-et-parapublique-vd\/#breadcrumb"},"inLanguage":"fr-FR","potentialAction":[{"@type":"ReadAction","target":["https:\/\/sud.svmep.ch\/svmep\/event\/greve-de-la-fonction-publique-et-parapublique-vd\/"]}]},{"@type":"ImageObject","inLanguage":"fr-FR","@id":"https:\/\/sud.svmep.ch\/svmep\/event\/greve-de-la-fonction-publique-et-parapublique-vd\/#primaryimage","url":"https:\/\/sud.svmep.ch\/svmep\/wp-content\/uploads\/2025-10-17-affiche-sud-v3.png","contentUrl":"https:\/\/sud.svmep.ch\/svmep\/wp-content\/uploads\/2025-10-17-affiche-sud-v3.png","width":1653,"height":2338},{"@type":"BreadcrumbList","@id":"https:\/\/sud.svmep.ch\/svmep\/event\/greve-de-la-fonction-publique-et-parapublique-vd\/#breadcrumb","itemListElement":[{"@type":"ListItem","position":1,"name":"Accueil","item":"https:\/\/sud.svmep.ch\/svmep\/"},{"@type":"ListItem","position":2,"name":"\u00c9v\u00e8nements","item":"https:\/\/sud.svmep.ch\/svmep\/events\/"},{"@type":"ListItem","position":3,"name":"Gr\u00e8ve de la fonction publique et parapublique VD"}]},{"@type":"WebSite","@id":"https:\/\/sud.svmep.ch\/svmep\/#website","url":"https:\/\/sud.svmep.ch\/svmep\/","name":"Syndicat vaudois des ma\u00eetres.ses de l'enseignement professionnel","description":"","publisher":{"@id":"https:\/\/sud.svmep.ch\/svmep\/#organization"},"alternateName":"SVMEP","potentialAction":[{"@type":"SearchAction","target":{"@type":"EntryPoint","urlTemplate":"https:\/\/sud.svmep.ch\/svmep\/?s={search_term_string}"},"query-input":{"@type":"PropertyValueSpecification","valueRequired":true,"valueName":"search_term_string"}}],"inLanguage":"fr-FR"},{"@type":"Organization","@id":"https:\/\/sud.svmep.ch\/svmep\/#organization","name":"Syndicat vaudois des ma\u00eetres.ses de l'enseignement professionnel SVMEP","alternateName":"SVMEP","url":"https:\/\/sud.svmep.ch\/svmep\/","logo":{"@type":"ImageObject","inLanguage":"fr-FR","@id":"https:\/\/sud.svmep.ch\/svmep\/#\/schema\/logo\/image\/","url":"https:\/\/sud.svmep.ch\/svmep\/wp-content\/uploads\/2024\/09\/svmep150x260.jpg","contentUrl":"https:\/\/sud.svmep.ch\/svmep\/wp-content\/uploads\/2024\/09\/svmep150x260.jpg","width":226,"height":127,"caption":"Syndicat vaudois des ma\u00eetres.ses de l'enseignement professionnel SVMEP"},"image":{"@id":"https:\/\/sud.svmep.ch\/svmep\/#\/schema\/logo\/image\/"}}]}},"_links":{"self":[{"href":"https:\/\/sud.svmep.ch\/svmep\/wp-json\/wp\/v2\/tribe_events\/2300","targetHints":{"allow":["GET"]}}],"collection":[{"href":"https:\/\/sud.svmep.ch\/svmep\/wp-json\/wp\/v2\/tribe_events"}],"about":[{"href":"https:\/\/sud.svmep.ch\/svmep\/wp-json\/wp\/v2\/types\/tribe_events"}],"author":[{"embeddable":true,"href":"https:\/\/sud.svmep.ch\/svmep\/wp-json\/wp\/v2\/users\/4"}],"version-history":[{"count":0,"href":"https:\/\/sud.svmep.ch\/svmep\/wp-json\/wp\/v2\/tribe_events\/2300\/revisions"}],"wp:attachment":[{"href":"https:\/\/sud.svmep.ch\/svmep\/wp-json\/wp\/v2\/media?parent=2300"}],"wp:term":[{"taxonomy":"post_tag","embeddable":true,"href":"https:\/\/sud.svmep.ch\/svmep\/wp-json\/wp\/v2\/tags?post=2300"},{"taxonomy":"tribe_events_cat","embeddable":true,"href":"https:\/\/sud.svmep.ch\/svmep\/wp-json\/wp\/v2\/tribe_events_cat?post=2300"}],"curies":[{"name":"wp","href":"https:\/\/api.w.org\/{rel}","templated":true}]}}