{"id":2311,"date":"2025-11-04T00:41:07","date_gmt":"2025-11-03T23:41:07","guid":{"rendered":"https:\/\/sud.svmep.ch\/svmep\/?post_type=tribe_events&#038;p=2311"},"modified":"2025-11-04T00:41:58","modified_gmt":"2025-11-03T23:41:58","slug":"atelier-discussion-passe-present-et-futur-de-sud-quelles-orientations-syndicales","status":"publish","type":"tribe_events","link":"https:\/\/sud.svmep.ch\/svmep\/event\/atelier-discussion-passe-present-et-futur-de-sud-quelles-orientations-syndicales\/","title":{"rendered":"Atelier-discussion \u00abPass\u00e9, pr\u00e9sent et futur de SUD : quelles orientations syndicales ?\u00bb"},"content":{"rendered":"<h4>Il s\u2019agit d\u2019une introduction \u00e0 l\u2019histoire, \u00e0 la structure et aux orientations syndicales de la F\u00e9d\u00e9ration syndicale SUD. Le cr\u00e9do de cette premi\u00e8re rencontre est de mieux comprendre le syndicat pour se l\u2019approprier, s\u2019y investir et l\u2019am\u00e9liorer\u2009!<img loading=\"lazy\" decoding=\"async\" class=\"alignright size-thumbnail wp-image-1918\" src=\"https:\/\/sud.svmep.ch\/svmep\/wp-content\/uploads\/sud-mega-noir-carre-150x150.jpg\" alt=\"\" width=\"150\" height=\"150\" srcset=\"https:\/\/sud.svmep.ch\/svmep\/wp-content\/uploads\/sud-mega-noir-carre-150x150.jpg 150w, https:\/\/sud.svmep.ch\/svmep\/wp-content\/uploads\/sud-mega-noir-carre-300x300.jpg 300w, https:\/\/sud.svmep.ch\/svmep\/wp-content\/uploads\/sud-mega-noir-carre-1024x1024.jpg 1024w, https:\/\/sud.svmep.ch\/svmep\/wp-content\/uploads\/sud-mega-noir-carre-768x768.jpg 768w, https:\/\/sud.svmep.ch\/svmep\/wp-content\/uploads\/sud-mega-noir-carre-1536x1536.jpg 1536w, https:\/\/sud.svmep.ch\/svmep\/wp-content\/uploads\/sud-mega-noir-carre.jpg 1851w\" sizes=\"auto, (max-width: 150px) 100vw, 150px\" \/><\/h4>\n<p>Organis\u00e9 en deux parties, l\u2019atelier d\u00e9butera par quelques br\u00e8ves pr\u00e9sentations orales qui reviendront sur les principales orientations, l\u2019histoire et le pr\u00e9sent de SUD. Une seconde partie plus participative suivra avec une lecture et discussion en petits groupes des textes fondateurs de la f\u00e9d\u00e9ration, d\u2019un texte sur une lutte syndicale pass\u00e9e exemplaire et sur le cadrage actuel de la mobilisation de la fonction publique-parapublique vaudoise. L\u2019ensemble des discussions men\u00e9es en groupe sera enfin d\u00e9battu et mis en perspective en assembl\u00e9e, puis la soir\u00e9e se terminera avec un ap\u00e9ro convivial.<\/p>\n<p>Que vous soyez un\u00b7e militant\u00b7e aguerri\u00b7e, fra\u00eechement syndiqu\u00e9\u00b7e ou un\u00b7e simple sympathisant\u00b7e de notre organisation, cet atelier peut vous \u00eatre utile. Vous \u00eates toutes et tous les bienvenu\u00b7es\u2009!<\/p>\n","protected":false},"excerpt":{"rendered":"<p>Il s\u2019agit d\u2019une introduction \u00e0 l\u2019histoire, \u00e0 la structure et aux orientations syndicales de la F\u00e9d\u00e9ration syndicale SUD. Le cr\u00e9do de cette premi\u00e8re rencontre est de mieux comprendre le syndicat [&hellip;]<\/p>\n","protected":false},"author":4,"featured_media":0,"template":"","meta":{"_tribe_events_status":"","_tribe_events_status_reason":"","footnotes":""},"tags":[],"tribe_events_cat":[],"class_list":["post-2311","tribe_events","type-tribe_events","status-publish","hentry"],"yoast_head":"<!-- This site is optimized with the Yoast SEO plugin v27.4 - https:\/\/yoast.com\/product\/yoast-seo-wordpress\/ -->\n<title>Atelier-discussion \u00abPass\u00e9, pr\u00e9sent et futur de SUD : quelles orientations syndicales ?\u00bb - svmep.ch<\/title>\n<meta name=\"robots\" content=\"index, follow, max-snippet:-1, max-image-preview:large, max-video-preview:-1\" \/>\n<link rel=\"canonical\" href=\"https:\/\/sud.svmep.ch\/svmep\/event\/atelier-discussion-passe-present-et-futur-de-sud-quelles-orientations-syndicales\/\" \/>\n<meta property=\"og:locale\" content=\"fr_FR\" \/>\n<meta property=\"og:type\" content=\"article\" \/>\n<meta property=\"og:title\" content=\"Atelier-discussion \u00abPass\u00e9, pr\u00e9sent et futur de SUD : quelles orientations syndicales ?\u00bb - svmep.ch\" \/>\n<meta property=\"og:description\" content=\"Il s\u2019agit d\u2019une introduction \u00e0 l\u2019histoire, \u00e0 la structure et aux orientations syndicales de la F\u00e9d\u00e9ration syndicale SUD. Le cr\u00e9do de cette premi\u00e8re rencontre est de mieux comprendre le syndicat [&hellip;]\" \/>\n<meta property=\"og:url\" content=\"https:\/\/sud.svmep.ch\/svmep\/event\/atelier-discussion-passe-present-et-futur-de-sud-quelles-orientations-syndicales\/\" \/>\n<meta property=\"og:site_name\" content=\"svmep.ch\" \/>\n<meta property=\"article:modified_time\" content=\"2025-11-03T23:41:58+00:00\" \/>\n<meta property=\"og:image\" content=\"https:\/\/sud.svmep.ch\/svmep\/wp-content\/uploads\/sud-mega-noir-carre.jpg\" \/>\n\t<meta property=\"og:image:width\" content=\"1851\" \/>\n\t<meta property=\"og:image:height\" content=\"1851\" \/>\n\t<meta property=\"og:image:type\" content=\"image\/jpeg\" \/>\n<meta name=\"twitter:card\" content=\"summary_large_image\" \/>\n<script type=\"application\/ld+json\" class=\"yoast-schema-graph\">{\"@context\":\"https:\\\/\\\/schema.org\",\"@graph\":[{\"@type\":\"WebPage\",\"@id\":\"https:\\\/\\\/sud.svmep.ch\\\/svmep\\\/event\\\/atelier-discussion-passe-present-et-futur-de-sud-quelles-orientations-syndicales\\\/\",\"url\":\"https:\\\/\\\/sud.svmep.ch\\\/svmep\\\/event\\\/atelier-discussion-passe-present-et-futur-de-sud-quelles-orientations-syndicales\\\/\",\"name\":\"Atelier-discussion \u00abPass\u00e9, pr\u00e9sent et futur de SUD : quelles orientations syndicales ?\u00bb - svmep.ch\",\"isPartOf\":{\"@id\":\"https:\\\/\\\/sud.svmep.ch\\\/svmep\\\/#website\"},\"primaryImageOfPage\":{\"@id\":\"https:\\\/\\\/sud.svmep.ch\\\/svmep\\\/event\\\/atelier-discussion-passe-present-et-futur-de-sud-quelles-orientations-syndicales\\\/#primaryimage\"},\"image\":{\"@id\":\"https:\\\/\\\/sud.svmep.ch\\\/svmep\\\/event\\\/atelier-discussion-passe-present-et-futur-de-sud-quelles-orientations-syndicales\\\/#primaryimage\"},\"thumbnailUrl\":\"https:\\\/\\\/sud.svmep.ch\\\/svmep\\\/wp-content\\\/uploads\\\/sud-mega-noir-carre-150x150.jpg\",\"datePublished\":\"2025-11-03T23:41:07+00:00\",\"dateModified\":\"2025-11-03T23:41:58+00:00\",\"breadcrumb\":{\"@id\":\"https:\\\/\\\/sud.svmep.ch\\\/svmep\\\/event\\\/atelier-discussion-passe-present-et-futur-de-sud-quelles-orientations-syndicales\\\/#breadcrumb\"},\"inLanguage\":\"fr-FR\",\"potentialAction\":[{\"@type\":\"ReadAction\",\"target\":[\"https:\\\/\\\/sud.svmep.ch\\\/svmep\\\/event\\\/atelier-discussion-passe-present-et-futur-de-sud-quelles-orientations-syndicales\\\/\"]}]},{\"@type\":\"ImageObject\",\"inLanguage\":\"fr-FR\",\"@id\":\"https:\\\/\\\/sud.svmep.ch\\\/svmep\\\/event\\\/atelier-discussion-passe-present-et-futur-de-sud-quelles-orientations-syndicales\\\/#primaryimage\",\"url\":\"https:\\\/\\\/sud.svmep.ch\\\/svmep\\\/wp-content\\\/uploads\\\/sud-mega-noir-carre.jpg\",\"contentUrl\":\"https:\\\/\\\/sud.svmep.ch\\\/svmep\\\/wp-content\\\/uploads\\\/sud-mega-noir-carre.jpg\",\"width\":1851,\"height\":1851},{\"@type\":\"BreadcrumbList\",\"@id\":\"https:\\\/\\\/sud.svmep.ch\\\/svmep\\\/event\\\/atelier-discussion-passe-present-et-futur-de-sud-quelles-orientations-syndicales\\\/#breadcrumb\",\"itemListElement\":[{\"@type\":\"ListItem\",\"position\":1,\"name\":\"Accueil\",\"item\":\"https:\\\/\\\/sud.svmep.ch\\\/svmep\\\/\"},{\"@type\":\"ListItem\",\"position\":2,\"name\":\"\u00c9v\u00e8nements\",\"item\":\"https:\\\/\\\/sud.svmep.ch\\\/svmep\\\/events\\\/\"},{\"@type\":\"ListItem\",\"position\":3,\"name\":\"Atelier-discussion \u00abPass\u00e9, pr\u00e9sent et futur de SUD : quelles orientations syndicales ?\u00bb\"}]},{\"@type\":\"WebSite\",\"@id\":\"https:\\\/\\\/sud.svmep.ch\\\/svmep\\\/#website\",\"url\":\"https:\\\/\\\/sud.svmep.ch\\\/svmep\\\/\",\"name\":\"Syndicat vaudois des ma\u00eetres.ses de l'enseignement professionnel\",\"description\":\"\",\"publisher\":{\"@id\":\"https:\\\/\\\/sud.svmep.ch\\\/svmep\\\/#organization\"},\"alternateName\":\"SVMEP\",\"potentialAction\":[{\"@type\":\"SearchAction\",\"target\":{\"@type\":\"EntryPoint\",\"urlTemplate\":\"https:\\\/\\\/sud.svmep.ch\\\/svmep\\\/?s={search_term_string}\"},\"query-input\":{\"@type\":\"PropertyValueSpecification\",\"valueRequired\":true,\"valueName\":\"search_term_string\"}}],\"inLanguage\":\"fr-FR\"},{\"@type\":\"Organization\",\"@id\":\"https:\\\/\\\/sud.svmep.ch\\\/svmep\\\/#organization\",\"name\":\"Syndicat vaudois des ma\u00eetres.ses de l'enseignement professionnel SVMEP\",\"alternateName\":\"SVMEP\",\"url\":\"https:\\\/\\\/sud.svmep.ch\\\/svmep\\\/\",\"logo\":{\"@type\":\"ImageObject\",\"inLanguage\":\"fr-FR\",\"@id\":\"https:\\\/\\\/sud.svmep.ch\\\/svmep\\\/#\\\/schema\\\/logo\\\/image\\\/\",\"url\":\"https:\\\/\\\/sud.svmep.ch\\\/svmep\\\/wp-content\\\/uploads\\\/2024\\\/09\\\/svmep150x260.jpg\",\"contentUrl\":\"https:\\\/\\\/sud.svmep.ch\\\/svmep\\\/wp-content\\\/uploads\\\/2024\\\/09\\\/svmep150x260.jpg\",\"width\":226,\"height\":127,\"caption\":\"Syndicat vaudois des ma\u00eetres.ses de l'enseignement professionnel SVMEP\"},\"image\":{\"@id\":\"https:\\\/\\\/sud.svmep.ch\\\/svmep\\\/#\\\/schema\\\/logo\\\/image\\\/\"}}]}<\/script>\n<!-- \/ Yoast SEO plugin. -->","yoast_head_json":{"title":"Atelier-discussion \u00abPass\u00e9, pr\u00e9sent et futur de SUD : quelles orientations syndicales ?\u00bb - svmep.ch","robots":{"index":"index","follow":"follow","max-snippet":"max-snippet:-1","max-image-preview":"max-image-preview:large","max-video-preview":"max-video-preview:-1"},"canonical":"https:\/\/sud.svmep.ch\/svmep\/event\/atelier-discussion-passe-present-et-futur-de-sud-quelles-orientations-syndicales\/","og_locale":"fr_FR","og_type":"article","og_title":"Atelier-discussion \u00abPass\u00e9, pr\u00e9sent et futur de SUD : quelles orientations syndicales ?\u00bb - svmep.ch","og_description":"Il s\u2019agit d\u2019une introduction \u00e0 l\u2019histoire, \u00e0 la structure et aux orientations syndicales de la F\u00e9d\u00e9ration syndicale SUD. Le cr\u00e9do de cette premi\u00e8re rencontre est de mieux comprendre le syndicat [&hellip;]","og_url":"https:\/\/sud.svmep.ch\/svmep\/event\/atelier-discussion-passe-present-et-futur-de-sud-quelles-orientations-syndicales\/","og_site_name":"svmep.ch","article_modified_time":"2025-11-03T23:41:58+00:00","og_image":[{"width":1851,"height":1851,"url":"https:\/\/sud.svmep.ch\/svmep\/wp-content\/uploads\/sud-mega-noir-carre.jpg","type":"image\/jpeg"}],"twitter_card":"summary_large_image","schema":{"@context":"https:\/\/schema.org","@graph":[{"@type":"WebPage","@id":"https:\/\/sud.svmep.ch\/svmep\/event\/atelier-discussion-passe-present-et-futur-de-sud-quelles-orientations-syndicales\/","url":"https:\/\/sud.svmep.ch\/svmep\/event\/atelier-discussion-passe-present-et-futur-de-sud-quelles-orientations-syndicales\/","name":"Atelier-discussion \u00abPass\u00e9, pr\u00e9sent et futur de SUD : quelles orientations syndicales ?\u00bb - svmep.ch","isPartOf":{"@id":"https:\/\/sud.svmep.ch\/svmep\/#website"},"primaryImageOfPage":{"@id":"https:\/\/sud.svmep.ch\/svmep\/event\/atelier-discussion-passe-present-et-futur-de-sud-quelles-orientations-syndicales\/#primaryimage"},"image":{"@id":"https:\/\/sud.svmep.ch\/svmep\/event\/atelier-discussion-passe-present-et-futur-de-sud-quelles-orientations-syndicales\/#primaryimage"},"thumbnailUrl":"https:\/\/sud.svmep.ch\/svmep\/wp-content\/uploads\/sud-mega-noir-carre-150x150.jpg","datePublished":"2025-11-03T23:41:07+00:00","dateModified":"2025-11-03T23:41:58+00:00","breadcrumb":{"@id":"https:\/\/sud.svmep.ch\/svmep\/event\/atelier-discussion-passe-present-et-futur-de-sud-quelles-orientations-syndicales\/#breadcrumb"},"inLanguage":"fr-FR","potentialAction":[{"@type":"ReadAction","target":["https:\/\/sud.svmep.ch\/svmep\/event\/atelier-discussion-passe-present-et-futur-de-sud-quelles-orientations-syndicales\/"]}]},{"@type":"ImageObject","inLanguage":"fr-FR","@id":"https:\/\/sud.svmep.ch\/svmep\/event\/atelier-discussion-passe-present-et-futur-de-sud-quelles-orientations-syndicales\/#primaryimage","url":"https:\/\/sud.svmep.ch\/svmep\/wp-content\/uploads\/sud-mega-noir-carre.jpg","contentUrl":"https:\/\/sud.svmep.ch\/svmep\/wp-content\/uploads\/sud-mega-noir-carre.jpg","width":1851,"height":1851},{"@type":"BreadcrumbList","@id":"https:\/\/sud.svmep.ch\/svmep\/event\/atelier-discussion-passe-present-et-futur-de-sud-quelles-orientations-syndicales\/#breadcrumb","itemListElement":[{"@type":"ListItem","position":1,"name":"Accueil","item":"https:\/\/sud.svmep.ch\/svmep\/"},{"@type":"ListItem","position":2,"name":"\u00c9v\u00e8nements","item":"https:\/\/sud.svmep.ch\/svmep\/events\/"},{"@type":"ListItem","position":3,"name":"Atelier-discussion \u00abPass\u00e9, pr\u00e9sent et futur de SUD : quelles orientations syndicales ?\u00bb"}]},{"@type":"WebSite","@id":"https:\/\/sud.svmep.ch\/svmep\/#website","url":"https:\/\/sud.svmep.ch\/svmep\/","name":"Syndicat vaudois des ma\u00eetres.ses de l'enseignement professionnel","description":"","publisher":{"@id":"https:\/\/sud.svmep.ch\/svmep\/#organization"},"alternateName":"SVMEP","potentialAction":[{"@type":"SearchAction","target":{"@type":"EntryPoint","urlTemplate":"https:\/\/sud.svmep.ch\/svmep\/?s={search_term_string}"},"query-input":{"@type":"PropertyValueSpecification","valueRequired":true,"valueName":"search_term_string"}}],"inLanguage":"fr-FR"},{"@type":"Organization","@id":"https:\/\/sud.svmep.ch\/svmep\/#organization","name":"Syndicat vaudois des ma\u00eetres.ses de l'enseignement professionnel SVMEP","alternateName":"SVMEP","url":"https:\/\/sud.svmep.ch\/svmep\/","logo":{"@type":"ImageObject","inLanguage":"fr-FR","@id":"https:\/\/sud.svmep.ch\/svmep\/#\/schema\/logo\/image\/","url":"https:\/\/sud.svmep.ch\/svmep\/wp-content\/uploads\/2024\/09\/svmep150x260.jpg","contentUrl":"https:\/\/sud.svmep.ch\/svmep\/wp-content\/uploads\/2024\/09\/svmep150x260.jpg","width":226,"height":127,"caption":"Syndicat vaudois des ma\u00eetres.ses de l'enseignement professionnel SVMEP"},"image":{"@id":"https:\/\/sud.svmep.ch\/svmep\/#\/schema\/logo\/image\/"}}]}},"_links":{"self":[{"href":"https:\/\/sud.svmep.ch\/svmep\/wp-json\/wp\/v2\/tribe_events\/2311","targetHints":{"allow":["GET"]}}],"collection":[{"href":"https:\/\/sud.svmep.ch\/svmep\/wp-json\/wp\/v2\/tribe_events"}],"about":[{"href":"https:\/\/sud.svmep.ch\/svmep\/wp-json\/wp\/v2\/types\/tribe_events"}],"author":[{"embeddable":true,"href":"https:\/\/sud.svmep.ch\/svmep\/wp-json\/wp\/v2\/users\/4"}],"version-history":[{"count":0,"href":"https:\/\/sud.svmep.ch\/svmep\/wp-json\/wp\/v2\/tribe_events\/2311\/revisions"}],"wp:attachment":[{"href":"https:\/\/sud.svmep.ch\/svmep\/wp-json\/wp\/v2\/media?parent=2311"}],"wp:term":[{"taxonomy":"post_tag","embeddable":true,"href":"https:\/\/sud.svmep.ch\/svmep\/wp-json\/wp\/v2\/tags?post=2311"},{"taxonomy":"tribe_events_cat","embeddable":true,"href":"https:\/\/sud.svmep.ch\/svmep\/wp-json\/wp\/v2\/tribe_events_cat?post=2311"}],"curies":[{"name":"wp","href":"https:\/\/api.w.org\/{rel}","templated":true}]}}