{"id":2348,"date":"2025-11-21T23:38:08","date_gmt":"2025-11-21T22:38:08","guid":{"rendered":"https:\/\/sud.svmep.ch\/svmep\/?post_type=tribe_events&#038;p=2348"},"modified":"2025-12-05T11:41:57","modified_gmt":"2025-12-05T10:41:57","slug":"conference-passer-a-laction-transformer-le-reel-dans-avec-contre-hors-du-pouvoir","status":"publish","type":"tribe_events","link":"https:\/\/sud.svmep.ch\/svmep\/event\/conference-passer-a-laction-transformer-le-reel-dans-avec-contre-hors-du-pouvoir\/","title":{"rendered":"Conf\u00e9rence \u00ab\u2009Passer \u00e0 l\u2019action, transformer le r\u00e9el dans, avec, contre, hors du pouvoir.\u00bb"},"content":{"rendered":"<h4>Conf\u00e9rence d\u2019Adeline de L\u00e9pinay\u2009, <strong>autrice de <a href=\"https:\/\/www.education-populaire.fr\/organisons-nous-le-livre\/\" target=\"_blank\" rel=\"noopener\">Organisons-nous\u2009! Manuel critique<\/a><\/strong><\/h4>\n<h2><em>Passer \u00e0 l\u2019action, transformer le r\u00e9el dans, avec, contre, hors du pouvoir. Agir ici et maintenant\u2009: strat\u00e9gies pour la transformation sociale.<img loading=\"lazy\" decoding=\"async\" class=\"alignright\" src=\"https:\/\/www.education-populaire.fr\/wp-content\/uploads\/2019\/10\/Couverture-V2-gde-Resserr%C3%A9e-200x300.jpeg\" alt=\"\" width=\"200\" height=\"300\" \/><\/em><\/h2>\n<p>La conf\u00e9rence posera les bases de la r\u00e9flexion pour les ateliers du samedi 6 d\u00e9cembre.<\/p>\n<p>Cette formation est offerte aux membres de SUD, \u00e0 prix libre pour les sympathisant.e.s et se fait <strong>sur inscription \u00e0 <a href=\"mailto:info@sud-vd.ch\" target=\"_blank\" rel=\"noopener\">info[at]sud-vd.ch<\/a><\/strong><\/p>\n<p><em>Organisation en collaboration avec Federanim<\/em><\/p>\n","protected":false},"excerpt":{"rendered":"<p>Conf\u00e9rence d\u2019Adeline de L\u00e9pinay\u2009, autrice de Organisons-nous\u2009! Manuel critique Passer \u00e0 l\u2019action, transformer le r\u00e9el dans, avec, contre, hors du pouvoir. Agir ici et maintenant\u2009: strat\u00e9gies pour la transformation sociale. [&hellip;]<\/p>\n","protected":false},"author":4,"featured_media":0,"template":"","meta":{"_tribe_events_status":"","_tribe_events_status_reason":"","footnotes":""},"tags":[],"tribe_events_cat":[],"class_list":["post-2348","tribe_events","type-tribe_events","status-publish","hentry"],"yoast_head":"<!-- This site is optimized with the Yoast SEO plugin v27.4 - https:\/\/yoast.com\/product\/yoast-seo-wordpress\/ -->\n<title>Conf\u00e9rence \u00ab\u2009Passer \u00e0 l\u2019action, transformer le r\u00e9el dans, avec, contre, hors du pouvoir.\u00bb - svmep.ch<\/title>\n<meta name=\"robots\" content=\"index, follow, max-snippet:-1, max-image-preview:large, max-video-preview:-1\" \/>\n<link rel=\"canonical\" href=\"https:\/\/sud.svmep.ch\/svmep\/event\/conference-passer-a-laction-transformer-le-reel-dans-avec-contre-hors-du-pouvoir\/\" \/>\n<meta property=\"og:locale\" content=\"fr_FR\" \/>\n<meta property=\"og:type\" content=\"article\" \/>\n<meta property=\"og:title\" content=\"Conf\u00e9rence \u00ab\u2009Passer \u00e0 l\u2019action, transformer le r\u00e9el dans, avec, contre, hors du pouvoir.\u00bb - svmep.ch\" \/>\n<meta property=\"og:description\" content=\"Conf\u00e9rence d\u2019Adeline de L\u00e9pinay\u2009, autrice de Organisons-nous\u2009! Manuel critique Passer \u00e0 l\u2019action, transformer le r\u00e9el dans, avec, contre, hors du pouvoir. Agir ici et maintenant\u2009: strat\u00e9gies pour la transformation sociale. [&hellip;]\" \/>\n<meta property=\"og:url\" content=\"https:\/\/sud.svmep.ch\/svmep\/event\/conference-passer-a-laction-transformer-le-reel-dans-avec-contre-hors-du-pouvoir\/\" \/>\n<meta property=\"og:site_name\" content=\"svmep.ch\" \/>\n<meta property=\"article:modified_time\" content=\"2025-12-05T10:41:57+00:00\" \/>\n<meta property=\"og:image\" content=\"https:\/\/www.education-populaire.fr\/wp-content\/uploads\/2019\/10\/Couverture-V2-gde-Resserr%C3%A9e-200x300.jpeg\" \/>\n<meta name=\"twitter:card\" content=\"summary_large_image\" \/>\n<script type=\"application\/ld+json\" class=\"yoast-schema-graph\">{\"@context\":\"https:\\\/\\\/schema.org\",\"@graph\":[{\"@type\":\"WebPage\",\"@id\":\"https:\\\/\\\/sud.svmep.ch\\\/svmep\\\/event\\\/conference-passer-a-laction-transformer-le-reel-dans-avec-contre-hors-du-pouvoir\\\/\",\"url\":\"https:\\\/\\\/sud.svmep.ch\\\/svmep\\\/event\\\/conference-passer-a-laction-transformer-le-reel-dans-avec-contre-hors-du-pouvoir\\\/\",\"name\":\"Conf\u00e9rence \u00ab\u2009Passer \u00e0 l\u2019action, transformer le r\u00e9el dans, avec, contre, hors du pouvoir.\u00bb - svmep.ch\",\"isPartOf\":{\"@id\":\"https:\\\/\\\/sud.svmep.ch\\\/svmep\\\/#website\"},\"primaryImageOfPage\":{\"@id\":\"https:\\\/\\\/sud.svmep.ch\\\/svmep\\\/event\\\/conference-passer-a-laction-transformer-le-reel-dans-avec-contre-hors-du-pouvoir\\\/#primaryimage\"},\"image\":{\"@id\":\"https:\\\/\\\/sud.svmep.ch\\\/svmep\\\/event\\\/conference-passer-a-laction-transformer-le-reel-dans-avec-contre-hors-du-pouvoir\\\/#primaryimage\"},\"thumbnailUrl\":\"https:\\\/\\\/www.education-populaire.fr\\\/wp-content\\\/uploads\\\/2019\\\/10\\\/Couverture-V2-gde-Resserr%C3%A9e-200x300.jpeg\",\"datePublished\":\"2025-11-21T22:38:08+00:00\",\"dateModified\":\"2025-12-05T10:41:57+00:00\",\"breadcrumb\":{\"@id\":\"https:\\\/\\\/sud.svmep.ch\\\/svmep\\\/event\\\/conference-passer-a-laction-transformer-le-reel-dans-avec-contre-hors-du-pouvoir\\\/#breadcrumb\"},\"inLanguage\":\"fr-FR\",\"potentialAction\":[{\"@type\":\"ReadAction\",\"target\":[\"https:\\\/\\\/sud.svmep.ch\\\/svmep\\\/event\\\/conference-passer-a-laction-transformer-le-reel-dans-avec-contre-hors-du-pouvoir\\\/\"]}]},{\"@type\":\"ImageObject\",\"inLanguage\":\"fr-FR\",\"@id\":\"https:\\\/\\\/sud.svmep.ch\\\/svmep\\\/event\\\/conference-passer-a-laction-transformer-le-reel-dans-avec-contre-hors-du-pouvoir\\\/#primaryimage\",\"url\":\"https:\\\/\\\/www.education-populaire.fr\\\/wp-content\\\/uploads\\\/2019\\\/10\\\/Couverture-V2-gde-Resserr%C3%A9e-200x300.jpeg\",\"contentUrl\":\"https:\\\/\\\/www.education-populaire.fr\\\/wp-content\\\/uploads\\\/2019\\\/10\\\/Couverture-V2-gde-Resserr%C3%A9e-200x300.jpeg\"},{\"@type\":\"BreadcrumbList\",\"@id\":\"https:\\\/\\\/sud.svmep.ch\\\/svmep\\\/event\\\/conference-passer-a-laction-transformer-le-reel-dans-avec-contre-hors-du-pouvoir\\\/#breadcrumb\",\"itemListElement\":[{\"@type\":\"ListItem\",\"position\":1,\"name\":\"Accueil\",\"item\":\"https:\\\/\\\/sud.svmep.ch\\\/svmep\\\/\"},{\"@type\":\"ListItem\",\"position\":2,\"name\":\"\u00c9v\u00e8nements\",\"item\":\"https:\\\/\\\/sud.svmep.ch\\\/svmep\\\/events\\\/\"},{\"@type\":\"ListItem\",\"position\":3,\"name\":\"Conf\u00e9rence \u00ab\u2009Passer \u00e0 l\u2019action, transformer le r\u00e9el dans, avec, contre, hors du pouvoir.\u00bb\"}]},{\"@type\":\"WebSite\",\"@id\":\"https:\\\/\\\/sud.svmep.ch\\\/svmep\\\/#website\",\"url\":\"https:\\\/\\\/sud.svmep.ch\\\/svmep\\\/\",\"name\":\"Syndicat vaudois des ma\u00eetres.ses de l'enseignement professionnel\",\"description\":\"\",\"publisher\":{\"@id\":\"https:\\\/\\\/sud.svmep.ch\\\/svmep\\\/#organization\"},\"alternateName\":\"SVMEP\",\"potentialAction\":[{\"@type\":\"SearchAction\",\"target\":{\"@type\":\"EntryPoint\",\"urlTemplate\":\"https:\\\/\\\/sud.svmep.ch\\\/svmep\\\/?s={search_term_string}\"},\"query-input\":{\"@type\":\"PropertyValueSpecification\",\"valueRequired\":true,\"valueName\":\"search_term_string\"}}],\"inLanguage\":\"fr-FR\"},{\"@type\":\"Organization\",\"@id\":\"https:\\\/\\\/sud.svmep.ch\\\/svmep\\\/#organization\",\"name\":\"Syndicat vaudois des ma\u00eetres.ses de l'enseignement professionnel SVMEP\",\"alternateName\":\"SVMEP\",\"url\":\"https:\\\/\\\/sud.svmep.ch\\\/svmep\\\/\",\"logo\":{\"@type\":\"ImageObject\",\"inLanguage\":\"fr-FR\",\"@id\":\"https:\\\/\\\/sud.svmep.ch\\\/svmep\\\/#\\\/schema\\\/logo\\\/image\\\/\",\"url\":\"https:\\\/\\\/sud.svmep.ch\\\/svmep\\\/wp-content\\\/uploads\\\/2024\\\/09\\\/svmep150x260.jpg\",\"contentUrl\":\"https:\\\/\\\/sud.svmep.ch\\\/svmep\\\/wp-content\\\/uploads\\\/2024\\\/09\\\/svmep150x260.jpg\",\"width\":226,\"height\":127,\"caption\":\"Syndicat vaudois des ma\u00eetres.ses de l'enseignement professionnel SVMEP\"},\"image\":{\"@id\":\"https:\\\/\\\/sud.svmep.ch\\\/svmep\\\/#\\\/schema\\\/logo\\\/image\\\/\"}}]}<\/script>\n<!-- \/ Yoast SEO plugin. -->","yoast_head_json":{"title":"Conf\u00e9rence \u00ab\u2009Passer \u00e0 l\u2019action, transformer le r\u00e9el dans, avec, contre, hors du pouvoir.\u00bb - svmep.ch","robots":{"index":"index","follow":"follow","max-snippet":"max-snippet:-1","max-image-preview":"max-image-preview:large","max-video-preview":"max-video-preview:-1"},"canonical":"https:\/\/sud.svmep.ch\/svmep\/event\/conference-passer-a-laction-transformer-le-reel-dans-avec-contre-hors-du-pouvoir\/","og_locale":"fr_FR","og_type":"article","og_title":"Conf\u00e9rence \u00ab\u2009Passer \u00e0 l\u2019action, transformer le r\u00e9el dans, avec, contre, hors du pouvoir.\u00bb - svmep.ch","og_description":"Conf\u00e9rence d\u2019Adeline de L\u00e9pinay\u2009, autrice de Organisons-nous\u2009! Manuel critique Passer \u00e0 l\u2019action, transformer le r\u00e9el dans, avec, contre, hors du pouvoir. Agir ici et maintenant\u2009: strat\u00e9gies pour la transformation sociale. [&hellip;]","og_url":"https:\/\/sud.svmep.ch\/svmep\/event\/conference-passer-a-laction-transformer-le-reel-dans-avec-contre-hors-du-pouvoir\/","og_site_name":"svmep.ch","article_modified_time":"2025-12-05T10:41:57+00:00","og_image":[{"url":"https:\/\/www.education-populaire.fr\/wp-content\/uploads\/2019\/10\/Couverture-V2-gde-Resserr%C3%A9e-200x300.jpeg","type":"","width":"","height":""}],"twitter_card":"summary_large_image","schema":{"@context":"https:\/\/schema.org","@graph":[{"@type":"WebPage","@id":"https:\/\/sud.svmep.ch\/svmep\/event\/conference-passer-a-laction-transformer-le-reel-dans-avec-contre-hors-du-pouvoir\/","url":"https:\/\/sud.svmep.ch\/svmep\/event\/conference-passer-a-laction-transformer-le-reel-dans-avec-contre-hors-du-pouvoir\/","name":"Conf\u00e9rence \u00ab\u2009Passer \u00e0 l\u2019action, transformer le r\u00e9el dans, avec, contre, hors du pouvoir.\u00bb - svmep.ch","isPartOf":{"@id":"https:\/\/sud.svmep.ch\/svmep\/#website"},"primaryImageOfPage":{"@id":"https:\/\/sud.svmep.ch\/svmep\/event\/conference-passer-a-laction-transformer-le-reel-dans-avec-contre-hors-du-pouvoir\/#primaryimage"},"image":{"@id":"https:\/\/sud.svmep.ch\/svmep\/event\/conference-passer-a-laction-transformer-le-reel-dans-avec-contre-hors-du-pouvoir\/#primaryimage"},"thumbnailUrl":"https:\/\/www.education-populaire.fr\/wp-content\/uploads\/2019\/10\/Couverture-V2-gde-Resserr%C3%A9e-200x300.jpeg","datePublished":"2025-11-21T22:38:08+00:00","dateModified":"2025-12-05T10:41:57+00:00","breadcrumb":{"@id":"https:\/\/sud.svmep.ch\/svmep\/event\/conference-passer-a-laction-transformer-le-reel-dans-avec-contre-hors-du-pouvoir\/#breadcrumb"},"inLanguage":"fr-FR","potentialAction":[{"@type":"ReadAction","target":["https:\/\/sud.svmep.ch\/svmep\/event\/conference-passer-a-laction-transformer-le-reel-dans-avec-contre-hors-du-pouvoir\/"]}]},{"@type":"ImageObject","inLanguage":"fr-FR","@id":"https:\/\/sud.svmep.ch\/svmep\/event\/conference-passer-a-laction-transformer-le-reel-dans-avec-contre-hors-du-pouvoir\/#primaryimage","url":"https:\/\/www.education-populaire.fr\/wp-content\/uploads\/2019\/10\/Couverture-V2-gde-Resserr%C3%A9e-200x300.jpeg","contentUrl":"https:\/\/www.education-populaire.fr\/wp-content\/uploads\/2019\/10\/Couverture-V2-gde-Resserr%C3%A9e-200x300.jpeg"},{"@type":"BreadcrumbList","@id":"https:\/\/sud.svmep.ch\/svmep\/event\/conference-passer-a-laction-transformer-le-reel-dans-avec-contre-hors-du-pouvoir\/#breadcrumb","itemListElement":[{"@type":"ListItem","position":1,"name":"Accueil","item":"https:\/\/sud.svmep.ch\/svmep\/"},{"@type":"ListItem","position":2,"name":"\u00c9v\u00e8nements","item":"https:\/\/sud.svmep.ch\/svmep\/events\/"},{"@type":"ListItem","position":3,"name":"Conf\u00e9rence \u00ab\u2009Passer \u00e0 l\u2019action, transformer le r\u00e9el dans, avec, contre, hors du pouvoir.\u00bb"}]},{"@type":"WebSite","@id":"https:\/\/sud.svmep.ch\/svmep\/#website","url":"https:\/\/sud.svmep.ch\/svmep\/","name":"Syndicat vaudois des ma\u00eetres.ses de l'enseignement professionnel","description":"","publisher":{"@id":"https:\/\/sud.svmep.ch\/svmep\/#organization"},"alternateName":"SVMEP","potentialAction":[{"@type":"SearchAction","target":{"@type":"EntryPoint","urlTemplate":"https:\/\/sud.svmep.ch\/svmep\/?s={search_term_string}"},"query-input":{"@type":"PropertyValueSpecification","valueRequired":true,"valueName":"search_term_string"}}],"inLanguage":"fr-FR"},{"@type":"Organization","@id":"https:\/\/sud.svmep.ch\/svmep\/#organization","name":"Syndicat vaudois des ma\u00eetres.ses de l'enseignement professionnel SVMEP","alternateName":"SVMEP","url":"https:\/\/sud.svmep.ch\/svmep\/","logo":{"@type":"ImageObject","inLanguage":"fr-FR","@id":"https:\/\/sud.svmep.ch\/svmep\/#\/schema\/logo\/image\/","url":"https:\/\/sud.svmep.ch\/svmep\/wp-content\/uploads\/2024\/09\/svmep150x260.jpg","contentUrl":"https:\/\/sud.svmep.ch\/svmep\/wp-content\/uploads\/2024\/09\/svmep150x260.jpg","width":226,"height":127,"caption":"Syndicat vaudois des ma\u00eetres.ses de l'enseignement professionnel SVMEP"},"image":{"@id":"https:\/\/sud.svmep.ch\/svmep\/#\/schema\/logo\/image\/"}}]}},"_links":{"self":[{"href":"https:\/\/sud.svmep.ch\/svmep\/wp-json\/wp\/v2\/tribe_events\/2348","targetHints":{"allow":["GET"]}}],"collection":[{"href":"https:\/\/sud.svmep.ch\/svmep\/wp-json\/wp\/v2\/tribe_events"}],"about":[{"href":"https:\/\/sud.svmep.ch\/svmep\/wp-json\/wp\/v2\/types\/tribe_events"}],"author":[{"embeddable":true,"href":"https:\/\/sud.svmep.ch\/svmep\/wp-json\/wp\/v2\/users\/4"}],"version-history":[{"count":0,"href":"https:\/\/sud.svmep.ch\/svmep\/wp-json\/wp\/v2\/tribe_events\/2348\/revisions"}],"wp:attachment":[{"href":"https:\/\/sud.svmep.ch\/svmep\/wp-json\/wp\/v2\/media?parent=2348"}],"wp:term":[{"taxonomy":"post_tag","embeddable":true,"href":"https:\/\/sud.svmep.ch\/svmep\/wp-json\/wp\/v2\/tags?post=2348"},{"taxonomy":"tribe_events_cat","embeddable":true,"href":"https:\/\/sud.svmep.ch\/svmep\/wp-json\/wp\/v2\/tribe_events_cat?post=2348"}],"curies":[{"name":"wp","href":"https:\/\/api.w.org\/{rel}","templated":true}]}}