{"id":2350,"date":"2025-11-21T23:42:54","date_gmt":"2025-11-21T22:42:54","guid":{"rendered":"https:\/\/sud.svmep.ch\/svmep\/?post_type=tribe_events&#038;p=2350"},"modified":"2025-11-21T23:49:39","modified_gmt":"2025-11-21T22:49:39","slug":"formation-quelle-relation-au-pouvoir-pour-mener-une-action-de-transformation-sociale","status":"publish","type":"tribe_events","link":"https:\/\/sud.svmep.ch\/svmep\/event\/formation-quelle-relation-au-pouvoir-pour-mener-une-action-de-transformation-sociale\/","title":{"rendered":"Formation \u00abQuelle relation au pouvoir, pour mener une action de transformation sociale\u2009?\u00bb"},"content":{"rendered":"<h3>Formation avec Adeline de L\u00e9pinay\u2009, <strong>autrice de <a href=\"https:\/\/www.education-populaire.fr\/organisons-nous-le-livre\/\" target=\"_blank\" rel=\"noopener\">Organisons-nous\u2009! Manuel critique<\/a><\/strong><\/h3>\n<div id=\"attachment_2332\" style=\"width: 235px\" class=\"wp-caption alignright\"><img loading=\"lazy\" decoding=\"async\" aria-describedby=\"caption-attachment-2332\" class=\"size-medium wp-image-2332\" src=\"https:\/\/sud.svmep.ch\/svmep\/wp-content\/uploads\/IMG_6926-225x300.jpg\" alt=\"\" width=\"225\" height=\"300\" srcset=\"https:\/\/sud.svmep.ch\/svmep\/wp-content\/uploads\/IMG_6926-225x300.jpg 225w, https:\/\/sud.svmep.ch\/svmep\/wp-content\/uploads\/IMG_6926-768x1024.jpg 768w, https:\/\/sud.svmep.ch\/svmep\/wp-content\/uploads\/IMG_6926-1152x1536.jpg 1152w, https:\/\/sud.svmep.ch\/svmep\/wp-content\/uploads\/IMG_6926-1536x2048.jpg 1536w, https:\/\/sud.svmep.ch\/svmep\/wp-content\/uploads\/IMG_6926-scaled.jpg 1920w\" sizes=\"auto, (max-width: 225px) 100vw, 225px\" \/><p id=\"caption-attachment-2332\" class=\"wp-caption-text\">CEPV, 18 novembre 2025<\/p><\/div>\n<h3><\/h3>\n<p>\u00c0 partir de situations exemplaires issues de nos exp\u00e9riences, notamment la lutte actuelle contre les coupes budg\u00e9taires, et des \u00e9l\u00e9ments th\u00e9oriques de la conf\u00e9rence de la veille, les participant\u00b7es seront amen\u00e9\u00b7es \u00e0 r\u00e9fl\u00e9chir en petits groupes \u00e0 la forme de l\u2019action syndicale pour aller dans le sens du changement social que nous visons, d\u2019en saisir les obstacles et d\u2019imaginer des pistes pour les d\u00e9passer.<\/p>\n<p>Un petit moment convivial autour d\u2019un ap\u00e9ro conclura la formation.<\/p>\n<p>Cette formation est offerte aux membres de SUD, \u00e0 prix libre pour les sympathisant.e.s et se fait <strong>sur inscription \u00e0 <a href=\"mailto:info@sud-vd.ch\" target=\"_blank\" rel=\"noopener\">info[at]sud-vd.ch<\/a><\/strong><\/p>\n<p><em>Organisation en collaboration avec Federanim<\/em><\/p>\n","protected":false},"excerpt":{"rendered":"<p>Formation avec Adeline de L\u00e9pinay\u2009, autrice de Organisons-nous\u2009! Manuel critique \u00c0 partir de situations exemplaires issues de nos exp\u00e9riences, notamment la lutte actuelle contre les coupes budg\u00e9taires, et des \u00e9l\u00e9ments [&hellip;]<\/p>\n","protected":false},"author":4,"featured_media":0,"template":"","meta":{"_tribe_events_status":"","_tribe_events_status_reason":"","footnotes":""},"tags":[],"tribe_events_cat":[],"class_list":["post-2350","tribe_events","type-tribe_events","status-publish","hentry"],"yoast_head":"<!-- This site is optimized with the Yoast SEO plugin v27.4 - https:\/\/yoast.com\/product\/yoast-seo-wordpress\/ -->\n<title>Formation \u00abQuelle relation au pouvoir, pour mener une action de transformation sociale\u2009?\u00bb - svmep.ch<\/title>\n<meta name=\"robots\" content=\"index, follow, max-snippet:-1, max-image-preview:large, max-video-preview:-1\" \/>\n<link rel=\"canonical\" href=\"https:\/\/sud.svmep.ch\/svmep\/event\/formation-quelle-relation-au-pouvoir-pour-mener-une-action-de-transformation-sociale\/\" \/>\n<meta property=\"og:locale\" content=\"fr_FR\" \/>\n<meta property=\"og:type\" content=\"article\" \/>\n<meta property=\"og:title\" content=\"Formation \u00abQuelle relation au pouvoir, pour mener une action de transformation sociale\u2009?\u00bb - svmep.ch\" \/>\n<meta property=\"og:description\" content=\"Formation avec Adeline de L\u00e9pinay\u2009, autrice de Organisons-nous\u2009! Manuel critique \u00c0 partir de situations exemplaires issues de nos exp\u00e9riences, notamment la lutte actuelle contre les coupes budg\u00e9taires, et des \u00e9l\u00e9ments [&hellip;]\" \/>\n<meta property=\"og:url\" content=\"https:\/\/sud.svmep.ch\/svmep\/event\/formation-quelle-relation-au-pouvoir-pour-mener-une-action-de-transformation-sociale\/\" \/>\n<meta property=\"og:site_name\" content=\"svmep.ch\" \/>\n<meta property=\"article:modified_time\" content=\"2025-11-21T22:49:39+00:00\" \/>\n<meta property=\"og:image\" content=\"https:\/\/sud.svmep.ch\/svmep\/wp-content\/uploads\/IMG_6926-scaled.jpg\" \/>\n\t<meta property=\"og:image:width\" content=\"1920\" \/>\n\t<meta property=\"og:image:height\" content=\"2560\" \/>\n\t<meta property=\"og:image:type\" content=\"image\/jpeg\" \/>\n<meta name=\"twitter:card\" content=\"summary_large_image\" \/>\n<script type=\"application\/ld+json\" class=\"yoast-schema-graph\">{\"@context\":\"https:\\\/\\\/schema.org\",\"@graph\":[{\"@type\":\"WebPage\",\"@id\":\"https:\\\/\\\/sud.svmep.ch\\\/svmep\\\/event\\\/formation-quelle-relation-au-pouvoir-pour-mener-une-action-de-transformation-sociale\\\/\",\"url\":\"https:\\\/\\\/sud.svmep.ch\\\/svmep\\\/event\\\/formation-quelle-relation-au-pouvoir-pour-mener-une-action-de-transformation-sociale\\\/\",\"name\":\"Formation \u00abQuelle relation au pouvoir, pour mener une action de transformation sociale\u2009?\u00bb - svmep.ch\",\"isPartOf\":{\"@id\":\"https:\\\/\\\/sud.svmep.ch\\\/svmep\\\/#website\"},\"primaryImageOfPage\":{\"@id\":\"https:\\\/\\\/sud.svmep.ch\\\/svmep\\\/event\\\/formation-quelle-relation-au-pouvoir-pour-mener-une-action-de-transformation-sociale\\\/#primaryimage\"},\"image\":{\"@id\":\"https:\\\/\\\/sud.svmep.ch\\\/svmep\\\/event\\\/formation-quelle-relation-au-pouvoir-pour-mener-une-action-de-transformation-sociale\\\/#primaryimage\"},\"thumbnailUrl\":\"https:\\\/\\\/sud.svmep.ch\\\/svmep\\\/wp-content\\\/uploads\\\/IMG_6926-225x300.jpg\",\"datePublished\":\"2025-11-21T22:42:54+00:00\",\"dateModified\":\"2025-11-21T22:49:39+00:00\",\"breadcrumb\":{\"@id\":\"https:\\\/\\\/sud.svmep.ch\\\/svmep\\\/event\\\/formation-quelle-relation-au-pouvoir-pour-mener-une-action-de-transformation-sociale\\\/#breadcrumb\"},\"inLanguage\":\"fr-FR\",\"potentialAction\":[{\"@type\":\"ReadAction\",\"target\":[\"https:\\\/\\\/sud.svmep.ch\\\/svmep\\\/event\\\/formation-quelle-relation-au-pouvoir-pour-mener-une-action-de-transformation-sociale\\\/\"]}]},{\"@type\":\"ImageObject\",\"inLanguage\":\"fr-FR\",\"@id\":\"https:\\\/\\\/sud.svmep.ch\\\/svmep\\\/event\\\/formation-quelle-relation-au-pouvoir-pour-mener-une-action-de-transformation-sociale\\\/#primaryimage\",\"url\":\"https:\\\/\\\/sud.svmep.ch\\\/svmep\\\/wp-content\\\/uploads\\\/IMG_6926-scaled.jpg\",\"contentUrl\":\"https:\\\/\\\/sud.svmep.ch\\\/svmep\\\/wp-content\\\/uploads\\\/IMG_6926-scaled.jpg\",\"width\":1920,\"height\":2560,\"caption\":\"CEPV, 18 novembre 2025\"},{\"@type\":\"BreadcrumbList\",\"@id\":\"https:\\\/\\\/sud.svmep.ch\\\/svmep\\\/event\\\/formation-quelle-relation-au-pouvoir-pour-mener-une-action-de-transformation-sociale\\\/#breadcrumb\",\"itemListElement\":[{\"@type\":\"ListItem\",\"position\":1,\"name\":\"Accueil\",\"item\":\"https:\\\/\\\/sud.svmep.ch\\\/svmep\\\/\"},{\"@type\":\"ListItem\",\"position\":2,\"name\":\"\u00c9v\u00e8nements\",\"item\":\"https:\\\/\\\/sud.svmep.ch\\\/svmep\\\/events\\\/\"},{\"@type\":\"ListItem\",\"position\":3,\"name\":\"Formation \u00abQuelle relation au pouvoir, pour mener une action de transformation sociale\u2009?\u00bb\"}]},{\"@type\":\"WebSite\",\"@id\":\"https:\\\/\\\/sud.svmep.ch\\\/svmep\\\/#website\",\"url\":\"https:\\\/\\\/sud.svmep.ch\\\/svmep\\\/\",\"name\":\"Syndicat vaudois des ma\u00eetres.ses de l'enseignement professionnel\",\"description\":\"\",\"publisher\":{\"@id\":\"https:\\\/\\\/sud.svmep.ch\\\/svmep\\\/#organization\"},\"alternateName\":\"SVMEP\",\"potentialAction\":[{\"@type\":\"SearchAction\",\"target\":{\"@type\":\"EntryPoint\",\"urlTemplate\":\"https:\\\/\\\/sud.svmep.ch\\\/svmep\\\/?s={search_term_string}\"},\"query-input\":{\"@type\":\"PropertyValueSpecification\",\"valueRequired\":true,\"valueName\":\"search_term_string\"}}],\"inLanguage\":\"fr-FR\"},{\"@type\":\"Organization\",\"@id\":\"https:\\\/\\\/sud.svmep.ch\\\/svmep\\\/#organization\",\"name\":\"Syndicat vaudois des ma\u00eetres.ses de l'enseignement professionnel SVMEP\",\"alternateName\":\"SVMEP\",\"url\":\"https:\\\/\\\/sud.svmep.ch\\\/svmep\\\/\",\"logo\":{\"@type\":\"ImageObject\",\"inLanguage\":\"fr-FR\",\"@id\":\"https:\\\/\\\/sud.svmep.ch\\\/svmep\\\/#\\\/schema\\\/logo\\\/image\\\/\",\"url\":\"https:\\\/\\\/sud.svmep.ch\\\/svmep\\\/wp-content\\\/uploads\\\/2024\\\/09\\\/svmep150x260.jpg\",\"contentUrl\":\"https:\\\/\\\/sud.svmep.ch\\\/svmep\\\/wp-content\\\/uploads\\\/2024\\\/09\\\/svmep150x260.jpg\",\"width\":226,\"height\":127,\"caption\":\"Syndicat vaudois des ma\u00eetres.ses de l'enseignement professionnel SVMEP\"},\"image\":{\"@id\":\"https:\\\/\\\/sud.svmep.ch\\\/svmep\\\/#\\\/schema\\\/logo\\\/image\\\/\"}}]}<\/script>\n<!-- \/ Yoast SEO plugin. -->","yoast_head_json":{"title":"Formation \u00abQuelle relation au pouvoir, pour mener une action de transformation sociale\u2009?\u00bb - svmep.ch","robots":{"index":"index","follow":"follow","max-snippet":"max-snippet:-1","max-image-preview":"max-image-preview:large","max-video-preview":"max-video-preview:-1"},"canonical":"https:\/\/sud.svmep.ch\/svmep\/event\/formation-quelle-relation-au-pouvoir-pour-mener-une-action-de-transformation-sociale\/","og_locale":"fr_FR","og_type":"article","og_title":"Formation \u00abQuelle relation au pouvoir, pour mener une action de transformation sociale\u2009?\u00bb - svmep.ch","og_description":"Formation avec Adeline de L\u00e9pinay\u2009, autrice de Organisons-nous\u2009! Manuel critique \u00c0 partir de situations exemplaires issues de nos exp\u00e9riences, notamment la lutte actuelle contre les coupes budg\u00e9taires, et des \u00e9l\u00e9ments [&hellip;]","og_url":"https:\/\/sud.svmep.ch\/svmep\/event\/formation-quelle-relation-au-pouvoir-pour-mener-une-action-de-transformation-sociale\/","og_site_name":"svmep.ch","article_modified_time":"2025-11-21T22:49:39+00:00","og_image":[{"width":1920,"height":2560,"url":"https:\/\/sud.svmep.ch\/svmep\/wp-content\/uploads\/IMG_6926-scaled.jpg","type":"image\/jpeg"}],"twitter_card":"summary_large_image","schema":{"@context":"https:\/\/schema.org","@graph":[{"@type":"WebPage","@id":"https:\/\/sud.svmep.ch\/svmep\/event\/formation-quelle-relation-au-pouvoir-pour-mener-une-action-de-transformation-sociale\/","url":"https:\/\/sud.svmep.ch\/svmep\/event\/formation-quelle-relation-au-pouvoir-pour-mener-une-action-de-transformation-sociale\/","name":"Formation \u00abQuelle relation au pouvoir, pour mener une action de transformation sociale\u2009?\u00bb - svmep.ch","isPartOf":{"@id":"https:\/\/sud.svmep.ch\/svmep\/#website"},"primaryImageOfPage":{"@id":"https:\/\/sud.svmep.ch\/svmep\/event\/formation-quelle-relation-au-pouvoir-pour-mener-une-action-de-transformation-sociale\/#primaryimage"},"image":{"@id":"https:\/\/sud.svmep.ch\/svmep\/event\/formation-quelle-relation-au-pouvoir-pour-mener-une-action-de-transformation-sociale\/#primaryimage"},"thumbnailUrl":"https:\/\/sud.svmep.ch\/svmep\/wp-content\/uploads\/IMG_6926-225x300.jpg","datePublished":"2025-11-21T22:42:54+00:00","dateModified":"2025-11-21T22:49:39+00:00","breadcrumb":{"@id":"https:\/\/sud.svmep.ch\/svmep\/event\/formation-quelle-relation-au-pouvoir-pour-mener-une-action-de-transformation-sociale\/#breadcrumb"},"inLanguage":"fr-FR","potentialAction":[{"@type":"ReadAction","target":["https:\/\/sud.svmep.ch\/svmep\/event\/formation-quelle-relation-au-pouvoir-pour-mener-une-action-de-transformation-sociale\/"]}]},{"@type":"ImageObject","inLanguage":"fr-FR","@id":"https:\/\/sud.svmep.ch\/svmep\/event\/formation-quelle-relation-au-pouvoir-pour-mener-une-action-de-transformation-sociale\/#primaryimage","url":"https:\/\/sud.svmep.ch\/svmep\/wp-content\/uploads\/IMG_6926-scaled.jpg","contentUrl":"https:\/\/sud.svmep.ch\/svmep\/wp-content\/uploads\/IMG_6926-scaled.jpg","width":1920,"height":2560,"caption":"CEPV, 18 novembre 2025"},{"@type":"BreadcrumbList","@id":"https:\/\/sud.svmep.ch\/svmep\/event\/formation-quelle-relation-au-pouvoir-pour-mener-une-action-de-transformation-sociale\/#breadcrumb","itemListElement":[{"@type":"ListItem","position":1,"name":"Accueil","item":"https:\/\/sud.svmep.ch\/svmep\/"},{"@type":"ListItem","position":2,"name":"\u00c9v\u00e8nements","item":"https:\/\/sud.svmep.ch\/svmep\/events\/"},{"@type":"ListItem","position":3,"name":"Formation \u00abQuelle relation au pouvoir, pour mener une action de transformation sociale\u2009?\u00bb"}]},{"@type":"WebSite","@id":"https:\/\/sud.svmep.ch\/svmep\/#website","url":"https:\/\/sud.svmep.ch\/svmep\/","name":"Syndicat vaudois des ma\u00eetres.ses de l'enseignement professionnel","description":"","publisher":{"@id":"https:\/\/sud.svmep.ch\/svmep\/#organization"},"alternateName":"SVMEP","potentialAction":[{"@type":"SearchAction","target":{"@type":"EntryPoint","urlTemplate":"https:\/\/sud.svmep.ch\/svmep\/?s={search_term_string}"},"query-input":{"@type":"PropertyValueSpecification","valueRequired":true,"valueName":"search_term_string"}}],"inLanguage":"fr-FR"},{"@type":"Organization","@id":"https:\/\/sud.svmep.ch\/svmep\/#organization","name":"Syndicat vaudois des ma\u00eetres.ses de l'enseignement professionnel SVMEP","alternateName":"SVMEP","url":"https:\/\/sud.svmep.ch\/svmep\/","logo":{"@type":"ImageObject","inLanguage":"fr-FR","@id":"https:\/\/sud.svmep.ch\/svmep\/#\/schema\/logo\/image\/","url":"https:\/\/sud.svmep.ch\/svmep\/wp-content\/uploads\/2024\/09\/svmep150x260.jpg","contentUrl":"https:\/\/sud.svmep.ch\/svmep\/wp-content\/uploads\/2024\/09\/svmep150x260.jpg","width":226,"height":127,"caption":"Syndicat vaudois des ma\u00eetres.ses de l'enseignement professionnel SVMEP"},"image":{"@id":"https:\/\/sud.svmep.ch\/svmep\/#\/schema\/logo\/image\/"}}]}},"_links":{"self":[{"href":"https:\/\/sud.svmep.ch\/svmep\/wp-json\/wp\/v2\/tribe_events\/2350","targetHints":{"allow":["GET"]}}],"collection":[{"href":"https:\/\/sud.svmep.ch\/svmep\/wp-json\/wp\/v2\/tribe_events"}],"about":[{"href":"https:\/\/sud.svmep.ch\/svmep\/wp-json\/wp\/v2\/types\/tribe_events"}],"author":[{"embeddable":true,"href":"https:\/\/sud.svmep.ch\/svmep\/wp-json\/wp\/v2\/users\/4"}],"version-history":[{"count":0,"href":"https:\/\/sud.svmep.ch\/svmep\/wp-json\/wp\/v2\/tribe_events\/2350\/revisions"}],"wp:attachment":[{"href":"https:\/\/sud.svmep.ch\/svmep\/wp-json\/wp\/v2\/media?parent=2350"}],"wp:term":[{"taxonomy":"post_tag","embeddable":true,"href":"https:\/\/sud.svmep.ch\/svmep\/wp-json\/wp\/v2\/tags?post=2350"},{"taxonomy":"tribe_events_cat","embeddable":true,"href":"https:\/\/sud.svmep.ch\/svmep\/wp-json\/wp\/v2\/tribe_events_cat?post=2350"}],"curies":[{"name":"wp","href":"https:\/\/api.w.org\/{rel}","templated":true}]}}