{"id":2359,"date":"2025-11-22T08:34:47","date_gmt":"2025-11-22T07:34:47","guid":{"rendered":"https:\/\/sud.svmep.ch\/svmep\/?post_type=tribe_events&#038;p=2359"},"modified":"2025-11-22T08:38:22","modified_gmt":"2025-11-22T07:38:22","slug":"assemblee-generale-du-personnel-des-services-publics-et-parapublics-vd","status":"publish","type":"tribe_events","link":"https:\/\/sud.svmep.ch\/svmep\/event\/assemblee-generale-du-personnel-des-services-publics-et-parapublics-vd\/","title":{"rendered":"Assembl\u00e9e g\u00e9n\u00e9rale du personnel des services publics et parapublics VD"},"content":{"rendered":"<h3>Ensemble, d\u00e9cidons des mesures \u00e0 prendre, organisons la lutte et la gr\u00e8ve partout o\u00f9 c\u2019est possible pour faire reculer le gouvernement cantonal !<\/h3>\n<p>Le matin du 25 novembre, les syndicats donneront des orientations possibles d\u2019actions \u00e0 d\u00e9rouler au-del\u00e0 du 26 novembre. Ces orientations seront \u00e0 discuter sur les lieux de travail dans la journ\u00e9e en vue de l\u2019Assembl\u00e9e du soir <strong>o\u00f9 elles seront discut\u00e9es et vot\u00e9es<\/strong>.<img loading=\"lazy\" decoding=\"async\" class=\"alignright size-medium wp-image-2333\" src=\"https:\/\/sud.svmep.ch\/svmep\/wp-content\/uploads\/IMG_6941-225x300.jpg\" alt=\"\" width=\"225\" height=\"300\" srcset=\"https:\/\/sud.svmep.ch\/svmep\/wp-content\/uploads\/IMG_6941-225x300.jpg 225w, https:\/\/sud.svmep.ch\/svmep\/wp-content\/uploads\/IMG_6941-768x1024.jpg 768w, https:\/\/sud.svmep.ch\/svmep\/wp-content\/uploads\/IMG_6941-1152x1536.jpg 1152w, https:\/\/sud.svmep.ch\/svmep\/wp-content\/uploads\/IMG_6941-1536x2048.jpg 1536w, https:\/\/sud.svmep.ch\/svmep\/wp-content\/uploads\/IMG_6941-scaled.jpg 1920w\" sizes=\"auto, (max-width: 225px) 100vw, 225px\" \/><\/p>\n<p><span style=\"color: #d91e0e;\"><strong>Il est absolument d\u00e9cisif que le maximum de lieux de travail soient repr\u00e9sent\u00e9s pour donner la voix de la base<\/strong><\/span>. Les suites du 26 novembre seront au c\u0153ur des d\u00e9bats.<\/p>\n<p><em>Venez et faites venir \u00e0 l&rsquo;Assembl\u00e9e g\u00e9n\u00e9rale !<\/em><\/p>\n","protected":false},"excerpt":{"rendered":"<p>Ensemble, d\u00e9cidons des mesures \u00e0 prendre, organisons la lutte et la gr\u00e8ve partout o\u00f9 c\u2019est possible pour faire reculer le gouvernement cantonal ! Le matin du 25 novembre, les syndicats [&hellip;]<\/p>\n","protected":false},"author":4,"featured_media":0,"template":"","meta":{"_tribe_events_status":"","_tribe_events_status_reason":"","footnotes":""},"tags":[],"tribe_events_cat":[53],"class_list":["post-2359","tribe_events","type-tribe_events","status-publish","hentry","tribe_events_cat-coupes-budgetaires","cat_coupes-budgetaires"],"yoast_head":"<!-- This site is optimized with the Yoast SEO plugin v27.4 - https:\/\/yoast.com\/product\/yoast-seo-wordpress\/ -->\n<title>Assembl\u00e9e g\u00e9n\u00e9rale du personnel des services publics et parapublics VD - svmep.ch<\/title>\n<meta name=\"robots\" content=\"index, follow, max-snippet:-1, max-image-preview:large, max-video-preview:-1\" \/>\n<link rel=\"canonical\" href=\"https:\/\/sud.svmep.ch\/svmep\/event\/assemblee-generale-du-personnel-des-services-publics-et-parapublics-vd\/\" \/>\n<meta property=\"og:locale\" content=\"fr_FR\" \/>\n<meta property=\"og:type\" content=\"article\" \/>\n<meta property=\"og:title\" content=\"Assembl\u00e9e g\u00e9n\u00e9rale du personnel des services publics et parapublics VD - svmep.ch\" \/>\n<meta property=\"og:description\" content=\"Ensemble, d\u00e9cidons des mesures \u00e0 prendre, organisons la lutte et la gr\u00e8ve partout o\u00f9 c\u2019est possible pour faire reculer le gouvernement cantonal ! Le matin du 25 novembre, les syndicats [&hellip;]\" \/>\n<meta property=\"og:url\" content=\"https:\/\/sud.svmep.ch\/svmep\/event\/assemblee-generale-du-personnel-des-services-publics-et-parapublics-vd\/\" \/>\n<meta property=\"og:site_name\" content=\"svmep.ch\" \/>\n<meta property=\"article:modified_time\" content=\"2025-11-22T07:38:22+00:00\" \/>\n<meta property=\"og:image\" content=\"https:\/\/sud.svmep.ch\/svmep\/wp-content\/uploads\/IMG_6941-scaled.jpg\" \/>\n\t<meta property=\"og:image:width\" content=\"1920\" \/>\n\t<meta property=\"og:image:height\" content=\"2560\" \/>\n\t<meta property=\"og:image:type\" content=\"image\/jpeg\" \/>\n<meta name=\"twitter:card\" content=\"summary_large_image\" \/>\n<script type=\"application\/ld+json\" class=\"yoast-schema-graph\">{\"@context\":\"https:\\\/\\\/schema.org\",\"@graph\":[{\"@type\":\"WebPage\",\"@id\":\"https:\\\/\\\/sud.svmep.ch\\\/svmep\\\/event\\\/assemblee-generale-du-personnel-des-services-publics-et-parapublics-vd\\\/\",\"url\":\"https:\\\/\\\/sud.svmep.ch\\\/svmep\\\/event\\\/assemblee-generale-du-personnel-des-services-publics-et-parapublics-vd\\\/\",\"name\":\"Assembl\u00e9e g\u00e9n\u00e9rale du personnel des services publics et parapublics VD - svmep.ch\",\"isPartOf\":{\"@id\":\"https:\\\/\\\/sud.svmep.ch\\\/svmep\\\/#website\"},\"primaryImageOfPage\":{\"@id\":\"https:\\\/\\\/sud.svmep.ch\\\/svmep\\\/event\\\/assemblee-generale-du-personnel-des-services-publics-et-parapublics-vd\\\/#primaryimage\"},\"image\":{\"@id\":\"https:\\\/\\\/sud.svmep.ch\\\/svmep\\\/event\\\/assemblee-generale-du-personnel-des-services-publics-et-parapublics-vd\\\/#primaryimage\"},\"thumbnailUrl\":\"https:\\\/\\\/sud.svmep.ch\\\/svmep\\\/wp-content\\\/uploads\\\/IMG_6941-225x300.jpg\",\"datePublished\":\"2025-11-22T07:34:47+00:00\",\"dateModified\":\"2025-11-22T07:38:22+00:00\",\"breadcrumb\":{\"@id\":\"https:\\\/\\\/sud.svmep.ch\\\/svmep\\\/event\\\/assemblee-generale-du-personnel-des-services-publics-et-parapublics-vd\\\/#breadcrumb\"},\"inLanguage\":\"fr-FR\",\"potentialAction\":[{\"@type\":\"ReadAction\",\"target\":[\"https:\\\/\\\/sud.svmep.ch\\\/svmep\\\/event\\\/assemblee-generale-du-personnel-des-services-publics-et-parapublics-vd\\\/\"]}]},{\"@type\":\"ImageObject\",\"inLanguage\":\"fr-FR\",\"@id\":\"https:\\\/\\\/sud.svmep.ch\\\/svmep\\\/event\\\/assemblee-generale-du-personnel-des-services-publics-et-parapublics-vd\\\/#primaryimage\",\"url\":\"https:\\\/\\\/sud.svmep.ch\\\/svmep\\\/wp-content\\\/uploads\\\/IMG_6941-scaled.jpg\",\"contentUrl\":\"https:\\\/\\\/sud.svmep.ch\\\/svmep\\\/wp-content\\\/uploads\\\/IMG_6941-scaled.jpg\",\"width\":1920,\"height\":2560},{\"@type\":\"BreadcrumbList\",\"@id\":\"https:\\\/\\\/sud.svmep.ch\\\/svmep\\\/event\\\/assemblee-generale-du-personnel-des-services-publics-et-parapublics-vd\\\/#breadcrumb\",\"itemListElement\":[{\"@type\":\"ListItem\",\"position\":1,\"name\":\"Accueil\",\"item\":\"https:\\\/\\\/sud.svmep.ch\\\/svmep\\\/\"},{\"@type\":\"ListItem\",\"position\":2,\"name\":\"\u00c9v\u00e8nements\",\"item\":\"https:\\\/\\\/sud.svmep.ch\\\/svmep\\\/events\\\/\"},{\"@type\":\"ListItem\",\"position\":3,\"name\":\"Assembl\u00e9e g\u00e9n\u00e9rale du personnel des services publics et parapublics VD\"}]},{\"@type\":\"WebSite\",\"@id\":\"https:\\\/\\\/sud.svmep.ch\\\/svmep\\\/#website\",\"url\":\"https:\\\/\\\/sud.svmep.ch\\\/svmep\\\/\",\"name\":\"Syndicat vaudois des ma\u00eetres.ses de l'enseignement professionnel\",\"description\":\"\",\"publisher\":{\"@id\":\"https:\\\/\\\/sud.svmep.ch\\\/svmep\\\/#organization\"},\"alternateName\":\"SVMEP\",\"potentialAction\":[{\"@type\":\"SearchAction\",\"target\":{\"@type\":\"EntryPoint\",\"urlTemplate\":\"https:\\\/\\\/sud.svmep.ch\\\/svmep\\\/?s={search_term_string}\"},\"query-input\":{\"@type\":\"PropertyValueSpecification\",\"valueRequired\":true,\"valueName\":\"search_term_string\"}}],\"inLanguage\":\"fr-FR\"},{\"@type\":\"Organization\",\"@id\":\"https:\\\/\\\/sud.svmep.ch\\\/svmep\\\/#organization\",\"name\":\"Syndicat vaudois des ma\u00eetres.ses de l'enseignement professionnel SVMEP\",\"alternateName\":\"SVMEP\",\"url\":\"https:\\\/\\\/sud.svmep.ch\\\/svmep\\\/\",\"logo\":{\"@type\":\"ImageObject\",\"inLanguage\":\"fr-FR\",\"@id\":\"https:\\\/\\\/sud.svmep.ch\\\/svmep\\\/#\\\/schema\\\/logo\\\/image\\\/\",\"url\":\"https:\\\/\\\/sud.svmep.ch\\\/svmep\\\/wp-content\\\/uploads\\\/2024\\\/09\\\/svmep150x260.jpg\",\"contentUrl\":\"https:\\\/\\\/sud.svmep.ch\\\/svmep\\\/wp-content\\\/uploads\\\/2024\\\/09\\\/svmep150x260.jpg\",\"width\":226,\"height\":127,\"caption\":\"Syndicat vaudois des ma\u00eetres.ses de l'enseignement professionnel SVMEP\"},\"image\":{\"@id\":\"https:\\\/\\\/sud.svmep.ch\\\/svmep\\\/#\\\/schema\\\/logo\\\/image\\\/\"}}]}<\/script>\n<!-- \/ Yoast SEO plugin. -->","yoast_head_json":{"title":"Assembl\u00e9e g\u00e9n\u00e9rale du personnel des services publics et parapublics VD - svmep.ch","robots":{"index":"index","follow":"follow","max-snippet":"max-snippet:-1","max-image-preview":"max-image-preview:large","max-video-preview":"max-video-preview:-1"},"canonical":"https:\/\/sud.svmep.ch\/svmep\/event\/assemblee-generale-du-personnel-des-services-publics-et-parapublics-vd\/","og_locale":"fr_FR","og_type":"article","og_title":"Assembl\u00e9e g\u00e9n\u00e9rale du personnel des services publics et parapublics VD - svmep.ch","og_description":"Ensemble, d\u00e9cidons des mesures \u00e0 prendre, organisons la lutte et la gr\u00e8ve partout o\u00f9 c\u2019est possible pour faire reculer le gouvernement cantonal ! Le matin du 25 novembre, les syndicats [&hellip;]","og_url":"https:\/\/sud.svmep.ch\/svmep\/event\/assemblee-generale-du-personnel-des-services-publics-et-parapublics-vd\/","og_site_name":"svmep.ch","article_modified_time":"2025-11-22T07:38:22+00:00","og_image":[{"width":1920,"height":2560,"url":"https:\/\/sud.svmep.ch\/svmep\/wp-content\/uploads\/IMG_6941-scaled.jpg","type":"image\/jpeg"}],"twitter_card":"summary_large_image","schema":{"@context":"https:\/\/schema.org","@graph":[{"@type":"WebPage","@id":"https:\/\/sud.svmep.ch\/svmep\/event\/assemblee-generale-du-personnel-des-services-publics-et-parapublics-vd\/","url":"https:\/\/sud.svmep.ch\/svmep\/event\/assemblee-generale-du-personnel-des-services-publics-et-parapublics-vd\/","name":"Assembl\u00e9e g\u00e9n\u00e9rale du personnel des services publics et parapublics VD - svmep.ch","isPartOf":{"@id":"https:\/\/sud.svmep.ch\/svmep\/#website"},"primaryImageOfPage":{"@id":"https:\/\/sud.svmep.ch\/svmep\/event\/assemblee-generale-du-personnel-des-services-publics-et-parapublics-vd\/#primaryimage"},"image":{"@id":"https:\/\/sud.svmep.ch\/svmep\/event\/assemblee-generale-du-personnel-des-services-publics-et-parapublics-vd\/#primaryimage"},"thumbnailUrl":"https:\/\/sud.svmep.ch\/svmep\/wp-content\/uploads\/IMG_6941-225x300.jpg","datePublished":"2025-11-22T07:34:47+00:00","dateModified":"2025-11-22T07:38:22+00:00","breadcrumb":{"@id":"https:\/\/sud.svmep.ch\/svmep\/event\/assemblee-generale-du-personnel-des-services-publics-et-parapublics-vd\/#breadcrumb"},"inLanguage":"fr-FR","potentialAction":[{"@type":"ReadAction","target":["https:\/\/sud.svmep.ch\/svmep\/event\/assemblee-generale-du-personnel-des-services-publics-et-parapublics-vd\/"]}]},{"@type":"ImageObject","inLanguage":"fr-FR","@id":"https:\/\/sud.svmep.ch\/svmep\/event\/assemblee-generale-du-personnel-des-services-publics-et-parapublics-vd\/#primaryimage","url":"https:\/\/sud.svmep.ch\/svmep\/wp-content\/uploads\/IMG_6941-scaled.jpg","contentUrl":"https:\/\/sud.svmep.ch\/svmep\/wp-content\/uploads\/IMG_6941-scaled.jpg","width":1920,"height":2560},{"@type":"BreadcrumbList","@id":"https:\/\/sud.svmep.ch\/svmep\/event\/assemblee-generale-du-personnel-des-services-publics-et-parapublics-vd\/#breadcrumb","itemListElement":[{"@type":"ListItem","position":1,"name":"Accueil","item":"https:\/\/sud.svmep.ch\/svmep\/"},{"@type":"ListItem","position":2,"name":"\u00c9v\u00e8nements","item":"https:\/\/sud.svmep.ch\/svmep\/events\/"},{"@type":"ListItem","position":3,"name":"Assembl\u00e9e g\u00e9n\u00e9rale du personnel des services publics et parapublics VD"}]},{"@type":"WebSite","@id":"https:\/\/sud.svmep.ch\/svmep\/#website","url":"https:\/\/sud.svmep.ch\/svmep\/","name":"Syndicat vaudois des ma\u00eetres.ses de l'enseignement professionnel","description":"","publisher":{"@id":"https:\/\/sud.svmep.ch\/svmep\/#organization"},"alternateName":"SVMEP","potentialAction":[{"@type":"SearchAction","target":{"@type":"EntryPoint","urlTemplate":"https:\/\/sud.svmep.ch\/svmep\/?s={search_term_string}"},"query-input":{"@type":"PropertyValueSpecification","valueRequired":true,"valueName":"search_term_string"}}],"inLanguage":"fr-FR"},{"@type":"Organization","@id":"https:\/\/sud.svmep.ch\/svmep\/#organization","name":"Syndicat vaudois des ma\u00eetres.ses de l'enseignement professionnel SVMEP","alternateName":"SVMEP","url":"https:\/\/sud.svmep.ch\/svmep\/","logo":{"@type":"ImageObject","inLanguage":"fr-FR","@id":"https:\/\/sud.svmep.ch\/svmep\/#\/schema\/logo\/image\/","url":"https:\/\/sud.svmep.ch\/svmep\/wp-content\/uploads\/2024\/09\/svmep150x260.jpg","contentUrl":"https:\/\/sud.svmep.ch\/svmep\/wp-content\/uploads\/2024\/09\/svmep150x260.jpg","width":226,"height":127,"caption":"Syndicat vaudois des ma\u00eetres.ses de l'enseignement professionnel SVMEP"},"image":{"@id":"https:\/\/sud.svmep.ch\/svmep\/#\/schema\/logo\/image\/"}}]}},"_links":{"self":[{"href":"https:\/\/sud.svmep.ch\/svmep\/wp-json\/wp\/v2\/tribe_events\/2359","targetHints":{"allow":["GET"]}}],"collection":[{"href":"https:\/\/sud.svmep.ch\/svmep\/wp-json\/wp\/v2\/tribe_events"}],"about":[{"href":"https:\/\/sud.svmep.ch\/svmep\/wp-json\/wp\/v2\/types\/tribe_events"}],"author":[{"embeddable":true,"href":"https:\/\/sud.svmep.ch\/svmep\/wp-json\/wp\/v2\/users\/4"}],"version-history":[{"count":0,"href":"https:\/\/sud.svmep.ch\/svmep\/wp-json\/wp\/v2\/tribe_events\/2359\/revisions"}],"wp:attachment":[{"href":"https:\/\/sud.svmep.ch\/svmep\/wp-json\/wp\/v2\/media?parent=2359"}],"wp:term":[{"taxonomy":"post_tag","embeddable":true,"href":"https:\/\/sud.svmep.ch\/svmep\/wp-json\/wp\/v2\/tags?post=2359"},{"taxonomy":"tribe_events_cat","embeddable":true,"href":"https:\/\/sud.svmep.ch\/svmep\/wp-json\/wp\/v2\/tribe_events_cat?post=2359"}],"curies":[{"name":"wp","href":"https:\/\/api.w.org\/{rel}","templated":true}]}}