{"id":2380,"date":"2025-11-30T16:42:38","date_gmt":"2025-11-30T15:42:38","guid":{"rendered":"https:\/\/sud.svmep.ch\/svmep\/?post_type=tribe_events&#038;p=2380"},"modified":"2025-11-30T16:50:14","modified_gmt":"2025-11-30T15:50:14","slug":"contre-les-coupes-on-ne-lache-rien","status":"publish","type":"tribe_events","link":"https:\/\/sud.svmep.ch\/svmep\/event\/contre-les-coupes-on-ne-lache-rien\/","title":{"rendered":"Contre les coupes : on ne l\u00e2che rien !"},"content":{"rendered":"<div id=\"attachment_2375\" style=\"width: 506px\" class=\"wp-caption alignleft\"><img loading=\"lazy\" decoding=\"async\" aria-describedby=\"caption-attachment-2375\" class=\"wp-image-2375\" src=\"https:\/\/sud.svmep.ch\/svmep\/wp-content\/uploads\/2-octobre-gc-300x244.jpg\" alt=\"\" width=\"496\" height=\"404\" srcset=\"https:\/\/sud.svmep.ch\/svmep\/wp-content\/uploads\/2-octobre-gc-300x244.jpg 300w, https:\/\/sud.svmep.ch\/svmep\/wp-content\/uploads\/2-octobre-gc-1024x834.jpg 1024w, https:\/\/sud.svmep.ch\/svmep\/wp-content\/uploads\/2-octobre-gc-768x625.jpg 768w, https:\/\/sud.svmep.ch\/svmep\/wp-content\/uploads\/2-octobre-gc-1536x1250.jpg 1536w, https:\/\/sud.svmep.ch\/svmep\/wp-content\/uploads\/2-octobre-gc.jpg 1742w\" sizes=\"auto, (max-width: 496px) 100vw, 496px\" \/><p id=\"caption-attachment-2375\" class=\"wp-caption-text\">Lausanne, manifestation du 2 octobre 2025<\/p><\/div>\n<h2><span style=\"color: #d91e0e;\">Manifestations pour <a href=\"https:\/\/www.24heures.ch\/vaud-la-fonction-publique-se-mobilisera-encore-debut-decembre-759951427402\" target=\"_blank\" rel=\"noopener\">encercler le Grand conseil<\/a>, qui discutera du budget 2026<a href=\"https:\/\/sud-vd.ch\/contre-les-coupes-ca-continue-les-2-3-et-4-decembre\/\" target=\"_blank\" rel=\"noopener\"><img loading=\"lazy\" decoding=\"async\" class=\"alignright wp-image-2374\" src=\"https:\/\/sud.svmep.ch\/svmep\/wp-content\/uploads\/Affiche-unitaire-2-3-4-decembre-212x300.jpg\" alt=\"\" width=\"584\" height=\"825\" srcset=\"https:\/\/sud.svmep.ch\/svmep\/wp-content\/uploads\/Affiche-unitaire-2-3-4-decembre-212x300.jpg 212w, https:\/\/sud.svmep.ch\/svmep\/wp-content\/uploads\/Affiche-unitaire-2-3-4-decembre-725x1024.jpg 725w, https:\/\/sud.svmep.ch\/svmep\/wp-content\/uploads\/Affiche-unitaire-2-3-4-decembre-768x1085.jpg 768w, https:\/\/sud.svmep.ch\/svmep\/wp-content\/uploads\/Affiche-unitaire-2-3-4-decembre-1087x1536.jpg 1087w, https:\/\/sud.svmep.ch\/svmep\/wp-content\/uploads\/Affiche-unitaire-2-3-4-decembre-1449x2048.jpg 1449w, https:\/\/sud.svmep.ch\/svmep\/wp-content\/uploads\/Affiche-unitaire-2-3-4-decembre.jpg 1754w\" sizes=\"auto, (max-width: 584px) 100vw, 584px\" \/><\/a><\/span><\/h2>\n<h3>mardi 2 d\u00e9cembre, 16h30-18h et mercredi 3 d\u00e9cembre, 16h30-22h<\/h3>\n<p>Actions collectives; prenez des heures de gr\u00e8ve pour y participer, au besoin.<\/p>\n<h2><span style=\"color: #d91e0e;\">Jeudi 4 d\u00e9cembre : journ\u00e9e de gr\u00e8ve et actions<\/span><\/h2>\n<h3>puis, \u00e0 18h30 : Assembl\u00e9e g\u00e9n\u00e9rale de tous les personnels (lieu \u00e0 d\u00e9finir)<\/h3>\n","protected":false},"excerpt":{"rendered":"<p>Manifestations pour encercler le Grand conseil, qui discutera du budget 2026 mardi 2 d\u00e9cembre, 16h30-18h et mercredi 3 d\u00e9cembre, 16h30-22h Actions collectives; prenez des heures de gr\u00e8ve pour y participer, [&hellip;]<\/p>\n","protected":false},"author":4,"featured_media":0,"template":"","meta":{"_tribe_events_status":"","_tribe_events_status_reason":"","footnotes":""},"tags":[],"tribe_events_cat":[53],"class_list":["post-2380","tribe_events","type-tribe_events","status-publish","hentry","tribe_events_cat-coupes-budgetaires","cat_coupes-budgetaires"],"yoast_head":"<!-- This site is optimized with the Yoast SEO plugin v27.4 - https:\/\/yoast.com\/product\/yoast-seo-wordpress\/ -->\n<title>Contre les coupes : on ne l\u00e2che rien ! - svmep.ch<\/title>\n<meta name=\"description\" content=\"La mobilisation contre les coupes budg\u00e9taires continue les 2, 3 et 4 d\u00e9cembre, pour faire plier le Conseil d\u2019\u00c9tat et le Grand Conseil.\" \/>\n<meta name=\"robots\" content=\"index, follow, max-snippet:-1, max-image-preview:large, max-video-preview:-1\" \/>\n<link rel=\"canonical\" href=\"https:\/\/sud.svmep.ch\/svmep\/event\/contre-les-coupes-on-ne-lache-rien\/\" \/>\n<meta property=\"og:locale\" content=\"fr_FR\" \/>\n<meta property=\"og:type\" content=\"article\" \/>\n<meta property=\"og:title\" content=\"Contre les coupes : on ne l\u00e2che rien ! - svmep.ch\" \/>\n<meta property=\"og:description\" content=\"La mobilisation contre les coupes budg\u00e9taires continue les 2, 3 et 4 d\u00e9cembre, pour faire plier le Conseil d\u2019\u00c9tat et le Grand Conseil.\" \/>\n<meta property=\"og:url\" content=\"https:\/\/sud.svmep.ch\/svmep\/event\/contre-les-coupes-on-ne-lache-rien\/\" \/>\n<meta property=\"og:site_name\" content=\"svmep.ch\" \/>\n<meta property=\"article:modified_time\" content=\"2025-11-30T15:50:14+00:00\" \/>\n<meta property=\"og:image\" content=\"https:\/\/sud.svmep.ch\/svmep\/wp-content\/uploads\/2-octobre-gc.jpg\" \/>\n\t<meta property=\"og:image:width\" content=\"1742\" \/>\n\t<meta property=\"og:image:height\" content=\"1418\" \/>\n\t<meta property=\"og:image:type\" content=\"image\/jpeg\" \/>\n<meta name=\"twitter:card\" content=\"summary_large_image\" \/>\n<script type=\"application\/ld+json\" class=\"yoast-schema-graph\">{\"@context\":\"https:\\\/\\\/schema.org\",\"@graph\":[{\"@type\":\"WebPage\",\"@id\":\"https:\\\/\\\/sud.svmep.ch\\\/svmep\\\/event\\\/contre-les-coupes-on-ne-lache-rien\\\/\",\"url\":\"https:\\\/\\\/sud.svmep.ch\\\/svmep\\\/event\\\/contre-les-coupes-on-ne-lache-rien\\\/\",\"name\":\"Contre les coupes : on ne l\u00e2che rien ! - svmep.ch\",\"isPartOf\":{\"@id\":\"https:\\\/\\\/sud.svmep.ch\\\/svmep\\\/#website\"},\"primaryImageOfPage\":{\"@id\":\"https:\\\/\\\/sud.svmep.ch\\\/svmep\\\/event\\\/contre-les-coupes-on-ne-lache-rien\\\/#primaryimage\"},\"image\":{\"@id\":\"https:\\\/\\\/sud.svmep.ch\\\/svmep\\\/event\\\/contre-les-coupes-on-ne-lache-rien\\\/#primaryimage\"},\"thumbnailUrl\":\"https:\\\/\\\/sud.svmep.ch\\\/svmep\\\/wp-content\\\/uploads\\\/2-octobre-gc-300x244.jpg\",\"datePublished\":\"2025-11-30T15:42:38+00:00\",\"dateModified\":\"2025-11-30T15:50:14+00:00\",\"description\":\"La mobilisation contre les coupes budg\u00e9taires continue les 2, 3 et 4 d\u00e9cembre, pour faire plier le Conseil d\u2019\u00c9tat et le Grand Conseil.\",\"breadcrumb\":{\"@id\":\"https:\\\/\\\/sud.svmep.ch\\\/svmep\\\/event\\\/contre-les-coupes-on-ne-lache-rien\\\/#breadcrumb\"},\"inLanguage\":\"fr-FR\",\"potentialAction\":[{\"@type\":\"ReadAction\",\"target\":[\"https:\\\/\\\/sud.svmep.ch\\\/svmep\\\/event\\\/contre-les-coupes-on-ne-lache-rien\\\/\"]}]},{\"@type\":\"ImageObject\",\"inLanguage\":\"fr-FR\",\"@id\":\"https:\\\/\\\/sud.svmep.ch\\\/svmep\\\/event\\\/contre-les-coupes-on-ne-lache-rien\\\/#primaryimage\",\"url\":\"https:\\\/\\\/sud.svmep.ch\\\/svmep\\\/wp-content\\\/uploads\\\/2-octobre-gc.jpg\",\"contentUrl\":\"https:\\\/\\\/sud.svmep.ch\\\/svmep\\\/wp-content\\\/uploads\\\/2-octobre-gc.jpg\",\"width\":1742,\"height\":1418,\"caption\":\"Lausanne, 2 octobre 2025\"},{\"@type\":\"BreadcrumbList\",\"@id\":\"https:\\\/\\\/sud.svmep.ch\\\/svmep\\\/event\\\/contre-les-coupes-on-ne-lache-rien\\\/#breadcrumb\",\"itemListElement\":[{\"@type\":\"ListItem\",\"position\":1,\"name\":\"Accueil\",\"item\":\"https:\\\/\\\/sud.svmep.ch\\\/svmep\\\/\"},{\"@type\":\"ListItem\",\"position\":2,\"name\":\"\u00c9v\u00e8nements\",\"item\":\"https:\\\/\\\/sud.svmep.ch\\\/svmep\\\/events\\\/\"},{\"@type\":\"ListItem\",\"position\":3,\"name\":\"Contre les coupes : on ne l\u00e2che rien !\"}]},{\"@type\":\"WebSite\",\"@id\":\"https:\\\/\\\/sud.svmep.ch\\\/svmep\\\/#website\",\"url\":\"https:\\\/\\\/sud.svmep.ch\\\/svmep\\\/\",\"name\":\"Syndicat vaudois des ma\u00eetres.ses de l'enseignement professionnel\",\"description\":\"\",\"publisher\":{\"@id\":\"https:\\\/\\\/sud.svmep.ch\\\/svmep\\\/#organization\"},\"alternateName\":\"SVMEP\",\"potentialAction\":[{\"@type\":\"SearchAction\",\"target\":{\"@type\":\"EntryPoint\",\"urlTemplate\":\"https:\\\/\\\/sud.svmep.ch\\\/svmep\\\/?s={search_term_string}\"},\"query-input\":{\"@type\":\"PropertyValueSpecification\",\"valueRequired\":true,\"valueName\":\"search_term_string\"}}],\"inLanguage\":\"fr-FR\"},{\"@type\":\"Organization\",\"@id\":\"https:\\\/\\\/sud.svmep.ch\\\/svmep\\\/#organization\",\"name\":\"Syndicat vaudois des ma\u00eetres.ses de l'enseignement professionnel SVMEP\",\"alternateName\":\"SVMEP\",\"url\":\"https:\\\/\\\/sud.svmep.ch\\\/svmep\\\/\",\"logo\":{\"@type\":\"ImageObject\",\"inLanguage\":\"fr-FR\",\"@id\":\"https:\\\/\\\/sud.svmep.ch\\\/svmep\\\/#\\\/schema\\\/logo\\\/image\\\/\",\"url\":\"https:\\\/\\\/sud.svmep.ch\\\/svmep\\\/wp-content\\\/uploads\\\/2024\\\/09\\\/svmep150x260.jpg\",\"contentUrl\":\"https:\\\/\\\/sud.svmep.ch\\\/svmep\\\/wp-content\\\/uploads\\\/2024\\\/09\\\/svmep150x260.jpg\",\"width\":226,\"height\":127,\"caption\":\"Syndicat vaudois des ma\u00eetres.ses de l'enseignement professionnel SVMEP\"},\"image\":{\"@id\":\"https:\\\/\\\/sud.svmep.ch\\\/svmep\\\/#\\\/schema\\\/logo\\\/image\\\/\"}}]}<\/script>\n<!-- \/ Yoast SEO plugin. -->","yoast_head_json":{"title":"Contre les coupes : on ne l\u00e2che rien ! - svmep.ch","description":"La mobilisation contre les coupes budg\u00e9taires continue les 2, 3 et 4 d\u00e9cembre, pour faire plier le Conseil d\u2019\u00c9tat et le Grand Conseil.","robots":{"index":"index","follow":"follow","max-snippet":"max-snippet:-1","max-image-preview":"max-image-preview:large","max-video-preview":"max-video-preview:-1"},"canonical":"https:\/\/sud.svmep.ch\/svmep\/event\/contre-les-coupes-on-ne-lache-rien\/","og_locale":"fr_FR","og_type":"article","og_title":"Contre les coupes : on ne l\u00e2che rien ! - svmep.ch","og_description":"La mobilisation contre les coupes budg\u00e9taires continue les 2, 3 et 4 d\u00e9cembre, pour faire plier le Conseil d\u2019\u00c9tat et le Grand Conseil.","og_url":"https:\/\/sud.svmep.ch\/svmep\/event\/contre-les-coupes-on-ne-lache-rien\/","og_site_name":"svmep.ch","article_modified_time":"2025-11-30T15:50:14+00:00","og_image":[{"width":1742,"height":1418,"url":"https:\/\/sud.svmep.ch\/svmep\/wp-content\/uploads\/2-octobre-gc.jpg","type":"image\/jpeg"}],"twitter_card":"summary_large_image","schema":{"@context":"https:\/\/schema.org","@graph":[{"@type":"WebPage","@id":"https:\/\/sud.svmep.ch\/svmep\/event\/contre-les-coupes-on-ne-lache-rien\/","url":"https:\/\/sud.svmep.ch\/svmep\/event\/contre-les-coupes-on-ne-lache-rien\/","name":"Contre les coupes : on ne l\u00e2che rien ! - svmep.ch","isPartOf":{"@id":"https:\/\/sud.svmep.ch\/svmep\/#website"},"primaryImageOfPage":{"@id":"https:\/\/sud.svmep.ch\/svmep\/event\/contre-les-coupes-on-ne-lache-rien\/#primaryimage"},"image":{"@id":"https:\/\/sud.svmep.ch\/svmep\/event\/contre-les-coupes-on-ne-lache-rien\/#primaryimage"},"thumbnailUrl":"https:\/\/sud.svmep.ch\/svmep\/wp-content\/uploads\/2-octobre-gc-300x244.jpg","datePublished":"2025-11-30T15:42:38+00:00","dateModified":"2025-11-30T15:50:14+00:00","description":"La mobilisation contre les coupes budg\u00e9taires continue les 2, 3 et 4 d\u00e9cembre, pour faire plier le Conseil d\u2019\u00c9tat et le Grand Conseil.","breadcrumb":{"@id":"https:\/\/sud.svmep.ch\/svmep\/event\/contre-les-coupes-on-ne-lache-rien\/#breadcrumb"},"inLanguage":"fr-FR","potentialAction":[{"@type":"ReadAction","target":["https:\/\/sud.svmep.ch\/svmep\/event\/contre-les-coupes-on-ne-lache-rien\/"]}]},{"@type":"ImageObject","inLanguage":"fr-FR","@id":"https:\/\/sud.svmep.ch\/svmep\/event\/contre-les-coupes-on-ne-lache-rien\/#primaryimage","url":"https:\/\/sud.svmep.ch\/svmep\/wp-content\/uploads\/2-octobre-gc.jpg","contentUrl":"https:\/\/sud.svmep.ch\/svmep\/wp-content\/uploads\/2-octobre-gc.jpg","width":1742,"height":1418,"caption":"Lausanne, 2 octobre 2025"},{"@type":"BreadcrumbList","@id":"https:\/\/sud.svmep.ch\/svmep\/event\/contre-les-coupes-on-ne-lache-rien\/#breadcrumb","itemListElement":[{"@type":"ListItem","position":1,"name":"Accueil","item":"https:\/\/sud.svmep.ch\/svmep\/"},{"@type":"ListItem","position":2,"name":"\u00c9v\u00e8nements","item":"https:\/\/sud.svmep.ch\/svmep\/events\/"},{"@type":"ListItem","position":3,"name":"Contre les coupes : on ne l\u00e2che rien !"}]},{"@type":"WebSite","@id":"https:\/\/sud.svmep.ch\/svmep\/#website","url":"https:\/\/sud.svmep.ch\/svmep\/","name":"Syndicat vaudois des ma\u00eetres.ses de l'enseignement professionnel","description":"","publisher":{"@id":"https:\/\/sud.svmep.ch\/svmep\/#organization"},"alternateName":"SVMEP","potentialAction":[{"@type":"SearchAction","target":{"@type":"EntryPoint","urlTemplate":"https:\/\/sud.svmep.ch\/svmep\/?s={search_term_string}"},"query-input":{"@type":"PropertyValueSpecification","valueRequired":true,"valueName":"search_term_string"}}],"inLanguage":"fr-FR"},{"@type":"Organization","@id":"https:\/\/sud.svmep.ch\/svmep\/#organization","name":"Syndicat vaudois des ma\u00eetres.ses de l'enseignement professionnel SVMEP","alternateName":"SVMEP","url":"https:\/\/sud.svmep.ch\/svmep\/","logo":{"@type":"ImageObject","inLanguage":"fr-FR","@id":"https:\/\/sud.svmep.ch\/svmep\/#\/schema\/logo\/image\/","url":"https:\/\/sud.svmep.ch\/svmep\/wp-content\/uploads\/2024\/09\/svmep150x260.jpg","contentUrl":"https:\/\/sud.svmep.ch\/svmep\/wp-content\/uploads\/2024\/09\/svmep150x260.jpg","width":226,"height":127,"caption":"Syndicat vaudois des ma\u00eetres.ses de l'enseignement professionnel SVMEP"},"image":{"@id":"https:\/\/sud.svmep.ch\/svmep\/#\/schema\/logo\/image\/"}}]}},"_links":{"self":[{"href":"https:\/\/sud.svmep.ch\/svmep\/wp-json\/wp\/v2\/tribe_events\/2380","targetHints":{"allow":["GET"]}}],"collection":[{"href":"https:\/\/sud.svmep.ch\/svmep\/wp-json\/wp\/v2\/tribe_events"}],"about":[{"href":"https:\/\/sud.svmep.ch\/svmep\/wp-json\/wp\/v2\/types\/tribe_events"}],"author":[{"embeddable":true,"href":"https:\/\/sud.svmep.ch\/svmep\/wp-json\/wp\/v2\/users\/4"}],"version-history":[{"count":0,"href":"https:\/\/sud.svmep.ch\/svmep\/wp-json\/wp\/v2\/tribe_events\/2380\/revisions"}],"wp:attachment":[{"href":"https:\/\/sud.svmep.ch\/svmep\/wp-json\/wp\/v2\/media?parent=2380"}],"wp:term":[{"taxonomy":"post_tag","embeddable":true,"href":"https:\/\/sud.svmep.ch\/svmep\/wp-json\/wp\/v2\/tags?post=2380"},{"taxonomy":"tribe_events_cat","embeddable":true,"href":"https:\/\/sud.svmep.ch\/svmep\/wp-json\/wp\/v2\/tribe_events_cat?post=2380"}],"curies":[{"name":"wp","href":"https:\/\/api.w.org\/{rel}","templated":true}]}}