{"id":2421,"date":"2025-12-20T17:12:57","date_gmt":"2025-12-20T16:12:57","guid":{"rendered":"https:\/\/sud.svmep.ch\/svmep\/?post_type=tribe_events&#038;p=2421"},"modified":"2025-12-30T11:57:05","modified_gmt":"2025-12-30T10:57:05","slug":"assemblee-generale-des-personnels-du-service-public-et-parapublic-vaudois","status":"publish","type":"tribe_events","link":"https:\/\/sud.svmep.ch\/svmep\/event\/assemblee-generale-des-personnels-du-service-public-et-parapublic-vaudois\/","title":{"rendered":"Assembl\u00e9e g\u00e9n\u00e9rale des personnels du service public et parapublic vaudois"},"content":{"rendered":"<h3 class=\"h2_cms\">La lutte paie : elle doit continuer !<\/h3>\n<div id=\"attachment_2342\" style=\"width: 210px\" class=\"wp-caption alignright\"><img loading=\"lazy\" decoding=\"async\" aria-describedby=\"caption-attachment-2342\" class=\"size-medium wp-image-2342\" src=\"https:\/\/sud.svmep.ch\/svmep\/wp-content\/uploads\/W0A3589-scaled-1-200x300.jpeg\" alt=\"\" width=\"200\" height=\"300\" srcset=\"https:\/\/sud.svmep.ch\/svmep\/wp-content\/uploads\/W0A3589-scaled-1-200x300.jpeg 200w, https:\/\/sud.svmep.ch\/svmep\/wp-content\/uploads\/W0A3589-scaled-1-683x1024.jpeg 683w, https:\/\/sud.svmep.ch\/svmep\/wp-content\/uploads\/W0A3589-scaled-1-768x1152.jpeg 768w, https:\/\/sud.svmep.ch\/svmep\/wp-content\/uploads\/W0A3589-scaled-1-1024x1536.jpeg 1024w, https:\/\/sud.svmep.ch\/svmep\/wp-content\/uploads\/W0A3589-scaled-1-1366x2048.jpeg 1366w, https:\/\/sud.svmep.ch\/svmep\/wp-content\/uploads\/W0A3589-scaled-1.jpeg 1707w\" sizes=\"auto, (max-width: 200px) 100vw, 200px\" \/><p id=\"caption-attachment-2342\" class=\"wp-caption-text\">Manifestation du 18 novembre 2025, Lausanne<\/p><\/div>\n<h4>Pluriannuel, le plan de casse des services publics actuellement \u00e0 l\u2019\u0153uvre doit continuer d\u2019\u00eatre combattu !<\/h4>\n<p>Cette assembl\u00e9e sera l\u2019occasion de tirer un premier bilan de notre lutte, des avanc\u00e9es obtenues et des prochaines \u00e9ch\u00e9ances de n\u00e9gociations et de mobilisation.<\/p>\n","protected":false},"excerpt":{"rendered":"<p>La lutte paie : elle doit continuer ! Pluriannuel, le plan de casse des services publics actuellement \u00e0 l\u2019\u0153uvre doit continuer d\u2019\u00eatre combattu ! Cette assembl\u00e9e sera l\u2019occasion de tirer [&hellip;]<\/p>\n","protected":false},"author":4,"featured_media":0,"template":"","meta":{"_tribe_events_status":"","_tribe_events_status_reason":"","footnotes":""},"tags":[],"tribe_events_cat":[53],"class_list":["post-2421","tribe_events","type-tribe_events","status-publish","hentry","tribe_events_cat-coupes-budgetaires","cat_coupes-budgetaires"],"yoast_head":"<!-- This site is optimized with the Yoast SEO plugin v27.4 - https:\/\/yoast.com\/product\/yoast-seo-wordpress\/ -->\n<title>Assembl\u00e9e g\u00e9n\u00e9rale des personnels du service public et parapublic vaudois - svmep.ch<\/title>\n<meta name=\"description\" content=\"Assembl\u00e9e g\u00e9n\u00e9rale des personnels du service public et parapublic vaudois.\" \/>\n<meta name=\"robots\" content=\"index, follow, max-snippet:-1, max-image-preview:large, max-video-preview:-1\" \/>\n<link rel=\"canonical\" href=\"https:\/\/sud.svmep.ch\/svmep\/event\/assemblee-generale-des-personnels-du-service-public-et-parapublic-vaudois\/\" \/>\n<meta property=\"og:locale\" content=\"fr_FR\" \/>\n<meta property=\"og:type\" content=\"article\" \/>\n<meta property=\"og:title\" content=\"Assembl\u00e9e g\u00e9n\u00e9rale des personnels du service public et parapublic vaudois - svmep.ch\" \/>\n<meta property=\"og:description\" content=\"Assembl\u00e9e g\u00e9n\u00e9rale des personnels du service public et parapublic vaudois.\" \/>\n<meta property=\"og:url\" content=\"https:\/\/sud.svmep.ch\/svmep\/event\/assemblee-generale-des-personnels-du-service-public-et-parapublic-vaudois\/\" \/>\n<meta property=\"og:site_name\" content=\"svmep.ch\" \/>\n<meta property=\"article:modified_time\" content=\"2025-12-30T10:57:05+00:00\" \/>\n<meta property=\"og:image\" content=\"https:\/\/sud.svmep.ch\/svmep\/wp-content\/uploads\/W0A3589-scaled-1.jpeg\" \/>\n\t<meta property=\"og:image:width\" content=\"1707\" \/>\n\t<meta property=\"og:image:height\" content=\"2560\" \/>\n\t<meta property=\"og:image:type\" content=\"image\/jpeg\" \/>\n<meta name=\"twitter:card\" content=\"summary_large_image\" \/>\n<script type=\"application\/ld+json\" class=\"yoast-schema-graph\">{\"@context\":\"https:\\\/\\\/schema.org\",\"@graph\":[{\"@type\":\"WebPage\",\"@id\":\"https:\\\/\\\/sud.svmep.ch\\\/svmep\\\/event\\\/assemblee-generale-des-personnels-du-service-public-et-parapublic-vaudois\\\/\",\"url\":\"https:\\\/\\\/sud.svmep.ch\\\/svmep\\\/event\\\/assemblee-generale-des-personnels-du-service-public-et-parapublic-vaudois\\\/\",\"name\":\"Assembl\u00e9e g\u00e9n\u00e9rale des personnels du service public et parapublic vaudois - svmep.ch\",\"isPartOf\":{\"@id\":\"https:\\\/\\\/sud.svmep.ch\\\/svmep\\\/#website\"},\"primaryImageOfPage\":{\"@id\":\"https:\\\/\\\/sud.svmep.ch\\\/svmep\\\/event\\\/assemblee-generale-des-personnels-du-service-public-et-parapublic-vaudois\\\/#primaryimage\"},\"image\":{\"@id\":\"https:\\\/\\\/sud.svmep.ch\\\/svmep\\\/event\\\/assemblee-generale-des-personnels-du-service-public-et-parapublic-vaudois\\\/#primaryimage\"},\"thumbnailUrl\":\"https:\\\/\\\/sud.svmep.ch\\\/svmep\\\/wp-content\\\/uploads\\\/W0A3589-scaled-1-200x300.jpeg\",\"datePublished\":\"2025-12-20T16:12:57+00:00\",\"dateModified\":\"2025-12-30T10:57:05+00:00\",\"description\":\"Assembl\u00e9e g\u00e9n\u00e9rale des personnels du service public et parapublic vaudois.\",\"breadcrumb\":{\"@id\":\"https:\\\/\\\/sud.svmep.ch\\\/svmep\\\/event\\\/assemblee-generale-des-personnels-du-service-public-et-parapublic-vaudois\\\/#breadcrumb\"},\"inLanguage\":\"fr-FR\",\"potentialAction\":[{\"@type\":\"ReadAction\",\"target\":[\"https:\\\/\\\/sud.svmep.ch\\\/svmep\\\/event\\\/assemblee-generale-des-personnels-du-service-public-et-parapublic-vaudois\\\/\"]}]},{\"@type\":\"ImageObject\",\"inLanguage\":\"fr-FR\",\"@id\":\"https:\\\/\\\/sud.svmep.ch\\\/svmep\\\/event\\\/assemblee-generale-des-personnels-du-service-public-et-parapublic-vaudois\\\/#primaryimage\",\"url\":\"https:\\\/\\\/sud.svmep.ch\\\/svmep\\\/wp-content\\\/uploads\\\/W0A3589-scaled-1.jpeg\",\"contentUrl\":\"https:\\\/\\\/sud.svmep.ch\\\/svmep\\\/wp-content\\\/uploads\\\/W0A3589-scaled-1.jpeg\",\"width\":1707,\"height\":2560,\"caption\":\"Manifestation du 18 novembre 2025, Lausanne\"},{\"@type\":\"BreadcrumbList\",\"@id\":\"https:\\\/\\\/sud.svmep.ch\\\/svmep\\\/event\\\/assemblee-generale-des-personnels-du-service-public-et-parapublic-vaudois\\\/#breadcrumb\",\"itemListElement\":[{\"@type\":\"ListItem\",\"position\":1,\"name\":\"Accueil\",\"item\":\"https:\\\/\\\/sud.svmep.ch\\\/svmep\\\/\"},{\"@type\":\"ListItem\",\"position\":2,\"name\":\"\u00c9v\u00e8nements\",\"item\":\"https:\\\/\\\/sud.svmep.ch\\\/svmep\\\/events\\\/\"},{\"@type\":\"ListItem\",\"position\":3,\"name\":\"Assembl\u00e9e g\u00e9n\u00e9rale des personnels du service public et parapublic vaudois\"}]},{\"@type\":\"WebSite\",\"@id\":\"https:\\\/\\\/sud.svmep.ch\\\/svmep\\\/#website\",\"url\":\"https:\\\/\\\/sud.svmep.ch\\\/svmep\\\/\",\"name\":\"Syndicat vaudois des ma\u00eetres.ses de l'enseignement professionnel\",\"description\":\"\",\"publisher\":{\"@id\":\"https:\\\/\\\/sud.svmep.ch\\\/svmep\\\/#organization\"},\"alternateName\":\"SVMEP\",\"potentialAction\":[{\"@type\":\"SearchAction\",\"target\":{\"@type\":\"EntryPoint\",\"urlTemplate\":\"https:\\\/\\\/sud.svmep.ch\\\/svmep\\\/?s={search_term_string}\"},\"query-input\":{\"@type\":\"PropertyValueSpecification\",\"valueRequired\":true,\"valueName\":\"search_term_string\"}}],\"inLanguage\":\"fr-FR\"},{\"@type\":\"Organization\",\"@id\":\"https:\\\/\\\/sud.svmep.ch\\\/svmep\\\/#organization\",\"name\":\"Syndicat vaudois des ma\u00eetres.ses de l'enseignement professionnel SVMEP\",\"alternateName\":\"SVMEP\",\"url\":\"https:\\\/\\\/sud.svmep.ch\\\/svmep\\\/\",\"logo\":{\"@type\":\"ImageObject\",\"inLanguage\":\"fr-FR\",\"@id\":\"https:\\\/\\\/sud.svmep.ch\\\/svmep\\\/#\\\/schema\\\/logo\\\/image\\\/\",\"url\":\"https:\\\/\\\/sud.svmep.ch\\\/svmep\\\/wp-content\\\/uploads\\\/2024\\\/09\\\/svmep150x260.jpg\",\"contentUrl\":\"https:\\\/\\\/sud.svmep.ch\\\/svmep\\\/wp-content\\\/uploads\\\/2024\\\/09\\\/svmep150x260.jpg\",\"width\":226,\"height\":127,\"caption\":\"Syndicat vaudois des ma\u00eetres.ses de l'enseignement professionnel SVMEP\"},\"image\":{\"@id\":\"https:\\\/\\\/sud.svmep.ch\\\/svmep\\\/#\\\/schema\\\/logo\\\/image\\\/\"}}]}<\/script>\n<!-- \/ Yoast SEO plugin. -->","yoast_head_json":{"title":"Assembl\u00e9e g\u00e9n\u00e9rale des personnels du service public et parapublic vaudois - svmep.ch","description":"Assembl\u00e9e g\u00e9n\u00e9rale des personnels du service public et parapublic vaudois.","robots":{"index":"index","follow":"follow","max-snippet":"max-snippet:-1","max-image-preview":"max-image-preview:large","max-video-preview":"max-video-preview:-1"},"canonical":"https:\/\/sud.svmep.ch\/svmep\/event\/assemblee-generale-des-personnels-du-service-public-et-parapublic-vaudois\/","og_locale":"fr_FR","og_type":"article","og_title":"Assembl\u00e9e g\u00e9n\u00e9rale des personnels du service public et parapublic vaudois - svmep.ch","og_description":"Assembl\u00e9e g\u00e9n\u00e9rale des personnels du service public et parapublic vaudois.","og_url":"https:\/\/sud.svmep.ch\/svmep\/event\/assemblee-generale-des-personnels-du-service-public-et-parapublic-vaudois\/","og_site_name":"svmep.ch","article_modified_time":"2025-12-30T10:57:05+00:00","og_image":[{"width":1707,"height":2560,"url":"https:\/\/sud.svmep.ch\/svmep\/wp-content\/uploads\/W0A3589-scaled-1.jpeg","type":"image\/jpeg"}],"twitter_card":"summary_large_image","schema":{"@context":"https:\/\/schema.org","@graph":[{"@type":"WebPage","@id":"https:\/\/sud.svmep.ch\/svmep\/event\/assemblee-generale-des-personnels-du-service-public-et-parapublic-vaudois\/","url":"https:\/\/sud.svmep.ch\/svmep\/event\/assemblee-generale-des-personnels-du-service-public-et-parapublic-vaudois\/","name":"Assembl\u00e9e g\u00e9n\u00e9rale des personnels du service public et parapublic vaudois - svmep.ch","isPartOf":{"@id":"https:\/\/sud.svmep.ch\/svmep\/#website"},"primaryImageOfPage":{"@id":"https:\/\/sud.svmep.ch\/svmep\/event\/assemblee-generale-des-personnels-du-service-public-et-parapublic-vaudois\/#primaryimage"},"image":{"@id":"https:\/\/sud.svmep.ch\/svmep\/event\/assemblee-generale-des-personnels-du-service-public-et-parapublic-vaudois\/#primaryimage"},"thumbnailUrl":"https:\/\/sud.svmep.ch\/svmep\/wp-content\/uploads\/W0A3589-scaled-1-200x300.jpeg","datePublished":"2025-12-20T16:12:57+00:00","dateModified":"2025-12-30T10:57:05+00:00","description":"Assembl\u00e9e g\u00e9n\u00e9rale des personnels du service public et parapublic vaudois.","breadcrumb":{"@id":"https:\/\/sud.svmep.ch\/svmep\/event\/assemblee-generale-des-personnels-du-service-public-et-parapublic-vaudois\/#breadcrumb"},"inLanguage":"fr-FR","potentialAction":[{"@type":"ReadAction","target":["https:\/\/sud.svmep.ch\/svmep\/event\/assemblee-generale-des-personnels-du-service-public-et-parapublic-vaudois\/"]}]},{"@type":"ImageObject","inLanguage":"fr-FR","@id":"https:\/\/sud.svmep.ch\/svmep\/event\/assemblee-generale-des-personnels-du-service-public-et-parapublic-vaudois\/#primaryimage","url":"https:\/\/sud.svmep.ch\/svmep\/wp-content\/uploads\/W0A3589-scaled-1.jpeg","contentUrl":"https:\/\/sud.svmep.ch\/svmep\/wp-content\/uploads\/W0A3589-scaled-1.jpeg","width":1707,"height":2560,"caption":"Manifestation du 18 novembre 2025, Lausanne"},{"@type":"BreadcrumbList","@id":"https:\/\/sud.svmep.ch\/svmep\/event\/assemblee-generale-des-personnels-du-service-public-et-parapublic-vaudois\/#breadcrumb","itemListElement":[{"@type":"ListItem","position":1,"name":"Accueil","item":"https:\/\/sud.svmep.ch\/svmep\/"},{"@type":"ListItem","position":2,"name":"\u00c9v\u00e8nements","item":"https:\/\/sud.svmep.ch\/svmep\/events\/"},{"@type":"ListItem","position":3,"name":"Assembl\u00e9e g\u00e9n\u00e9rale des personnels du service public et parapublic vaudois"}]},{"@type":"WebSite","@id":"https:\/\/sud.svmep.ch\/svmep\/#website","url":"https:\/\/sud.svmep.ch\/svmep\/","name":"Syndicat vaudois des ma\u00eetres.ses de l'enseignement professionnel","description":"","publisher":{"@id":"https:\/\/sud.svmep.ch\/svmep\/#organization"},"alternateName":"SVMEP","potentialAction":[{"@type":"SearchAction","target":{"@type":"EntryPoint","urlTemplate":"https:\/\/sud.svmep.ch\/svmep\/?s={search_term_string}"},"query-input":{"@type":"PropertyValueSpecification","valueRequired":true,"valueName":"search_term_string"}}],"inLanguage":"fr-FR"},{"@type":"Organization","@id":"https:\/\/sud.svmep.ch\/svmep\/#organization","name":"Syndicat vaudois des ma\u00eetres.ses de l'enseignement professionnel SVMEP","alternateName":"SVMEP","url":"https:\/\/sud.svmep.ch\/svmep\/","logo":{"@type":"ImageObject","inLanguage":"fr-FR","@id":"https:\/\/sud.svmep.ch\/svmep\/#\/schema\/logo\/image\/","url":"https:\/\/sud.svmep.ch\/svmep\/wp-content\/uploads\/2024\/09\/svmep150x260.jpg","contentUrl":"https:\/\/sud.svmep.ch\/svmep\/wp-content\/uploads\/2024\/09\/svmep150x260.jpg","width":226,"height":127,"caption":"Syndicat vaudois des ma\u00eetres.ses de l'enseignement professionnel SVMEP"},"image":{"@id":"https:\/\/sud.svmep.ch\/svmep\/#\/schema\/logo\/image\/"}}]}},"_links":{"self":[{"href":"https:\/\/sud.svmep.ch\/svmep\/wp-json\/wp\/v2\/tribe_events\/2421","targetHints":{"allow":["GET"]}}],"collection":[{"href":"https:\/\/sud.svmep.ch\/svmep\/wp-json\/wp\/v2\/tribe_events"}],"about":[{"href":"https:\/\/sud.svmep.ch\/svmep\/wp-json\/wp\/v2\/types\/tribe_events"}],"author":[{"embeddable":true,"href":"https:\/\/sud.svmep.ch\/svmep\/wp-json\/wp\/v2\/users\/4"}],"version-history":[{"count":0,"href":"https:\/\/sud.svmep.ch\/svmep\/wp-json\/wp\/v2\/tribe_events\/2421\/revisions"}],"wp:attachment":[{"href":"https:\/\/sud.svmep.ch\/svmep\/wp-json\/wp\/v2\/media?parent=2421"}],"wp:term":[{"taxonomy":"post_tag","embeddable":true,"href":"https:\/\/sud.svmep.ch\/svmep\/wp-json\/wp\/v2\/tags?post=2421"},{"taxonomy":"tribe_events_cat","embeddable":true,"href":"https:\/\/sud.svmep.ch\/svmep\/wp-json\/wp\/v2\/tribe_events_cat?post=2421"}],"curies":[{"name":"wp","href":"https:\/\/api.w.org\/{rel}","templated":true}]}}