{"id":2502,"date":"2026-02-19T09:53:21","date_gmt":"2026-02-19T08:53:21","guid":{"rendered":"https:\/\/sud.svmep.ch\/svmep\/?post_type=tribe_events&#038;p=2502"},"modified":"2026-02-19T10:36:25","modified_gmt":"2026-02-19T09:36:25","slug":"assemblee-generale-des-enseignant-e-s-sud-du-postobligatoire","status":"publish","type":"tribe_events","link":"https:\/\/sud.svmep.ch\/svmep\/event\/assemblee-generale-des-enseignant-e-s-sud-du-postobligatoire\/","title":{"rendered":"Assembl\u00e9e g\u00e9n\u00e9rale des enseignant.e.s SUD du postobligatoire"},"content":{"rendered":"<h5>Salle Jean-Jaur\u00e8s<\/h5>\n<h2>Assembl\u00e9e sur l&rsquo;\u00c9cole de commerce : point de situation<img loading=\"lazy\" decoding=\"async\" class=\"alignright size-full wp-image-1087\" src=\"https:\/\/sud.svmep.ch\/svmep\/wp-content\/uploads\/2024\/09\/taylor_nb.png\" alt=\"\" width=\"245\" height=\"184\" \/><\/h2>\n<p>Que nous soyons enseignant.e.s en \u00e9coles professionnelles ou au gymnase, les al\u00e9as de la fili\u00e8re \u00c9cole de commerce nous concernent pratiquement toutes et tous. Directement ou indirectement sur nos lieux de travail : par des incertitudes quant aux conditions dans lesquelles nous exer\u00e7ons et par les enjeux p\u00e9dagogiques notamment li\u00e9s \u00e0 la <strong>d\u00e9fense des savoirs disciplinaires vs les <\/strong><em><strong>comp\u00e9tences \u201cop\u00e9rationnelles\u201d<\/strong>. <\/em>Tout derni\u00e8rement, la <strong>sortie de la formation commerciale des gymnases vaudois vers quatre \u00e9coles professionnelles<\/strong> a peut-\u00eatre d\u00e9j\u00e0 eu des cons\u00e9quences pour vous ou en aura \u00e0 court ou moyen terme :<\/p>\n<ul>\n<li>d\u00e9gradation de la culture professionnelle et g\u00e9n\u00e9rale au fil des r\u00e9formes f\u00e9d\u00e9rales;<\/li>\n<li>\u00e9laboration de nouveau mat\u00e9riel d&rsquo;enseignement au gr\u00e9 des m\u00eames r\u00e9formes, mal ou non r\u00e9mun\u00e9r\u00e9e ;<\/li>\n<li>tout derni\u00e8rement, imposition sans n\u00e9gociation ni m\u00eame consultation d&rsquo;une nouvelle grille horaire qui signe l\u2019abandon de ce qui a fait pendant dix ans la sp\u00e9cificit\u00e9 de la formation en \u00c9cole de commerce sur sol vaudois, appauvrissant ainsi cet enseignement;<\/li>\n<li>remodelage des p\u00e9riodes d&rsquo;enseignement de l&rsquo;anglais en maturit\u00e9 professionnelle, impos\u00e9 par la DGEP sans n\u00e9gociation ni m\u00eame consultation des enseignant.e.s touch\u00e9.e.s, cr\u00e9ant ainsi de la pr\u00e9carit\u00e9 pour un nombre important d&rsquo;enseignant.e.s;<\/li>\n<li>d\u00e9mant\u00e8lement d&rsquo;un tiers des classes et de l&#8217;emploi du Gymnase de Beaulieu (perte de 20 classes sur 60), \u00e9vit\u00e9 de justesse apr\u00e8s pr\u00e8s d&rsquo;un an de stress et de mobilisation ;<\/li>\n<li>pr\u00e9carisation de l&#8217;emploi (d\u00e9multiplication des CDD, transferts entre gymnases ou vers des \u00e9coles professionnelles, blocage du d\u00e9veloppement du gymnase de Crissier, etc.);<\/li>\n<li>\u201cjeu des chaises musicales\u201d pour les profs et les \u00e9l\u00e8ves ou apprenti.e.s, d\u00e9plac\u00e9.e.s d&rsquo;autorit\u00e9 d&rsquo;un \u00e9tablissement \u00e0 l&rsquo;autre.<\/li>\n<\/ul>\n<p><strong>En savoir plus:<\/strong><br \/>\n<a href=\"https:\/\/sud.svmep.ch\/svmep\/sortie-de-lecole-de-commerce-des-gymnases-vaudois\/\" target=\"_blank\" rel=\"noopener\">Sortie de l\u2019\u00c9cole de commerce des gymnases vaudois<\/a><br \/>\n<a href=\"https:\/\/sud-vd.ch\/ecole-de-comm-premier-recul-de-lemployeur\/\" target=\"_blank\" rel=\"noopener\">\u00c9cole de comm\u2019: premier recul de l\u2019employeur!<\/a><\/p>\n","protected":false},"excerpt":{"rendered":"<p>Salle Jean-Jaur\u00e8s Assembl\u00e9e sur l&rsquo;\u00c9cole de commerce : point de situation Que nous soyons enseignant.e.s en \u00e9coles professionnelles ou au gymnase, les al\u00e9as de la fili\u00e8re \u00c9cole de commerce nous [&hellip;]<\/p>\n","protected":false},"author":4,"featured_media":0,"template":"","meta":{"_tribe_events_status":"","_tribe_events_status_reason":"","footnotes":""},"tags":[45],"tribe_events_cat":[],"class_list":["post-2502","tribe_events","type-tribe_events","status-publish","hentry","tag-enseignement"],"yoast_head":"<!-- This site is optimized with the Yoast SEO plugin v27.4 - https:\/\/yoast.com\/product\/yoast-seo-wordpress\/ -->\n<title>Assembl\u00e9e g\u00e9n\u00e9rale des enseignant.e.s SUD du postobligatoire - svmep.ch<\/title>\n<meta name=\"description\" content=\"Assembl\u00e9e sur la sortie de la formation commerciale des gymnases vaudois vers quatre \u00e9coles professionnelles.\" \/>\n<meta name=\"robots\" content=\"index, follow, max-snippet:-1, max-image-preview:large, max-video-preview:-1\" \/>\n<link rel=\"canonical\" href=\"https:\/\/sud.svmep.ch\/svmep\/event\/assemblee-generale-des-enseignant-e-s-sud-du-postobligatoire\/\" \/>\n<meta property=\"og:locale\" content=\"fr_FR\" \/>\n<meta property=\"og:type\" content=\"article\" \/>\n<meta property=\"og:title\" content=\"Assembl\u00e9e g\u00e9n\u00e9rale des enseignant.e.s SUD du postobligatoire - svmep.ch\" \/>\n<meta property=\"og:description\" content=\"Assembl\u00e9e sur la sortie de la formation commerciale des gymnases vaudois vers quatre \u00e9coles professionnelles.\" \/>\n<meta property=\"og:url\" content=\"https:\/\/sud.svmep.ch\/svmep\/event\/assemblee-generale-des-enseignant-e-s-sud-du-postobligatoire\/\" \/>\n<meta property=\"og:site_name\" content=\"svmep.ch\" \/>\n<meta property=\"article:modified_time\" content=\"2026-02-19T09:36:25+00:00\" \/>\n<meta property=\"og:image\" content=\"https:\/\/sud.svmep.ch\/svmep\/wp-content\/uploads\/2024\/09\/taylor_nb.png\" \/>\n\t<meta property=\"og:image:width\" content=\"245\" \/>\n\t<meta property=\"og:image:height\" content=\"184\" \/>\n\t<meta property=\"og:image:type\" content=\"image\/png\" \/>\n<meta name=\"twitter:card\" content=\"summary_large_image\" \/>\n<script type=\"application\/ld+json\" class=\"yoast-schema-graph\">{\"@context\":\"https:\\\/\\\/schema.org\",\"@graph\":[{\"@type\":\"WebPage\",\"@id\":\"https:\\\/\\\/sud.svmep.ch\\\/svmep\\\/event\\\/assemblee-generale-des-enseignant-e-s-sud-du-postobligatoire\\\/\",\"url\":\"https:\\\/\\\/sud.svmep.ch\\\/svmep\\\/event\\\/assemblee-generale-des-enseignant-e-s-sud-du-postobligatoire\\\/\",\"name\":\"Assembl\u00e9e g\u00e9n\u00e9rale des enseignant.e.s SUD du postobligatoire - svmep.ch\",\"isPartOf\":{\"@id\":\"https:\\\/\\\/sud.svmep.ch\\\/svmep\\\/#website\"},\"primaryImageOfPage\":{\"@id\":\"https:\\\/\\\/sud.svmep.ch\\\/svmep\\\/event\\\/assemblee-generale-des-enseignant-e-s-sud-du-postobligatoire\\\/#primaryimage\"},\"image\":{\"@id\":\"https:\\\/\\\/sud.svmep.ch\\\/svmep\\\/event\\\/assemblee-generale-des-enseignant-e-s-sud-du-postobligatoire\\\/#primaryimage\"},\"thumbnailUrl\":\"https:\\\/\\\/sud.svmep.ch\\\/svmep\\\/wp-content\\\/uploads\\\/2024\\\/09\\\/taylor_nb.png\",\"datePublished\":\"2026-02-19T08:53:21+00:00\",\"dateModified\":\"2026-02-19T09:36:25+00:00\",\"description\":\"Assembl\u00e9e sur la sortie de la formation commerciale des gymnases vaudois vers quatre \u00e9coles professionnelles.\",\"breadcrumb\":{\"@id\":\"https:\\\/\\\/sud.svmep.ch\\\/svmep\\\/event\\\/assemblee-generale-des-enseignant-e-s-sud-du-postobligatoire\\\/#breadcrumb\"},\"inLanguage\":\"fr-FR\",\"potentialAction\":[{\"@type\":\"ReadAction\",\"target\":[\"https:\\\/\\\/sud.svmep.ch\\\/svmep\\\/event\\\/assemblee-generale-des-enseignant-e-s-sud-du-postobligatoire\\\/\"]}]},{\"@type\":\"ImageObject\",\"inLanguage\":\"fr-FR\",\"@id\":\"https:\\\/\\\/sud.svmep.ch\\\/svmep\\\/event\\\/assemblee-generale-des-enseignant-e-s-sud-du-postobligatoire\\\/#primaryimage\",\"url\":\"https:\\\/\\\/sud.svmep.ch\\\/svmep\\\/wp-content\\\/uploads\\\/2024\\\/09\\\/taylor_nb.png\",\"contentUrl\":\"https:\\\/\\\/sud.svmep.ch\\\/svmep\\\/wp-content\\\/uploads\\\/2024\\\/09\\\/taylor_nb.png\"},{\"@type\":\"BreadcrumbList\",\"@id\":\"https:\\\/\\\/sud.svmep.ch\\\/svmep\\\/event\\\/assemblee-generale-des-enseignant-e-s-sud-du-postobligatoire\\\/#breadcrumb\",\"itemListElement\":[{\"@type\":\"ListItem\",\"position\":1,\"name\":\"Accueil\",\"item\":\"https:\\\/\\\/sud.svmep.ch\\\/svmep\\\/\"},{\"@type\":\"ListItem\",\"position\":2,\"name\":\"\u00c9v\u00e8nements\",\"item\":\"https:\\\/\\\/sud.svmep.ch\\\/svmep\\\/events\\\/\"},{\"@type\":\"ListItem\",\"position\":3,\"name\":\"Assembl\u00e9e g\u00e9n\u00e9rale des enseignant.e.s SUD du postobligatoire\"}]},{\"@type\":\"WebSite\",\"@id\":\"https:\\\/\\\/sud.svmep.ch\\\/svmep\\\/#website\",\"url\":\"https:\\\/\\\/sud.svmep.ch\\\/svmep\\\/\",\"name\":\"Syndicat vaudois des ma\u00eetres.ses de l'enseignement professionnel\",\"description\":\"\",\"publisher\":{\"@id\":\"https:\\\/\\\/sud.svmep.ch\\\/svmep\\\/#organization\"},\"alternateName\":\"SVMEP\",\"potentialAction\":[{\"@type\":\"SearchAction\",\"target\":{\"@type\":\"EntryPoint\",\"urlTemplate\":\"https:\\\/\\\/sud.svmep.ch\\\/svmep\\\/?s={search_term_string}\"},\"query-input\":{\"@type\":\"PropertyValueSpecification\",\"valueRequired\":true,\"valueName\":\"search_term_string\"}}],\"inLanguage\":\"fr-FR\"},{\"@type\":\"Organization\",\"@id\":\"https:\\\/\\\/sud.svmep.ch\\\/svmep\\\/#organization\",\"name\":\"Syndicat vaudois des ma\u00eetres.ses de l'enseignement professionnel SVMEP\",\"alternateName\":\"SVMEP\",\"url\":\"https:\\\/\\\/sud.svmep.ch\\\/svmep\\\/\",\"logo\":{\"@type\":\"ImageObject\",\"inLanguage\":\"fr-FR\",\"@id\":\"https:\\\/\\\/sud.svmep.ch\\\/svmep\\\/#\\\/schema\\\/logo\\\/image\\\/\",\"url\":\"https:\\\/\\\/sud.svmep.ch\\\/svmep\\\/wp-content\\\/uploads\\\/2024\\\/09\\\/svmep150x260.jpg\",\"contentUrl\":\"https:\\\/\\\/sud.svmep.ch\\\/svmep\\\/wp-content\\\/uploads\\\/2024\\\/09\\\/svmep150x260.jpg\",\"width\":226,\"height\":127,\"caption\":\"Syndicat vaudois des ma\u00eetres.ses de l'enseignement professionnel SVMEP\"},\"image\":{\"@id\":\"https:\\\/\\\/sud.svmep.ch\\\/svmep\\\/#\\\/schema\\\/logo\\\/image\\\/\"}}]}<\/script>\n<!-- \/ Yoast SEO plugin. -->","yoast_head_json":{"title":"Assembl\u00e9e g\u00e9n\u00e9rale des enseignant.e.s SUD du postobligatoire - svmep.ch","description":"Assembl\u00e9e sur la sortie de la formation commerciale des gymnases vaudois vers quatre \u00e9coles professionnelles.","robots":{"index":"index","follow":"follow","max-snippet":"max-snippet:-1","max-image-preview":"max-image-preview:large","max-video-preview":"max-video-preview:-1"},"canonical":"https:\/\/sud.svmep.ch\/svmep\/event\/assemblee-generale-des-enseignant-e-s-sud-du-postobligatoire\/","og_locale":"fr_FR","og_type":"article","og_title":"Assembl\u00e9e g\u00e9n\u00e9rale des enseignant.e.s SUD du postobligatoire - svmep.ch","og_description":"Assembl\u00e9e sur la sortie de la formation commerciale des gymnases vaudois vers quatre \u00e9coles professionnelles.","og_url":"https:\/\/sud.svmep.ch\/svmep\/event\/assemblee-generale-des-enseignant-e-s-sud-du-postobligatoire\/","og_site_name":"svmep.ch","article_modified_time":"2026-02-19T09:36:25+00:00","og_image":[{"width":245,"height":184,"url":"https:\/\/sud.svmep.ch\/svmep\/wp-content\/uploads\/2024\/09\/taylor_nb.png","type":"image\/png"}],"twitter_card":"summary_large_image","schema":{"@context":"https:\/\/schema.org","@graph":[{"@type":"WebPage","@id":"https:\/\/sud.svmep.ch\/svmep\/event\/assemblee-generale-des-enseignant-e-s-sud-du-postobligatoire\/","url":"https:\/\/sud.svmep.ch\/svmep\/event\/assemblee-generale-des-enseignant-e-s-sud-du-postobligatoire\/","name":"Assembl\u00e9e g\u00e9n\u00e9rale des enseignant.e.s SUD du postobligatoire - svmep.ch","isPartOf":{"@id":"https:\/\/sud.svmep.ch\/svmep\/#website"},"primaryImageOfPage":{"@id":"https:\/\/sud.svmep.ch\/svmep\/event\/assemblee-generale-des-enseignant-e-s-sud-du-postobligatoire\/#primaryimage"},"image":{"@id":"https:\/\/sud.svmep.ch\/svmep\/event\/assemblee-generale-des-enseignant-e-s-sud-du-postobligatoire\/#primaryimage"},"thumbnailUrl":"https:\/\/sud.svmep.ch\/svmep\/wp-content\/uploads\/2024\/09\/taylor_nb.png","datePublished":"2026-02-19T08:53:21+00:00","dateModified":"2026-02-19T09:36:25+00:00","description":"Assembl\u00e9e sur la sortie de la formation commerciale des gymnases vaudois vers quatre \u00e9coles professionnelles.","breadcrumb":{"@id":"https:\/\/sud.svmep.ch\/svmep\/event\/assemblee-generale-des-enseignant-e-s-sud-du-postobligatoire\/#breadcrumb"},"inLanguage":"fr-FR","potentialAction":[{"@type":"ReadAction","target":["https:\/\/sud.svmep.ch\/svmep\/event\/assemblee-generale-des-enseignant-e-s-sud-du-postobligatoire\/"]}]},{"@type":"ImageObject","inLanguage":"fr-FR","@id":"https:\/\/sud.svmep.ch\/svmep\/event\/assemblee-generale-des-enseignant-e-s-sud-du-postobligatoire\/#primaryimage","url":"https:\/\/sud.svmep.ch\/svmep\/wp-content\/uploads\/2024\/09\/taylor_nb.png","contentUrl":"https:\/\/sud.svmep.ch\/svmep\/wp-content\/uploads\/2024\/09\/taylor_nb.png"},{"@type":"BreadcrumbList","@id":"https:\/\/sud.svmep.ch\/svmep\/event\/assemblee-generale-des-enseignant-e-s-sud-du-postobligatoire\/#breadcrumb","itemListElement":[{"@type":"ListItem","position":1,"name":"Accueil","item":"https:\/\/sud.svmep.ch\/svmep\/"},{"@type":"ListItem","position":2,"name":"\u00c9v\u00e8nements","item":"https:\/\/sud.svmep.ch\/svmep\/events\/"},{"@type":"ListItem","position":3,"name":"Assembl\u00e9e g\u00e9n\u00e9rale des enseignant.e.s SUD du postobligatoire"}]},{"@type":"WebSite","@id":"https:\/\/sud.svmep.ch\/svmep\/#website","url":"https:\/\/sud.svmep.ch\/svmep\/","name":"Syndicat vaudois des ma\u00eetres.ses de l'enseignement professionnel","description":"","publisher":{"@id":"https:\/\/sud.svmep.ch\/svmep\/#organization"},"alternateName":"SVMEP","potentialAction":[{"@type":"SearchAction","target":{"@type":"EntryPoint","urlTemplate":"https:\/\/sud.svmep.ch\/svmep\/?s={search_term_string}"},"query-input":{"@type":"PropertyValueSpecification","valueRequired":true,"valueName":"search_term_string"}}],"inLanguage":"fr-FR"},{"@type":"Organization","@id":"https:\/\/sud.svmep.ch\/svmep\/#organization","name":"Syndicat vaudois des ma\u00eetres.ses de l'enseignement professionnel SVMEP","alternateName":"SVMEP","url":"https:\/\/sud.svmep.ch\/svmep\/","logo":{"@type":"ImageObject","inLanguage":"fr-FR","@id":"https:\/\/sud.svmep.ch\/svmep\/#\/schema\/logo\/image\/","url":"https:\/\/sud.svmep.ch\/svmep\/wp-content\/uploads\/2024\/09\/svmep150x260.jpg","contentUrl":"https:\/\/sud.svmep.ch\/svmep\/wp-content\/uploads\/2024\/09\/svmep150x260.jpg","width":226,"height":127,"caption":"Syndicat vaudois des ma\u00eetres.ses de l'enseignement professionnel SVMEP"},"image":{"@id":"https:\/\/sud.svmep.ch\/svmep\/#\/schema\/logo\/image\/"}}]}},"_links":{"self":[{"href":"https:\/\/sud.svmep.ch\/svmep\/wp-json\/wp\/v2\/tribe_events\/2502","targetHints":{"allow":["GET"]}}],"collection":[{"href":"https:\/\/sud.svmep.ch\/svmep\/wp-json\/wp\/v2\/tribe_events"}],"about":[{"href":"https:\/\/sud.svmep.ch\/svmep\/wp-json\/wp\/v2\/types\/tribe_events"}],"author":[{"embeddable":true,"href":"https:\/\/sud.svmep.ch\/svmep\/wp-json\/wp\/v2\/users\/4"}],"version-history":[{"count":0,"href":"https:\/\/sud.svmep.ch\/svmep\/wp-json\/wp\/v2\/tribe_events\/2502\/revisions"}],"wp:attachment":[{"href":"https:\/\/sud.svmep.ch\/svmep\/wp-json\/wp\/v2\/media?parent=2502"}],"wp:term":[{"taxonomy":"post_tag","embeddable":true,"href":"https:\/\/sud.svmep.ch\/svmep\/wp-json\/wp\/v2\/tags?post=2502"},{"taxonomy":"tribe_events_cat","embeddable":true,"href":"https:\/\/sud.svmep.ch\/svmep\/wp-json\/wp\/v2\/tribe_events_cat?post=2502"}],"curies":[{"name":"wp","href":"https:\/\/api.w.org\/{rel}","templated":true}]}}